{"id":1776,"date":"2023-12-12T15:25:29","date_gmt":"2023-12-12T14:25:29","guid":{"rendered":"https:\/\/jetline.presb.pl\/ustawa-krajobrazowa\/ustawa-krajobrazowa-a-jej-zgodnosc-z-konstytucja\/"},"modified":"2024-09-16T16:11:58","modified_gmt":"2024-09-16T14:11:58","slug":"ustawa-krajobrazowa-a-jej-zgodnosc-z-konstytucja","status":"publish","type":"ustawa","link":"https:\/\/jetline.pl\/en\/ustawa-krajobrazowa\/ustawa-krajobrazowa-a-jej-zgodnosc-z-konstytucja\/","title":{"rendered":"Ustawa krajobrazowa a jej zgodno\u015b\u0107 z Konstytucj\u0105"},"content":{"rendered":"<p>Ju\u017c jest! Czekali\u015bmy na to bardzo d\u0142ugo.<\/p>\n<p>Dzi\u015b o godz. 10:30 Trybuna\u0142 Konstytucyjny wyda\u0142 <a href=\"https:\/\/trybunal.gov.pl\/postepowanie-i-orzeczenia\/wokanda\/art\/12503-brak-zapewnienia-ustawowych-podstaw-i-trybu-dochodzenia-odszkodowania-przez-podmioty-ktore-sa-zobowiazane-do-usuniecia-i-rozbiorki-tablic-i-urzadzen-reklamowych-wzniesionych-legalnie-na-terenie-gminy\">orzeczenie<\/a> w sprawie pytania prawnego Naczelnego S\u0105du Administracyjnego. Dotyczy\u0142o ono braku zapewnienia ustawowych podstaw i trybu dochodzenia odszkodowania przez podmioty, kt\u00f3re s\u0105 zobowi\u0105zane do usuni\u0119cia i rozbi\u00f3rki tablic i urz\u0105dze\u0144 reklamowych wzniesionych legalnie na terenie gminy.<\/p>\n<p>&nbsp;<\/p>\n<h3>Wyrok nie m\u00f3g\u0142 by\u0107 inny.<\/h3>\n<p>Trybuna\u0142 uzna\u0142, \u017ce mamy do czynienia z pomini\u0119ciem prawodawczym. Chodzi o nie uwzgl\u0119dnienie w Ustawie Krajobrazowej mechanizmu kompensacyjnego w postaci odszkodowania.<\/p>\n<p>\u201eSkutkiem takiego dzia\u0142ania by\u0142o godzenie w prawa maj\u0105tkowe w\u0142a\u015bcicieli tablic i no\u015bnik\u00f3w powsta\u0142ych przed wej\u015bciem w \u017cycie tej uchwa\u0142y na podstawie wa\u017cnych pozwole\u0144 na budow\u0119. W\u0142a\u015bciciele nieruchomo\u015bci, kt\u00f3rzy wyst\u0119powali o pozwolenie na budow\u0119 tablic i urz\u0105dze\u0144 reklamowych dzia\u0142ali legalnie z przekonaniem \u017ce prawomocna decyzje administracyjne w tym zakresie zabezpiecza prawnie ich interes i pozwala na prowadzenie bez przeszk\u00f3d dzia\u0142alno\u015bci reklamowe. Odebranie im mo\u017cliwo\u015bci prowadzenia tej dzia\u0142alno\u015bci bez zapewnienia s\u0142usznego odszkodowania sprawia ze przepisy nie r\u00f3\u017cnicuj\u0105 w og\u00f3le grup podmiot\u00f3w, kt\u00f3re swoj\u0105 dzia\u0142alno\u015b\u0107 prowadzi\u0142y legalnie na podstawie prawomocnych pozwole\u0144 oraz takich, kt\u00f3rych no\u015bniki wnios\u0142y bez tych pozwole\u0144. Prowadzi to do naruszenia interesu w\u0142a\u015bcicieli tablic i no\u015bnik\u00f3w reklamowych obj\u0119tych uchwa\u0142\u0105 krajobrazow\u0105 ze wzgl\u0119du na legislacyjna dzia\u0142alno\u015b\u0107 pa\u0144stwa w stosunku do podmiot\u00f3w, kt\u00f3re dochowa\u0142y wszelkich stara\u0144 o legalno\u015b\u0107 swoich dzia\u0142a\u0144 i kt\u00f3rym pa\u0144stwo w majestacie prawa zezwoli\u0142o na tak\u0105 dzia\u0142alno\u015b\u0107.\u201d<\/p>\n<p>Ustawa krajobrazowa od jej uchwalenia w 2015r. budzi\u0142a wiele w\u0105tpliwo\u015bci w kwestii jej zgodno\u015bci z konstytucj\u0105. Powsta\u0142a w du\u017cym po\u015bpiechu jako zapotrzebowanie wyborcze. Niestety polityka ci\u0105gnie si\u0119 za ni\u0105 ca\u0142y czas, mimo \u017ce temat wydaje si\u0119 apolityczny. Przykro nam, \u017ce na tak oczywisty wyrok trzeba by\u0142o czeka\u0107 tak d\u0142ugo. Wiele samorz\u0105d\u00f3w wstrzyma\u0142o si\u0119 z pracami nad projektem uchwa\u0142y krajobrazowej, zdaj\u0105c sobie spraw\u0119 z konsekwencji mo\u017cliwego rozstrzygni\u0119cia TK.<\/p>\n<p>Trybuna\u0142 w wyroku wskaza\u0142, i\u017c \u201eprzyj\u0119cie linii orzeczniczej w oparciu o orzeczenie Trybuna\u0142u Konstytucyjnego spowoduje konieczno\u015b\u0107 zapewnienia odpowiednich mechanizm\u00f3w kompensacyjnych. W przeciwnym wypadku gminy b\u0119d\u0105 musia\u0142y zaniecha\u0107 wprowadzania niekorzystnych skutk\u00f3w uchwa\u0142y krajobrazowej w stosunku do tych podmiot\u00f3w\u201d.<\/p>\n<p>Na szacunek zas\u0142uguj\u0105 gminy, kt\u00f3re nie zgodzi\u0142y si\u0119 na tak\u0105 niesprawiedliwo\u015b\u0107. W uchwa\u0142ach krajobrazowych stara\u0142y si\u0119 respektowa\u0107 prawa nabyte, co by\u0142o zadaniem oczywi\u015bcie prawie niemo\u017cliwym w obecnych warunkach prawnych.<\/p>\n<p>&nbsp;<\/p>\n<h3>A co teraz?<\/h3>\n<p>Teraz gminy kt\u00f3re uchwali\u0142y uchwa\u0142y krajobrazowe ponios\u0105 konsekwencj\u0119 swoich dzia\u0142a\u0144.<\/p>\n<p>W efekcie czeka ich bardzo du\u017co pracy. Nie dlatego, \u017ce b\u0119d\u0105 musia\u0142y p\u0142aci\u0107 za nie respektowanie praw nabytych, ale dlatego, \u017ce cz\u0119\u015b\u0107 s\u0105d\u00f3w zawiesza\u0142o wszelkie rozstrzygni\u0119cia dotycz\u0105ce uchwa\u0142 krajobrazowych. Nie tylko w wymiarze praw nabytych, ale r\u00f3wnie\u017c w przypadkach przekrocze\u0144 upowa\u017cnie\u0144 ustawowych.<\/p>\n<p>Wyrok jest ostateczny i podlega niezw\u0142ocznemu og\u0142oszeniu w dzienniku ustaw.<\/p>\n<p>&nbsp;<\/p>\n<p>Wi\u0119cej o <a href=\"https:\/\/jetline.pl\/ustawa-krajobrazowa\/uchwaly-krajobrazowe-w-najwiekszych-miastach-w-polsce-przeglad-sytuacji-marzec-2023-r\">uchwa\u0142ach krajobrazowych<\/a>:<\/p>\n<p>&nbsp;<\/p>\n<blockquote class=\"wp-embedded-content\" data-secret=\"GrQIplAN2Y\"><p><a href=\"https:\/\/jetline.pl\/ustawa-krajobrazowa\/uchwaly-krajobrazowe-w-najwiekszych-miastach-w-polsce-przeglad-sytuacji-marzec-2023-r\/\">Uchwa\u0142y krajobrazowe w najwi\u0119kszych miastach w Polsce. Przegl\u0105d sytuacji, marzec 2023 r.<\/a><\/p><\/blockquote>\n<p><iframe loading=\"lazy\" class=\"wp-embedded-content\" sandbox=\"allow-scripts\" security=\"restricted\" style=\"position: absolute; visibility: hidden;\" title=\"&#8222;Uchwa\u0142y krajobrazowe w najwi\u0119kszych miastach w Polsce. Przegl\u0105d sytuacji, marzec 2023 r.&#8221; &#8212; Jetline\" src=\"https:\/\/jetline.pl\/ustawa-krajobrazowa\/uchwaly-krajobrazowe-w-najwiekszych-miastach-w-polsce-przeglad-sytuacji-marzec-2023-r\/embed\/#?secret=ab47FbgmW1#?secret=GrQIplAN2Y\" data-secret=\"GrQIplAN2Y\" width=\"500\" height=\"282\" frameborder=\"0\" marginwidth=\"0\" marginheight=\"0\" scrolling=\"no\"><\/iframe><\/p>\n","protected":false},"author":29,"featured_media":1667,"template":"","ustawa_cat":[565],"class_list":["post-1776","ustawa","type-ustawa","status-publish","has-post-thumbnail","hentry","ustawa_cat-trybunal-konstytucyjny"],"acf":[],"yoast_head":"<!-- This site is optimized with the Yoast SEO plugin v27.5 - https:\/\/yoast.com\/product\/yoast-seo-wordpress\/ -->\n<title>Ustawa krajobrazowa a jej zgodno\u015b\u0107 z Konstytucj\u0105<\/title>\n<meta name=\"description\" content=\"Ustawa krajobrazowa od pocz\u0105tku budzi\u0142a wiele w\u0105tpliwo\u015bci w kwestii jej zgodno\u015bci z konstytucj\u0105. Powsta\u0142a w du\u017cym po\u015bpiechu jako...\" \/>\n<meta name=\"robots\" content=\"index, follow, max-snippet:-1, max-image-preview:large, max-video-preview:-1\" \/>\n<link rel=\"canonical\" href=\"https:\/\/jetline.pl\/en\/ustawa-krajobrazowa\/ustawa-krajobrazowa-a-jej-zgodnosc-z-konstytucja\/\" \/>\n<meta property=\"og:locale\" content=\"en_US\" \/>\n<meta property=\"og:type\" content=\"article\" \/>\n<meta property=\"og:title\" content=\"Ustawa krajobrazowa a jej zgodno\u015b\u0107 z Konstytucj\u0105\" \/>\n<meta property=\"og:description\" content=\"Ustawa krajobrazowa od pocz\u0105tku budzi\u0142a wiele w\u0105tpliwo\u015bci w kwestii jej zgodno\u015bci z konstytucj\u0105. Powsta\u0142a w du\u017cym po\u015bpiechu jako...\" \/>\n<meta property=\"og:url\" content=\"https:\/\/jetline.pl\/en\/ustawa-krajobrazowa\/ustawa-krajobrazowa-a-jej-zgodnosc-z-konstytucja\/\" \/>\n<meta property=\"og:site_name\" content=\"Jet Line\" \/>\n<meta property=\"article:modified_time\" content=\"2024-09-16T14:11:58+00:00\" \/>\n<meta property=\"og:image\" content=\"https:\/\/jetline.pl\/wp-content\/uploads\/2024\/09\/403616309_881498396945125_5785780533341479018_n.jpg\" \/>\n\t<meta property=\"og:image:width\" content=\"1170\" \/>\n\t<meta property=\"og:image:height\" content=\"678\" \/>\n\t<meta property=\"og:image:type\" content=\"image\/jpeg\" \/>\n<meta name=\"twitter:card\" content=\"summary_large_image\" \/>\n<meta name=\"twitter:label1\" content=\"Est. reading time\" \/>\n\t<meta name=\"twitter:data1\" content=\"3 minutes\" \/>\n<script type=\"application\/ld+json\" class=\"yoast-schema-graph\">{\"@context\":\"https:\\\/\\\/schema.org\",\"@graph\":[{\"@type\":\"WebPage\",\"@id\":\"https:\\\/\\\/jetline.pl\\\/en\\\/ustawa-krajobrazowa\\\/ustawa-krajobrazowa-a-jej-zgodnosc-z-konstytucja\\\/\",\"url\":\"https:\\\/\\\/jetline.pl\\\/en\\\/ustawa-krajobrazowa\\\/ustawa-krajobrazowa-a-jej-zgodnosc-z-konstytucja\\\/\",\"name\":\"Ustawa krajobrazowa a jej zgodno\u015b\u0107 z Konstytucj\u0105\",\"isPartOf\":{\"@id\":\"https:\\\/\\\/jetline.pl\\\/en\\\/#website\"},\"primaryImageOfPage\":{\"@id\":\"https:\\\/\\\/jetline.pl\\\/en\\\/ustawa-krajobrazowa\\\/ustawa-krajobrazowa-a-jej-zgodnosc-z-konstytucja\\\/#primaryimage\"},\"image\":{\"@id\":\"https:\\\/\\\/jetline.pl\\\/en\\\/ustawa-krajobrazowa\\\/ustawa-krajobrazowa-a-jej-zgodnosc-z-konstytucja\\\/#primaryimage\"},\"thumbnailUrl\":\"https:\\\/\\\/jetline.pl\\\/wp-content\\\/uploads\\\/2024\\\/09\\\/403616309_881498396945125_5785780533341479018_n.jpg\",\"datePublished\":\"2023-12-12T14:25:29+00:00\",\"dateModified\":\"2024-09-16T14:11:58+00:00\",\"description\":\"Ustawa krajobrazowa od pocz\u0105tku budzi\u0142a wiele w\u0105tpliwo\u015bci w kwestii jej zgodno\u015bci z konstytucj\u0105. Powsta\u0142a w du\u017cym po\u015bpiechu jako...\",\"breadcrumb\":{\"@id\":\"https:\\\/\\\/jetline.pl\\\/en\\\/ustawa-krajobrazowa\\\/ustawa-krajobrazowa-a-jej-zgodnosc-z-konstytucja\\\/#breadcrumb\"},\"inLanguage\":\"en-US\",\"potentialAction\":[{\"@type\":\"ReadAction\",\"target\":[\"https:\\\/\\\/jetline.pl\\\/en\\\/ustawa-krajobrazowa\\\/ustawa-krajobrazowa-a-jej-zgodnosc-z-konstytucja\\\/\"]}]},{\"@type\":\"ImageObject\",\"inLanguage\":\"en-US\",\"@id\":\"https:\\\/\\\/jetline.pl\\\/en\\\/ustawa-krajobrazowa\\\/ustawa-krajobrazowa-a-jej-zgodnosc-z-konstytucja\\\/#primaryimage\",\"url\":\"https:\\\/\\\/jetline.pl\\\/wp-content\\\/uploads\\\/2024\\\/09\\\/403616309_881498396945125_5785780533341479018_n.jpg\",\"contentUrl\":\"https:\\\/\\\/jetline.pl\\\/wp-content\\\/uploads\\\/2024\\\/09\\\/403616309_881498396945125_5785780533341479018_n.jpg\",\"width\":1170,\"height\":678},{\"@type\":\"BreadcrumbList\",\"@id\":\"https:\\\/\\\/jetline.pl\\\/en\\\/ustawa-krajobrazowa\\\/ustawa-krajobrazowa-a-jej-zgodnosc-z-konstytucja\\\/#breadcrumb\",\"itemListElement\":[{\"@type\":\"ListItem\",\"position\":1,\"name\":\"Strona g\u0142\u00f3wna\",\"item\":\"https:\\\/\\\/jetline.pl\\\/en\\\/\"},{\"@type\":\"ListItem\",\"position\":2,\"name\":\"Ustawa krajobrazowa\",\"item\":\"https:\\\/\\\/jetline.pl\\\/en\\\/ustawa-krajobrazowa\\\/\"},{\"@type\":\"ListItem\",\"position\":3,\"name\":\"Ustawa krajobrazowa a jej zgodno\u015b\u0107 z Konstytucj\u0105\"}]},{\"@type\":\"WebSite\",\"@id\":\"https:\\\/\\\/jetline.pl\\\/en\\\/#website\",\"url\":\"https:\\\/\\\/jetline.pl\\\/en\\\/\",\"name\":\"Jet Line\",\"description\":\"Tworzymy przestrze\u0144 do komunikacji\",\"publisher\":{\"@id\":\"https:\\\/\\\/jetline.pl\\\/en\\\/#organization\"},\"potentialAction\":[{\"@type\":\"SearchAction\",\"target\":{\"@type\":\"EntryPoint\",\"urlTemplate\":\"https:\\\/\\\/jetline.pl\\\/en\\\/?s={search_term_string}\"},\"query-input\":{\"@type\":\"PropertyValueSpecification\",\"valueRequired\":true,\"valueName\":\"search_term_string\"}}],\"inLanguage\":\"en-US\"},{\"@type\":\"Organization\",\"@id\":\"https:\\\/\\\/jetline.pl\\\/en\\\/#organization\",\"name\":\"Jet Line\",\"url\":\"https:\\\/\\\/jetline.pl\\\/en\\\/\",\"logo\":{\"@type\":\"ImageObject\",\"inLanguage\":\"en-US\",\"@id\":\"https:\\\/\\\/jetline.pl\\\/en\\\/#\\\/schema\\\/logo\\\/image\\\/\",\"url\":\"https:\\\/\\\/jetline.pl\\\/wp-content\\\/uploads\\\/2024\\\/09\\\/logo_poziom_logo_poziom_czerwone-1.png\",\"contentUrl\":\"https:\\\/\\\/jetline.pl\\\/wp-content\\\/uploads\\\/2024\\\/09\\\/logo_poziom_logo_poziom_czerwone-1.png\",\"width\":4946,\"height\":2016,\"caption\":\"Jet Line\"},\"image\":{\"@id\":\"https:\\\/\\\/jetline.pl\\\/en\\\/#\\\/schema\\\/logo\\\/image\\\/\"}}]}<\/script>\n<!-- \/ Yoast SEO plugin. -->","yoast_head_json":{"title":"Ustawa krajobrazowa a jej zgodno\u015b\u0107 z Konstytucj\u0105","description":"Ustawa krajobrazowa od pocz\u0105tku budzi\u0142a wiele w\u0105tpliwo\u015bci w kwestii jej zgodno\u015bci z konstytucj\u0105. Powsta\u0142a w du\u017cym po\u015bpiechu jako...","robots":{"index":"index","follow":"follow","max-snippet":"max-snippet:-1","max-image-preview":"max-image-preview:large","max-video-preview":"max-video-preview:-1"},"canonical":"https:\/\/jetline.pl\/en\/ustawa-krajobrazowa\/ustawa-krajobrazowa-a-jej-zgodnosc-z-konstytucja\/","og_locale":"en_US","og_type":"article","og_title":"Ustawa krajobrazowa a jej zgodno\u015b\u0107 z Konstytucj\u0105","og_description":"Ustawa krajobrazowa od pocz\u0105tku budzi\u0142a wiele w\u0105tpliwo\u015bci w kwestii jej zgodno\u015bci z konstytucj\u0105. Powsta\u0142a w du\u017cym po\u015bpiechu jako...","og_url":"https:\/\/jetline.pl\/en\/ustawa-krajobrazowa\/ustawa-krajobrazowa-a-jej-zgodnosc-z-konstytucja\/","og_site_name":"Jet Line","article_modified_time":"2024-09-16T14:11:58+00:00","og_image":[{"width":1170,"height":678,"url":"https:\/\/jetline.pl\/wp-content\/uploads\/2024\/09\/403616309_881498396945125_5785780533341479018_n.jpg","type":"image\/jpeg"}],"twitter_card":"summary_large_image","twitter_misc":{"Est. reading time":"3 minutes"},"schema":{"@context":"https:\/\/schema.org","@graph":[{"@type":"WebPage","@id":"https:\/\/jetline.pl\/en\/ustawa-krajobrazowa\/ustawa-krajobrazowa-a-jej-zgodnosc-z-konstytucja\/","url":"https:\/\/jetline.pl\/en\/ustawa-krajobrazowa\/ustawa-krajobrazowa-a-jej-zgodnosc-z-konstytucja\/","name":"Ustawa krajobrazowa a jej zgodno\u015b\u0107 z Konstytucj\u0105","isPartOf":{"@id":"https:\/\/jetline.pl\/en\/#website"},"primaryImageOfPage":{"@id":"https:\/\/jetline.pl\/en\/ustawa-krajobrazowa\/ustawa-krajobrazowa-a-jej-zgodnosc-z-konstytucja\/#primaryimage"},"image":{"@id":"https:\/\/jetline.pl\/en\/ustawa-krajobrazowa\/ustawa-krajobrazowa-a-jej-zgodnosc-z-konstytucja\/#primaryimage"},"thumbnailUrl":"https:\/\/jetline.pl\/wp-content\/uploads\/2024\/09\/403616309_881498396945125_5785780533341479018_n.jpg","datePublished":"2023-12-12T14:25:29+00:00","dateModified":"2024-09-16T14:11:58+00:00","description":"Ustawa krajobrazowa od pocz\u0105tku budzi\u0142a wiele w\u0105tpliwo\u015bci w kwestii jej zgodno\u015bci z konstytucj\u0105. Powsta\u0142a w du\u017cym po\u015bpiechu jako...","breadcrumb":{"@id":"https:\/\/jetline.pl\/en\/ustawa-krajobrazowa\/ustawa-krajobrazowa-a-jej-zgodnosc-z-konstytucja\/#breadcrumb"},"inLanguage":"en-US","potentialAction":[{"@type":"ReadAction","target":["https:\/\/jetline.pl\/en\/ustawa-krajobrazowa\/ustawa-krajobrazowa-a-jej-zgodnosc-z-konstytucja\/"]}]},{"@type":"ImageObject","inLanguage":"en-US","@id":"https:\/\/jetline.pl\/en\/ustawa-krajobrazowa\/ustawa-krajobrazowa-a-jej-zgodnosc-z-konstytucja\/#primaryimage","url":"https:\/\/jetline.pl\/wp-content\/uploads\/2024\/09\/403616309_881498396945125_5785780533341479018_n.jpg","contentUrl":"https:\/\/jetline.pl\/wp-content\/uploads\/2024\/09\/403616309_881498396945125_5785780533341479018_n.jpg","width":1170,"height":678},{"@type":"BreadcrumbList","@id":"https:\/\/jetline.pl\/en\/ustawa-krajobrazowa\/ustawa-krajobrazowa-a-jej-zgodnosc-z-konstytucja\/#breadcrumb","itemListElement":[{"@type":"ListItem","position":1,"name":"Strona g\u0142\u00f3wna","item":"https:\/\/jetline.pl\/en\/"},{"@type":"ListItem","position":2,"name":"Ustawa krajobrazowa","item":"https:\/\/jetline.pl\/en\/ustawa-krajobrazowa\/"},{"@type":"ListItem","position":3,"name":"Ustawa krajobrazowa a jej zgodno\u015b\u0107 z Konstytucj\u0105"}]},{"@type":"WebSite","@id":"https:\/\/jetline.pl\/en\/#website","url":"https:\/\/jetline.pl\/en\/","name":"Jet Line","description":"Tworzymy przestrze\u0144 do komunikacji","publisher":{"@id":"https:\/\/jetline.pl\/en\/#organization"},"potentialAction":[{"@type":"SearchAction","target":{"@type":"EntryPoint","urlTemplate":"https:\/\/jetline.pl\/en\/?s={search_term_string}"},"query-input":{"@type":"PropertyValueSpecification","valueRequired":true,"valueName":"search_term_string"}}],"inLanguage":"en-US"},{"@type":"Organization","@id":"https:\/\/jetline.pl\/en\/#organization","name":"Jet Line","url":"https:\/\/jetline.pl\/en\/","logo":{"@type":"ImageObject","inLanguage":"en-US","@id":"https:\/\/jetline.pl\/en\/#\/schema\/logo\/image\/","url":"https:\/\/jetline.pl\/wp-content\/uploads\/2024\/09\/logo_poziom_logo_poziom_czerwone-1.png","contentUrl":"https:\/\/jetline.pl\/wp-content\/uploads\/2024\/09\/logo_poziom_logo_poziom_czerwone-1.png","width":4946,"height":2016,"caption":"Jet Line"},"image":{"@id":"https:\/\/jetline.pl\/en\/#\/schema\/logo\/image\/"}}]}},"_links":{"self":[{"href":"https:\/\/jetline.pl\/en\/wp-json\/wp\/v2\/ustawa\/1776","targetHints":{"allow":["GET"]}}],"collection":[{"href":"https:\/\/jetline.pl\/en\/wp-json\/wp\/v2\/ustawa"}],"about":[{"href":"https:\/\/jetline.pl\/en\/wp-json\/wp\/v2\/types\/ustawa"}],"author":[{"embeddable":true,"href":"https:\/\/jetline.pl\/en\/wp-json\/wp\/v2\/users\/29"}],"wp:featuredmedia":[{"embeddable":true,"href":"https:\/\/jetline.pl\/en\/wp-json\/wp\/v2\/media\/1667"}],"wp:attachment":[{"href":"https:\/\/jetline.pl\/en\/wp-json\/wp\/v2\/media?parent=1776"}],"wp:term":[{"taxonomy":"ustawa_cat","embeddable":true,"href":"https:\/\/jetline.pl\/en\/wp-json\/wp\/v2\/ustawa_cat?post=1776"}],"curies":[{"name":"wp","href":"https:\/\/api.w.org\/{rel}","templated":true}]}}