{"id":1777,"date":"2023-12-19T13:00:54","date_gmt":"2023-12-19T12:00:54","guid":{"rendered":"https:\/\/jetline.presb.pl\/ustawa-krajobrazowa\/po-wyroku-trybunalu-czyli-co-dalej-z-uchwalami-krajobrazowymi\/"},"modified":"2024-09-16T16:09:12","modified_gmt":"2024-09-16T14:09:12","slug":"po-wyroku-trybunalu-czyli-co-dalej-z-uchwalami-krajobrazowymi","status":"publish","type":"ustawa","link":"https:\/\/jetline.pl\/en\/ustawa-krajobrazowa\/po-wyroku-trybunalu-czyli-co-dalej-z-uchwalami-krajobrazowymi\/","title":{"rendered":"Po wyroku Trybuna\u0142u, czyli co dalej z uchwa\u0142ami krajobrazowymi?"},"content":{"rendered":"<p>Od chwili, kiedy pojawi\u0142a si\u0119 informacja o <a href=\"https:\/\/trybunal.gov.pl\/postepowanie-i-orzeczenia\/wokanda\/art\/12503-brak-zapewnienia-ustawowych-podstaw-i-trybu-dochodzenia-odszkodowania-przez-podmioty-ktore-sa-zobowiazane-do-usuniecia-i-rozbiorki-tablic-i-urzadzen-reklamowych-wzniesionych-legalnie-na-terenie-gminy\">wyroku Trybuna\u0142u Konstytucyjnego<\/a> pojawi\u0142o si\u0119 wiele komentarzy. Niekt\u00f3re bardzo mnie dziwi\u0105 zw\u0142aszcza, \u017ce s\u0105 wypowiadane przez osoby publiczne, kt\u00f3re temat znaj\u0105. Do dw\u00f3ch wypowiedzi chcia\u0142bym si\u0119 odnie\u015b\u0107.<\/p>\n<h4>\u201e\u2026Ja bym si\u0119 do niego nie dostosowa\u0142\u2026\u201d<\/h4>\n<p>Jest to stwierdzenie prezydenta Ciechanowa, a dotyczy wyroku Trybuna\u0142u Konstytucyjnego. Wyroku wydanego przez organ w\u0142adzy s\u0105downiczej RP. Jestem zdania, \u017ce w naszym kraju powinno obowi\u0105zywa\u0107 prawo, a nie bezprawie. Wyrok s\u0105du musi by\u0107 szanowany, bo to jest podstawa porz\u0105dku w pa\u0144stwie, niezale\u017cnie od tego, czy nam si\u0119 on podoba czy nie. Nie jest tajemnic\u0105, \u017ce w trybunale s\u0105 s\u0119dziowie co do powo\u0142ania kt\u00f3rych s\u0105 zg\u0142aszane zastrze\u017cenia, jednak o poprawno\u015bci wyroku nie decyduje urz\u0119dnik w gminie. Akurat w przypadku orzeczenia dotycz\u0105cego ustawy krajobrazowej sk\u0142ad s\u0119dziowski nie budzi \u017cadnych zastrze\u017ce\u0144.<\/p>\n<h4>\u201eTrybuna\u0142 Konstytucyjny wybi\u0142 w\u0142a\u015bnie z\u0119by uchwa\u0142om krajobrazowym w wielu miastach\u201d<\/h4>\n<p>Trybuna\u0142 nic nikomu nie wybi\u0142.<br \/>\nTzw. ustawa krajobrazowa od pocz\u0105tku, czyli od 2015 roku, budzi\u0142a zastrze\u017cenia co do zgodno\u015bci z Konstytucj\u0105. Bardzo dobrze, \u017ce wreszcie zapad\u0142 wyrok w tej sprawie, bardzo dobrze, \u017ce wyrok zapad\u0142 jednog\u0142o\u015bnie. Jednak \u017ale si\u0119 sta\u0142o, \u017ce na to orzeczenie musieli\u015bmy czeka\u0107 8 lat. Z\u0142e jest r\u00f3wnie\u017c to, \u017ce gminy uchwala\u0142y uchwa\u0142y krajobrazowe wiedz\u0105c, \u017ce ich podstawa prawna budzi du\u017ce w\u0105tpliwo\u015bci.<\/p>\n<p>Przez 8 lat powsta\u0142o kilkadziesi\u0105t uchwa\u0142 napisanych na podstawie ustawy niezgodnej z ustaw\u0105 zasadnicz\u0105. Uchwa\u0142y nios\u0105 za sob\u0105 bardzo du\u017ce obci\u0105\u017cenia finansowe dla firm prowadz\u0105cych dzia\u0142alno\u015b\u0107 w danej gminie. Teraz trzeba ten ba\u0142agan posprz\u0105ta\u0107.<\/p>\n<p>Zanim jednak do tego dojdzie, trzeba poczeka\u0107 na opublikowanie wyroku z uzasadnieniem. To dopiero b\u0119dzie\u00a0 podstawa do wszcz\u0119cie dalszych dzia\u0142a\u0144 i analiz, mi\u0119dzy innymi zwi\u0105zanymi z problemem kar i odszkodowa\u0144.<\/p>\n<h4>S\u0142owo o finansach<\/h4>\n<p>Roszczenia finansowe, z jakimi b\u0119d\u0105 musieli zmierzy\u0107 si\u0119 gminy tam, gdzie uchwa\u0142y obowi\u0105zuj\u0105 podzieli\u0142bym na kilka zagadnie\u0144.<\/p>\n<ul>\n<li>Odszkodowania dla tych podmiot\u00f3w, kt\u00f3re zastosowa\u0142y si\u0119 do uchwa\u0142 reklamowych i zdemontowa\u0142y swoje no\u015bniki.<\/li>\n<li>Zwrot kar na\u0142o\u017conych przez gminy za reklamy legalne ustawione zgodnie z prawem, kt\u00f3re nie spe\u0142ni\u0142y zapis\u00f3w powsta\u0142ej uchwa\u0142 krajobrazowej.<\/li>\n<li>Kwestia utraconych korzy\u015bci w przypadku zdemontowanych a legalnych reklam.<\/li>\n<\/ul>\n<p>I jeszcze trzy kwestie, kt\u00f3re uwa\u017cam za wa\u017cne, cho\u0107 nie s\u0105 zwi\u0105zane bezpo\u015brednio z wyrokiem Trybuna\u0142u Konstytucyjnego. \u015aci\u015ble natomiast wi\u0105\u017c\u0105 si\u0119 z ide\u0105 porz\u0105dkowania przestrzeni, o czym przecie\u017c g\u0142\u00f3wnie nale\u017cy my\u015ble\u0107.<\/p>\n<p>Problem dotyczy tylko i wy\u0142\u0105cznie reklam legalnych, kt\u00f3re by\u0142y ustawione zgodnie z prawem. Tymczasem wg. naszych szacunk\u00f3w jest to zaledwie ok. 20% wszystkich no\u015bnik\u00f3w obecnych w przestrzeni. Odnosz\u0119 wra\u017cenie, \u017ce stale zapominamy o temacie usuwania reklam niezgodnych z prawem, cho\u0107 istniej\u0105 do tego narz\u0119dzia i bez uchwa\u0142 krajobrazowych.<\/p>\n<p>Odszkodowania dotycz\u0105 nie tylko firm reklamowych.<br \/>\nDotycz\u0105 ka\u017cdego przedsi\u0119biorcy, kt\u00f3ry prowadzi dzia\u0142alno\u015b\u0107 na terenie gminy i chce prowadzi\u0107 sprawn\u0105 komunikacj\u0119. M\u00f3wimy zatem nie tylko o tradycyjnych tablicach reklamowych, ale te\u017c o szyldzie zak\u0142adu fryzjerskiego, totemie stacji benzynowej czy pylonie sklepu.<\/p>\n<p>W s\u0105dach administracyjnych znajduje si\u0119 bardzo du\u017co spraw dotycz\u0105cych uchwa\u0142 krajobrazowych, niekoniecznie zwi\u0105zanych z prawami nabytymi. S\u0105dy zawiesi\u0142y wiele spraw do czasu wydania orzeczenia przez Trybuna\u0142 Konstytucyjny. Teraz wr\u00f3c\u0105 na wokand\u0119 i jaki b\u0119dzie ich skutek poka\u017c\u0105 nast\u0119pne wyroki. Nie wykluczam\u00a0 sytuacji, w kt\u00f3rej s\u0105dy b\u0119d\u0105 stwierdza\u0142y niewa\u017cno\u015b\u0107 istniej\u0105cych uchwa\u0142 krajobrazowych.<\/p>\n<h4>A zatem, co dalej z nowymi uchwa\u0142ami krajobrazowymi?<\/h4>\n<p>Trybuna\u0142 doszed\u0142 do wniosku, \u017ce mamy do czynienia z pomini\u0119ciem prawodawczym.<br \/>\nOd strony merytorycznej nie widz\u0119 zatem mo\u017cliwo\u015bci napisania nowej uchwa\u0142y krajobrazowej, a\u017c do momentu poprawienia ustawy krajobrazowej.<\/p>\n<p>Napisanie uchwa\u0142y nie jest r\u00f3wnie\u017c mo\u017cliwe od strony technicznej ze wzgl\u0119du na istniej\u0105cy obowi\u0105zek dostosowawczy, tzn. z uchwa\u0142y nie mo\u017cna wy\u0142\u0105czy\u0107 cz\u0119\u015bci np. tablic reklamowych, kt\u00f3re nie b\u0119d\u0105 podlega\u0142y obowi\u0105zkowi dostosowania.<\/p>\n<p>&nbsp;<\/p>\n<p>Nasz komentarz prawny tu\u017c po og\u0142oszeniu wyroku przeczytacie <a href=\"https:\/\/jetline.pl\/ustawa-krajobrazowa\/ustawa-krajobrazowa-a-jej-zgodnosc-z-konstytucja\" target=\"_blank\" rel=\"noopener\">tutaj<\/a>.<\/p>\n<p>&nbsp;<\/p>\n<p><span style=\"color: #999999;\">W tek\u015bcie - na u\u017cytek dziennikarski - wykorzystano zdj\u0119cie: Igor Piwowarczyk \/ Shutterstock\u00a0<\/span><\/p>\n","protected":false},"author":16,"featured_media":1669,"template":"","ustawa_cat":[565],"class_list":["post-1777","ustawa","type-ustawa","status-publish","has-post-thumbnail","hentry","ustawa_cat-trybunal-konstytucyjny"],"acf":[],"yoast_head":"<!-- This site is optimized with the Yoast SEO plugin v27.5 - https:\/\/yoast.com\/product\/yoast-seo-wordpress\/ -->\n<title>Wyrok Trybuna\u0142u Konstytucyjnego a uchwa\u0142y krajobrazowe<\/title>\n<meta name=\"description\" content=\"Ustawa krajobrazowa od pocz\u0105tku budzi\u0142a zastrze\u017cenia co do zgodno\u015bci z Konstytucj\u0105. Bardzo dobrze, \u017ce zapad\u0142 wyrok Trybuna\u0142u Konstytucyjnego\" \/>\n<meta name=\"robots\" content=\"index, follow, max-snippet:-1, max-image-preview:large, max-video-preview:-1\" \/>\n<link rel=\"canonical\" href=\"https:\/\/jetline.pl\/en\/ustawa-krajobrazowa\/po-wyroku-trybunalu-czyli-co-dalej-z-uchwalami-krajobrazowymi\/\" \/>\n<meta property=\"og:locale\" content=\"en_US\" \/>\n<meta property=\"og:type\" content=\"article\" \/>\n<meta property=\"og:title\" content=\"Wyrok Trybuna\u0142u Konstytucyjnego a uchwa\u0142y krajobrazowe\" \/>\n<meta property=\"og:description\" content=\"Ustawa krajobrazowa od pocz\u0105tku budzi\u0142a zastrze\u017cenia co do zgodno\u015bci z Konstytucj\u0105. Bardzo dobrze, \u017ce zapad\u0142 wyrok Trybuna\u0142u Konstytucyjnego\" \/>\n<meta property=\"og:url\" content=\"https:\/\/jetline.pl\/en\/ustawa-krajobrazowa\/po-wyroku-trybunalu-czyli-co-dalej-z-uchwalami-krajobrazowymi\/\" \/>\n<meta property=\"og:site_name\" content=\"Jet Line\" \/>\n<meta property=\"article:modified_time\" content=\"2024-09-16T14:09:12+00:00\" \/>\n<meta property=\"og:image\" content=\"https:\/\/jetline.pl\/wp-content\/uploads\/2024\/09\/Igor-Piwowarczyk-Shutterstock.jpg\" \/>\n\t<meta property=\"og:image:width\" content=\"2000\" \/>\n\t<meta property=\"og:image:height\" content=\"1337\" \/>\n\t<meta property=\"og:image:type\" content=\"image\/jpeg\" \/>\n<meta name=\"twitter:card\" content=\"summary_large_image\" \/>\n<meta name=\"twitter:label1\" content=\"Est. reading time\" \/>\n\t<meta name=\"twitter:data1\" content=\"4 minutes\" \/>\n<script type=\"application\/ld+json\" class=\"yoast-schema-graph\">{\"@context\":\"https:\\\/\\\/schema.org\",\"@graph\":[{\"@type\":\"WebPage\",\"@id\":\"https:\\\/\\\/jetline.pl\\\/en\\\/ustawa-krajobrazowa\\\/po-wyroku-trybunalu-czyli-co-dalej-z-uchwalami-krajobrazowymi\\\/\",\"url\":\"https:\\\/\\\/jetline.pl\\\/en\\\/ustawa-krajobrazowa\\\/po-wyroku-trybunalu-czyli-co-dalej-z-uchwalami-krajobrazowymi\\\/\",\"name\":\"Wyrok Trybuna\u0142u Konstytucyjnego a uchwa\u0142y krajobrazowe\",\"isPartOf\":{\"@id\":\"https:\\\/\\\/jetline.pl\\\/en\\\/#website\"},\"primaryImageOfPage\":{\"@id\":\"https:\\\/\\\/jetline.pl\\\/en\\\/ustawa-krajobrazowa\\\/po-wyroku-trybunalu-czyli-co-dalej-z-uchwalami-krajobrazowymi\\\/#primaryimage\"},\"image\":{\"@id\":\"https:\\\/\\\/jetline.pl\\\/en\\\/ustawa-krajobrazowa\\\/po-wyroku-trybunalu-czyli-co-dalej-z-uchwalami-krajobrazowymi\\\/#primaryimage\"},\"thumbnailUrl\":\"https:\\\/\\\/jetline.pl\\\/wp-content\\\/uploads\\\/2024\\\/09\\\/Igor-Piwowarczyk-Shutterstock.jpg\",\"datePublished\":\"2023-12-19T12:00:54+00:00\",\"dateModified\":\"2024-09-16T14:09:12+00:00\",\"description\":\"Ustawa krajobrazowa od pocz\u0105tku budzi\u0142a zastrze\u017cenia co do zgodno\u015bci z Konstytucj\u0105. Bardzo dobrze, \u017ce zapad\u0142 wyrok Trybuna\u0142u Konstytucyjnego\",\"breadcrumb\":{\"@id\":\"https:\\\/\\\/jetline.pl\\\/en\\\/ustawa-krajobrazowa\\\/po-wyroku-trybunalu-czyli-co-dalej-z-uchwalami-krajobrazowymi\\\/#breadcrumb\"},\"inLanguage\":\"en-US\",\"potentialAction\":[{\"@type\":\"ReadAction\",\"target\":[\"https:\\\/\\\/jetline.pl\\\/en\\\/ustawa-krajobrazowa\\\/po-wyroku-trybunalu-czyli-co-dalej-z-uchwalami-krajobrazowymi\\\/\"]}]},{\"@type\":\"ImageObject\",\"inLanguage\":\"en-US\",\"@id\":\"https:\\\/\\\/jetline.pl\\\/en\\\/ustawa-krajobrazowa\\\/po-wyroku-trybunalu-czyli-co-dalej-z-uchwalami-krajobrazowymi\\\/#primaryimage\",\"url\":\"https:\\\/\\\/jetline.pl\\\/wp-content\\\/uploads\\\/2024\\\/09\\\/Igor-Piwowarczyk-Shutterstock.jpg\",\"contentUrl\":\"https:\\\/\\\/jetline.pl\\\/wp-content\\\/uploads\\\/2024\\\/09\\\/Igor-Piwowarczyk-Shutterstock.jpg\",\"width\":2000,\"height\":1337,\"caption\":\"Trybuna\u0142 Konstytucyjny\"},{\"@type\":\"BreadcrumbList\",\"@id\":\"https:\\\/\\\/jetline.pl\\\/en\\\/ustawa-krajobrazowa\\\/po-wyroku-trybunalu-czyli-co-dalej-z-uchwalami-krajobrazowymi\\\/#breadcrumb\",\"itemListElement\":[{\"@type\":\"ListItem\",\"position\":1,\"name\":\"Strona g\u0142\u00f3wna\",\"item\":\"https:\\\/\\\/jetline.pl\\\/en\\\/\"},{\"@type\":\"ListItem\",\"position\":2,\"name\":\"Ustawa krajobrazowa\",\"item\":\"https:\\\/\\\/jetline.pl\\\/en\\\/ustawa-krajobrazowa\\\/\"},{\"@type\":\"ListItem\",\"position\":3,\"name\":\"Po wyroku Trybuna\u0142u, czyli co dalej z uchwa\u0142ami krajobrazowymi?\"}]},{\"@type\":\"WebSite\",\"@id\":\"https:\\\/\\\/jetline.pl\\\/en\\\/#website\",\"url\":\"https:\\\/\\\/jetline.pl\\\/en\\\/\",\"name\":\"Jet Line\",\"description\":\"Tworzymy przestrze\u0144 do komunikacji\",\"publisher\":{\"@id\":\"https:\\\/\\\/jetline.pl\\\/en\\\/#organization\"},\"potentialAction\":[{\"@type\":\"SearchAction\",\"target\":{\"@type\":\"EntryPoint\",\"urlTemplate\":\"https:\\\/\\\/jetline.pl\\\/en\\\/?s={search_term_string}\"},\"query-input\":{\"@type\":\"PropertyValueSpecification\",\"valueRequired\":true,\"valueName\":\"search_term_string\"}}],\"inLanguage\":\"en-US\"},{\"@type\":\"Organization\",\"@id\":\"https:\\\/\\\/jetline.pl\\\/en\\\/#organization\",\"name\":\"Jet Line\",\"url\":\"https:\\\/\\\/jetline.pl\\\/en\\\/\",\"logo\":{\"@type\":\"ImageObject\",\"inLanguage\":\"en-US\",\"@id\":\"https:\\\/\\\/jetline.pl\\\/en\\\/#\\\/schema\\\/logo\\\/image\\\/\",\"url\":\"https:\\\/\\\/jetline.pl\\\/wp-content\\\/uploads\\\/2024\\\/09\\\/logo_poziom_logo_poziom_czerwone-1.png\",\"contentUrl\":\"https:\\\/\\\/jetline.pl\\\/wp-content\\\/uploads\\\/2024\\\/09\\\/logo_poziom_logo_poziom_czerwone-1.png\",\"width\":4946,\"height\":2016,\"caption\":\"Jet Line\"},\"image\":{\"@id\":\"https:\\\/\\\/jetline.pl\\\/en\\\/#\\\/schema\\\/logo\\\/image\\\/\"}}]}<\/script>\n<!-- \/ Yoast SEO plugin. -->","yoast_head_json":{"title":"Wyrok Trybuna\u0142u Konstytucyjnego a uchwa\u0142y krajobrazowe","description":"Ustawa krajobrazowa od pocz\u0105tku budzi\u0142a zastrze\u017cenia co do zgodno\u015bci z Konstytucj\u0105. Bardzo dobrze, \u017ce zapad\u0142 wyrok Trybuna\u0142u Konstytucyjnego","robots":{"index":"index","follow":"follow","max-snippet":"max-snippet:-1","max-image-preview":"max-image-preview:large","max-video-preview":"max-video-preview:-1"},"canonical":"https:\/\/jetline.pl\/en\/ustawa-krajobrazowa\/po-wyroku-trybunalu-czyli-co-dalej-z-uchwalami-krajobrazowymi\/","og_locale":"en_US","og_type":"article","og_title":"Wyrok Trybuna\u0142u Konstytucyjnego a uchwa\u0142y krajobrazowe","og_description":"Ustawa krajobrazowa od pocz\u0105tku budzi\u0142a zastrze\u017cenia co do zgodno\u015bci z Konstytucj\u0105. Bardzo dobrze, \u017ce zapad\u0142 wyrok Trybuna\u0142u Konstytucyjnego","og_url":"https:\/\/jetline.pl\/en\/ustawa-krajobrazowa\/po-wyroku-trybunalu-czyli-co-dalej-z-uchwalami-krajobrazowymi\/","og_site_name":"Jet Line","article_modified_time":"2024-09-16T14:09:12+00:00","og_image":[{"width":2000,"height":1337,"url":"https:\/\/jetline.pl\/wp-content\/uploads\/2024\/09\/Igor-Piwowarczyk-Shutterstock.jpg","type":"image\/jpeg"}],"twitter_card":"summary_large_image","twitter_misc":{"Est. reading time":"4 minutes"},"schema":{"@context":"https:\/\/schema.org","@graph":[{"@type":"WebPage","@id":"https:\/\/jetline.pl\/en\/ustawa-krajobrazowa\/po-wyroku-trybunalu-czyli-co-dalej-z-uchwalami-krajobrazowymi\/","url":"https:\/\/jetline.pl\/en\/ustawa-krajobrazowa\/po-wyroku-trybunalu-czyli-co-dalej-z-uchwalami-krajobrazowymi\/","name":"Wyrok Trybuna\u0142u Konstytucyjnego a uchwa\u0142y krajobrazowe","isPartOf":{"@id":"https:\/\/jetline.pl\/en\/#website"},"primaryImageOfPage":{"@id":"https:\/\/jetline.pl\/en\/ustawa-krajobrazowa\/po-wyroku-trybunalu-czyli-co-dalej-z-uchwalami-krajobrazowymi\/#primaryimage"},"image":{"@id":"https:\/\/jetline.pl\/en\/ustawa-krajobrazowa\/po-wyroku-trybunalu-czyli-co-dalej-z-uchwalami-krajobrazowymi\/#primaryimage"},"thumbnailUrl":"https:\/\/jetline.pl\/wp-content\/uploads\/2024\/09\/Igor-Piwowarczyk-Shutterstock.jpg","datePublished":"2023-12-19T12:00:54+00:00","dateModified":"2024-09-16T14:09:12+00:00","description":"Ustawa krajobrazowa od pocz\u0105tku budzi\u0142a zastrze\u017cenia co do zgodno\u015bci z Konstytucj\u0105. Bardzo dobrze, \u017ce zapad\u0142 wyrok Trybuna\u0142u Konstytucyjnego","breadcrumb":{"@id":"https:\/\/jetline.pl\/en\/ustawa-krajobrazowa\/po-wyroku-trybunalu-czyli-co-dalej-z-uchwalami-krajobrazowymi\/#breadcrumb"},"inLanguage":"en-US","potentialAction":[{"@type":"ReadAction","target":["https:\/\/jetline.pl\/en\/ustawa-krajobrazowa\/po-wyroku-trybunalu-czyli-co-dalej-z-uchwalami-krajobrazowymi\/"]}]},{"@type":"ImageObject","inLanguage":"en-US","@id":"https:\/\/jetline.pl\/en\/ustawa-krajobrazowa\/po-wyroku-trybunalu-czyli-co-dalej-z-uchwalami-krajobrazowymi\/#primaryimage","url":"https:\/\/jetline.pl\/wp-content\/uploads\/2024\/09\/Igor-Piwowarczyk-Shutterstock.jpg","contentUrl":"https:\/\/jetline.pl\/wp-content\/uploads\/2024\/09\/Igor-Piwowarczyk-Shutterstock.jpg","width":2000,"height":1337,"caption":"Trybuna\u0142 Konstytucyjny"},{"@type":"BreadcrumbList","@id":"https:\/\/jetline.pl\/en\/ustawa-krajobrazowa\/po-wyroku-trybunalu-czyli-co-dalej-z-uchwalami-krajobrazowymi\/#breadcrumb","itemListElement":[{"@type":"ListItem","position":1,"name":"Strona g\u0142\u00f3wna","item":"https:\/\/jetline.pl\/en\/"},{"@type":"ListItem","position":2,"name":"Ustawa krajobrazowa","item":"https:\/\/jetline.pl\/en\/ustawa-krajobrazowa\/"},{"@type":"ListItem","position":3,"name":"Po wyroku Trybuna\u0142u, czyli co dalej z uchwa\u0142ami krajobrazowymi?"}]},{"@type":"WebSite","@id":"https:\/\/jetline.pl\/en\/#website","url":"https:\/\/jetline.pl\/en\/","name":"Jet Line","description":"Tworzymy przestrze\u0144 do komunikacji","publisher":{"@id":"https:\/\/jetline.pl\/en\/#organization"},"potentialAction":[{"@type":"SearchAction","target":{"@type":"EntryPoint","urlTemplate":"https:\/\/jetline.pl\/en\/?s={search_term_string}"},"query-input":{"@type":"PropertyValueSpecification","valueRequired":true,"valueName":"search_term_string"}}],"inLanguage":"en-US"},{"@type":"Organization","@id":"https:\/\/jetline.pl\/en\/#organization","name":"Jet Line","url":"https:\/\/jetline.pl\/en\/","logo":{"@type":"ImageObject","inLanguage":"en-US","@id":"https:\/\/jetline.pl\/en\/#\/schema\/logo\/image\/","url":"https:\/\/jetline.pl\/wp-content\/uploads\/2024\/09\/logo_poziom_logo_poziom_czerwone-1.png","contentUrl":"https:\/\/jetline.pl\/wp-content\/uploads\/2024\/09\/logo_poziom_logo_poziom_czerwone-1.png","width":4946,"height":2016,"caption":"Jet Line"},"image":{"@id":"https:\/\/jetline.pl\/en\/#\/schema\/logo\/image\/"}}]}},"_links":{"self":[{"href":"https:\/\/jetline.pl\/en\/wp-json\/wp\/v2\/ustawa\/1777","targetHints":{"allow":["GET"]}}],"collection":[{"href":"https:\/\/jetline.pl\/en\/wp-json\/wp\/v2\/ustawa"}],"about":[{"href":"https:\/\/jetline.pl\/en\/wp-json\/wp\/v2\/types\/ustawa"}],"author":[{"embeddable":true,"href":"https:\/\/jetline.pl\/en\/wp-json\/wp\/v2\/users\/16"}],"wp:featuredmedia":[{"embeddable":true,"href":"https:\/\/jetline.pl\/en\/wp-json\/wp\/v2\/media\/1669"}],"wp:attachment":[{"href":"https:\/\/jetline.pl\/en\/wp-json\/wp\/v2\/media?parent=1777"}],"wp:term":[{"taxonomy":"ustawa_cat","embeddable":true,"href":"https:\/\/jetline.pl\/en\/wp-json\/wp\/v2\/ustawa_cat?post=1777"}],"curies":[{"name":"wp","href":"https:\/\/api.w.org\/{rel}","templated":true}]}}