{"id":1779,"date":"2024-01-29T10:00:24","date_gmt":"2024-01-29T09:00:24","guid":{"rendered":"https:\/\/jetline.presb.pl\/ustawa-krajobrazowa\/krajobraz-po-bitwie-poznan-biedronka\/"},"modified":"2024-09-16T16:07:24","modified_gmt":"2024-09-16T14:07:24","slug":"krajobraz-po-bitwie-poznan-biedronka","status":"publish","type":"ustawa","link":"https:\/\/jetline.pl\/en\/ustawa-krajobrazowa\/krajobraz-po-bitwie-poznan-biedronka\/","title":{"rendered":"Krajobraz po bitwie Pozna\u0144 - Biedronka"},"content":{"rendered":"<p>25 stycznia br. w Wojew\u00f3dzki S\u0105d Administracyjny (WSA) wyda\u0142 wyrok w sprawie sporu pomi\u0119dzy miastem Pozna\u0144 a Jeronimo Martins. Sprawa dotyczy\u0142a koszt\u00f3w, kt\u00f3re firma b\u0119dzie musia\u0142a ponie\u015b\u0107 dostosowuj\u0105c swoje szyldy do zapis\u00f3w uchwa\u0142y.<\/p>\n<p>W wyroku WSA uwzgl\u0119dni\u0142 orzeczenie Trybuna\u0142u Konstytucyjnego z grudnia 2023 r. i uchyli\u0142 jednak cztery punkty pozna\u0144skiej uchwa\u0142y krajobrazowej (\u00a710 ust. 1-3 i 6). Punkty te dotyczy\u0142y warunk\u00f3w i terminu dostosowania tablic reklamowych istniej\u0105cych w dniu wej\u015bcia w \u017cycie uchwa\u0142y do przepis\u00f3w w niej okre\u015blonych.<\/p>\n<p>Dla przypomnienia: w grudniu 2023 r. Trybuna\u0142 Konstytucyjny uzna\u0142, \u017ce cz\u0119\u015b\u0107 ustawy krajobrazowej na podstawie kt\u00f3rej powstaj\u0105 uchwa\u0142y jest <a href=\"https:\/\/jetline.pl\/ustawa-krajobrazowa\/ustawa-krajobrazowa-a-jej-zgodnosc-z-konstytucja\">niezgodna z konstytucj\u0105<\/a> i w tej cz\u0119\u015bci ustawa przesta\u0142a obowi\u0105zywa\u0107.<\/p>\n<h3>Jak zatem teraz wygl\u0105da sytuacja:<\/h3>\n<p>W Poznaniu funkcjonuje uchwa\u0142a krajobrazowa. Nie mo\u017cna budowa\u0107 nowych no\u015bnik\u00f3w reklamowych niezgodnych z jej zapisami. Jednak reklamy, kt\u00f3re wzniesiono legalnie przed wej\u015bciem w \u017cycie uchwa\u0142y krajobrazowej nie wymagaj\u0105 dostosowania do jej przepis\u00f3w.<\/p>\n<p>Pozna\u0144 zapowiedzia\u0142 napisanie nowej uchwa\u0142y. Jednak, aby to mog\u0142o si\u0119 zadzia\u0107, konieczne jest wprowadzenie przez sejm zmian do istniej\u0105cej ustawy krajobrazowej.<\/p>\n<p>Oczywi\u015bcie ten problem dotyczy nie tylko Poznania. Dotyczy wszystkich gmin, w kt\u00f3rych funkcjonuj\u0105 uchwa\u0142y.<\/p>\n<p>O tym, \u017ce do takiej sytuacji dojdzie wiadomo by\u0142o od 2015 r., kiedy sejm szybko przed kolejnymi wyborami uchwali\u0142 nieprzygotowan\u0105 ustaw\u0119 krajobrazow\u0105. Zastrze\u017cenia co do jej zgodno\u015bci z prawem pojawi\u0142y si\u0119 od razu. Informacje o w\u0105tpliwo\u015bciach pojawia\u0142y si\u0119 podczas pisania ka\u017cdej uchwa\u0142y, autorzy kolejnych za\u015b \u015bwiadomie podejmowali ryzyko wprowadzenia chaosu w przestrzeni legislacyjnej.<\/p>\n<p>Jak na ironi\u0119 w Poznaniu pierwotnie pr\u00f3bowano zapobiec niedoskona\u0142o\u015bciom ustawy. Pierwszy projekt pozna\u0144skiej uchwa\u0142y zak\u0142ada\u0142 przed\u0142u\u017cone okresy dostosowania dla legalnych no\u015bnik\u00f3w reklamowych. Jednak te zapisy by\u0142y niezgodne z ustaw\u0105, w zwi\u0105zku z tym wojewoda nie mia\u0142 innego wyj\u015bcia, jak tylko uchwa\u0142\u0119 uchyli\u0107. Dlatego powsta\u0142 drugi projekt, kt\u00f3ry cz\u0119\u015bciowo teraz zosta\u0142 uchylony przez s\u0105d. Po cz\u0119\u015bci dlatego, \u017ce nie zawiera\u0142 tych zapis\u00f3w przez kt\u00f3re pierwszy projekt zosta\u0142 uchylony.<\/p>\n<p>Wyrok w Poznaniu jest pierwszym, kt\u00f3ry zapad\u0142 w sprawie uchwa\u0142y krajobrazowej po grudniowym orzeczeniu Trybuna\u0142u Konstytucyjnego. Tak szybka decyzja by\u0142a mo\u017cliwa dzi\u0119ki temu, \u017ce sprawa pomi\u0119dzy Poznaniem a Jeronimo Martins rozpocz\u0119\u0142a si\u0119 du\u017co wcze\u015bniej ni\u017c zapad\u0142 wyrok trybuna\u0142u. Tym niemniej styczniu do s\u0105d\u00f3w wp\u0142yn\u0119\u0142o wiele innych pozw\u00f3w dotycz\u0105cych uchwa\u0142 krajobrazowych w innych miastach.<\/p>\n","protected":false},"author":16,"featured_media":1673,"template":"","ustawa_cat":[6],"class_list":["post-1779","ustawa","type-ustawa","status-publish","has-post-thumbnail","hentry","ustawa_cat-poznan"],"acf":[],"yoast_head":"<!-- This site is optimized with the Yoast SEO plugin v27.5 - https:\/\/yoast.com\/product\/yoast-seo-wordpress\/ -->\n<title>Krajobraz po bitwie Pozna\u0144 - Biedronka<\/title>\n<meta name=\"description\" content=\"25 stycznia br. w Wojew\u00f3dzki S\u0105d Administracyjny (WSA) wyda\u0142 wyrok w sprawie sporu pomi\u0119dzy miastem Pozna\u0144 a Jeronimo Martins.\" \/>\n<meta name=\"robots\" content=\"index, follow, max-snippet:-1, max-image-preview:large, max-video-preview:-1\" \/>\n<link rel=\"canonical\" href=\"https:\/\/jetline.pl\/en\/ustawa-krajobrazowa\/krajobraz-po-bitwie-poznan-biedronka\/\" \/>\n<meta property=\"og:locale\" content=\"en_US\" \/>\n<meta property=\"og:type\" content=\"article\" \/>\n<meta property=\"og:title\" content=\"Krajobraz po bitwie Pozna\u0144 - Biedronka\" \/>\n<meta property=\"og:description\" content=\"25 stycznia br. w Wojew\u00f3dzki S\u0105d Administracyjny (WSA) wyda\u0142 wyrok w sprawie sporu pomi\u0119dzy miastem Pozna\u0144 a Jeronimo Martins.\" \/>\n<meta property=\"og:url\" content=\"https:\/\/jetline.pl\/en\/ustawa-krajobrazowa\/krajobraz-po-bitwie-poznan-biedronka\/\" \/>\n<meta property=\"og:site_name\" content=\"Jet Line\" \/>\n<meta property=\"article:modified_time\" content=\"2024-09-16T14:07:24+00:00\" \/>\n<meta property=\"og:image\" content=\"https:\/\/jetline.pl\/wp-content\/uploads\/2024\/06\/1200x630.jpg\" \/>\n\t<meta property=\"og:image:width\" content=\"1200\" \/>\n\t<meta property=\"og:image:height\" content=\"630\" \/>\n\t<meta property=\"og:image:type\" content=\"image\/jpeg\" \/>\n<meta name=\"twitter:card\" content=\"summary_large_image\" \/>\n<meta name=\"twitter:label1\" content=\"Est. reading time\" \/>\n\t<meta name=\"twitter:data1\" content=\"3 minutes\" \/>\n<script type=\"application\/ld+json\" class=\"yoast-schema-graph\">{\"@context\":\"https:\\\/\\\/schema.org\",\"@graph\":[{\"@type\":\"WebPage\",\"@id\":\"https:\\\/\\\/jetline.pl\\\/en\\\/ustawa-krajobrazowa\\\/krajobraz-po-bitwie-poznan-biedronka\\\/\",\"url\":\"https:\\\/\\\/jetline.pl\\\/en\\\/ustawa-krajobrazowa\\\/krajobraz-po-bitwie-poznan-biedronka\\\/\",\"name\":\"Krajobraz po bitwie Pozna\u0144 - Biedronka\",\"isPartOf\":{\"@id\":\"https:\\\/\\\/jetline.pl\\\/en\\\/#website\"},\"primaryImageOfPage\":{\"@id\":\"https:\\\/\\\/jetline.pl\\\/en\\\/ustawa-krajobrazowa\\\/krajobraz-po-bitwie-poznan-biedronka\\\/#primaryimage\"},\"image\":{\"@id\":\"https:\\\/\\\/jetline.pl\\\/en\\\/ustawa-krajobrazowa\\\/krajobraz-po-bitwie-poznan-biedronka\\\/#primaryimage\"},\"thumbnailUrl\":\"https:\\\/\\\/jetline.pl\\\/wp-content\\\/uploads\\\/2024\\\/09\\\/AdobeStock_547076869.jpg\",\"datePublished\":\"2024-01-29T09:00:24+00:00\",\"dateModified\":\"2024-09-16T14:07:24+00:00\",\"description\":\"25 stycznia br. w Wojew\u00f3dzki S\u0105d Administracyjny (WSA) wyda\u0142 wyrok w sprawie sporu pomi\u0119dzy miastem Pozna\u0144 a Jeronimo Martins.\",\"breadcrumb\":{\"@id\":\"https:\\\/\\\/jetline.pl\\\/en\\\/ustawa-krajobrazowa\\\/krajobraz-po-bitwie-poznan-biedronka\\\/#breadcrumb\"},\"inLanguage\":\"en-US\",\"potentialAction\":[{\"@type\":\"ReadAction\",\"target\":[\"https:\\\/\\\/jetline.pl\\\/en\\\/ustawa-krajobrazowa\\\/krajobraz-po-bitwie-poznan-biedronka\\\/\"]}]},{\"@type\":\"ImageObject\",\"inLanguage\":\"en-US\",\"@id\":\"https:\\\/\\\/jetline.pl\\\/en\\\/ustawa-krajobrazowa\\\/krajobraz-po-bitwie-poznan-biedronka\\\/#primaryimage\",\"url\":\"https:\\\/\\\/jetline.pl\\\/wp-content\\\/uploads\\\/2024\\\/09\\\/AdobeStock_547076869.jpg\",\"contentUrl\":\"https:\\\/\\\/jetline.pl\\\/wp-content\\\/uploads\\\/2024\\\/09\\\/AdobeStock_547076869.jpg\",\"width\":1920,\"height\":1280},{\"@type\":\"BreadcrumbList\",\"@id\":\"https:\\\/\\\/jetline.pl\\\/en\\\/ustawa-krajobrazowa\\\/krajobraz-po-bitwie-poznan-biedronka\\\/#breadcrumb\",\"itemListElement\":[{\"@type\":\"ListItem\",\"position\":1,\"name\":\"Strona g\u0142\u00f3wna\",\"item\":\"https:\\\/\\\/jetline.pl\\\/en\\\/\"},{\"@type\":\"ListItem\",\"position\":2,\"name\":\"Ustawa krajobrazowa\",\"item\":\"https:\\\/\\\/jetline.pl\\\/en\\\/ustawa-krajobrazowa\\\/\"},{\"@type\":\"ListItem\",\"position\":3,\"name\":\"Krajobraz po bitwie Pozna\u0144 - Biedronka\"}]},{\"@type\":\"WebSite\",\"@id\":\"https:\\\/\\\/jetline.pl\\\/en\\\/#website\",\"url\":\"https:\\\/\\\/jetline.pl\\\/en\\\/\",\"name\":\"Jet Line\",\"description\":\"Tworzymy przestrze\u0144 do komunikacji\",\"publisher\":{\"@id\":\"https:\\\/\\\/jetline.pl\\\/en\\\/#organization\"},\"potentialAction\":[{\"@type\":\"SearchAction\",\"target\":{\"@type\":\"EntryPoint\",\"urlTemplate\":\"https:\\\/\\\/jetline.pl\\\/en\\\/?s={search_term_string}\"},\"query-input\":{\"@type\":\"PropertyValueSpecification\",\"valueRequired\":true,\"valueName\":\"search_term_string\"}}],\"inLanguage\":\"en-US\"},{\"@type\":\"Organization\",\"@id\":\"https:\\\/\\\/jetline.pl\\\/en\\\/#organization\",\"name\":\"Jet Line\",\"url\":\"https:\\\/\\\/jetline.pl\\\/en\\\/\",\"logo\":{\"@type\":\"ImageObject\",\"inLanguage\":\"en-US\",\"@id\":\"https:\\\/\\\/jetline.pl\\\/en\\\/#\\\/schema\\\/logo\\\/image\\\/\",\"url\":\"https:\\\/\\\/jetline.pl\\\/wp-content\\\/uploads\\\/2024\\\/09\\\/logo_poziom_logo_poziom_czerwone-1.png\",\"contentUrl\":\"https:\\\/\\\/jetline.pl\\\/wp-content\\\/uploads\\\/2024\\\/09\\\/logo_poziom_logo_poziom_czerwone-1.png\",\"width\":4946,\"height\":2016,\"caption\":\"Jet Line\"},\"image\":{\"@id\":\"https:\\\/\\\/jetline.pl\\\/en\\\/#\\\/schema\\\/logo\\\/image\\\/\"}}]}<\/script>\n<!-- \/ Yoast SEO plugin. -->","yoast_head_json":{"title":"Krajobraz po bitwie Pozna\u0144 - Biedronka","description":"25 stycznia br. w Wojew\u00f3dzki S\u0105d Administracyjny (WSA) wyda\u0142 wyrok w sprawie sporu pomi\u0119dzy miastem Pozna\u0144 a Jeronimo Martins.","robots":{"index":"index","follow":"follow","max-snippet":"max-snippet:-1","max-image-preview":"max-image-preview:large","max-video-preview":"max-video-preview:-1"},"canonical":"https:\/\/jetline.pl\/en\/ustawa-krajobrazowa\/krajobraz-po-bitwie-poznan-biedronka\/","og_locale":"en_US","og_type":"article","og_title":"Krajobraz po bitwie Pozna\u0144 - Biedronka","og_description":"25 stycznia br. w Wojew\u00f3dzki S\u0105d Administracyjny (WSA) wyda\u0142 wyrok w sprawie sporu pomi\u0119dzy miastem Pozna\u0144 a Jeronimo Martins.","og_url":"https:\/\/jetline.pl\/en\/ustawa-krajobrazowa\/krajobraz-po-bitwie-poznan-biedronka\/","og_site_name":"Jet Line","article_modified_time":"2024-09-16T14:07:24+00:00","og_image":[{"width":1200,"height":630,"url":"https:\/\/jetline.pl\/wp-content\/uploads\/2024\/06\/1200x630.jpg","type":"image\/jpeg"}],"twitter_card":"summary_large_image","twitter_misc":{"Est. reading time":"3 minutes"},"schema":{"@context":"https:\/\/schema.org","@graph":[{"@type":"WebPage","@id":"https:\/\/jetline.pl\/en\/ustawa-krajobrazowa\/krajobraz-po-bitwie-poznan-biedronka\/","url":"https:\/\/jetline.pl\/en\/ustawa-krajobrazowa\/krajobraz-po-bitwie-poznan-biedronka\/","name":"Krajobraz po bitwie Pozna\u0144 - Biedronka","isPartOf":{"@id":"https:\/\/jetline.pl\/en\/#website"},"primaryImageOfPage":{"@id":"https:\/\/jetline.pl\/en\/ustawa-krajobrazowa\/krajobraz-po-bitwie-poznan-biedronka\/#primaryimage"},"image":{"@id":"https:\/\/jetline.pl\/en\/ustawa-krajobrazowa\/krajobraz-po-bitwie-poznan-biedronka\/#primaryimage"},"thumbnailUrl":"https:\/\/jetline.pl\/wp-content\/uploads\/2024\/09\/AdobeStock_547076869.jpg","datePublished":"2024-01-29T09:00:24+00:00","dateModified":"2024-09-16T14:07:24+00:00","description":"25 stycznia br. w Wojew\u00f3dzki S\u0105d Administracyjny (WSA) wyda\u0142 wyrok w sprawie sporu pomi\u0119dzy miastem Pozna\u0144 a Jeronimo Martins.","breadcrumb":{"@id":"https:\/\/jetline.pl\/en\/ustawa-krajobrazowa\/krajobraz-po-bitwie-poznan-biedronka\/#breadcrumb"},"inLanguage":"en-US","potentialAction":[{"@type":"ReadAction","target":["https:\/\/jetline.pl\/en\/ustawa-krajobrazowa\/krajobraz-po-bitwie-poznan-biedronka\/"]}]},{"@type":"ImageObject","inLanguage":"en-US","@id":"https:\/\/jetline.pl\/en\/ustawa-krajobrazowa\/krajobraz-po-bitwie-poznan-biedronka\/#primaryimage","url":"https:\/\/jetline.pl\/wp-content\/uploads\/2024\/09\/AdobeStock_547076869.jpg","contentUrl":"https:\/\/jetline.pl\/wp-content\/uploads\/2024\/09\/AdobeStock_547076869.jpg","width":1920,"height":1280},{"@type":"BreadcrumbList","@id":"https:\/\/jetline.pl\/en\/ustawa-krajobrazowa\/krajobraz-po-bitwie-poznan-biedronka\/#breadcrumb","itemListElement":[{"@type":"ListItem","position":1,"name":"Strona g\u0142\u00f3wna","item":"https:\/\/jetline.pl\/en\/"},{"@type":"ListItem","position":2,"name":"Ustawa krajobrazowa","item":"https:\/\/jetline.pl\/en\/ustawa-krajobrazowa\/"},{"@type":"ListItem","position":3,"name":"Krajobraz po bitwie Pozna\u0144 - Biedronka"}]},{"@type":"WebSite","@id":"https:\/\/jetline.pl\/en\/#website","url":"https:\/\/jetline.pl\/en\/","name":"Jet Line","description":"Tworzymy przestrze\u0144 do komunikacji","publisher":{"@id":"https:\/\/jetline.pl\/en\/#organization"},"potentialAction":[{"@type":"SearchAction","target":{"@type":"EntryPoint","urlTemplate":"https:\/\/jetline.pl\/en\/?s={search_term_string}"},"query-input":{"@type":"PropertyValueSpecification","valueRequired":true,"valueName":"search_term_string"}}],"inLanguage":"en-US"},{"@type":"Organization","@id":"https:\/\/jetline.pl\/en\/#organization","name":"Jet Line","url":"https:\/\/jetline.pl\/en\/","logo":{"@type":"ImageObject","inLanguage":"en-US","@id":"https:\/\/jetline.pl\/en\/#\/schema\/logo\/image\/","url":"https:\/\/jetline.pl\/wp-content\/uploads\/2024\/09\/logo_poziom_logo_poziom_czerwone-1.png","contentUrl":"https:\/\/jetline.pl\/wp-content\/uploads\/2024\/09\/logo_poziom_logo_poziom_czerwone-1.png","width":4946,"height":2016,"caption":"Jet Line"},"image":{"@id":"https:\/\/jetline.pl\/en\/#\/schema\/logo\/image\/"}}]}},"_links":{"self":[{"href":"https:\/\/jetline.pl\/en\/wp-json\/wp\/v2\/ustawa\/1779","targetHints":{"allow":["GET"]}}],"collection":[{"href":"https:\/\/jetline.pl\/en\/wp-json\/wp\/v2\/ustawa"}],"about":[{"href":"https:\/\/jetline.pl\/en\/wp-json\/wp\/v2\/types\/ustawa"}],"author":[{"embeddable":true,"href":"https:\/\/jetline.pl\/en\/wp-json\/wp\/v2\/users\/16"}],"wp:featuredmedia":[{"embeddable":true,"href":"https:\/\/jetline.pl\/en\/wp-json\/wp\/v2\/media\/1673"}],"wp:attachment":[{"href":"https:\/\/jetline.pl\/en\/wp-json\/wp\/v2\/media?parent=1779"}],"wp:term":[{"taxonomy":"ustawa_cat","embeddable":true,"href":"https:\/\/jetline.pl\/en\/wp-json\/wp\/v2\/ustawa_cat?post=1779"}],"curies":[{"name":"wp","href":"https:\/\/api.w.org\/{rel}","templated":true}]}}