{"id":1781,"date":"2024-03-11T08:39:18","date_gmt":"2024-03-11T07:39:18","guid":{"rendered":"https:\/\/jetline.presb.pl\/ustawa-krajobrazowa\/lodz-uchwala-krajobrazowa-nieobowiazujaca-po-okresie-dostosowania\/"},"modified":"2024-09-10T09:54:08","modified_gmt":"2024-09-10T07:54:08","slug":"lodz-uchwala-krajobrazowa-nieobowiazujaca-po-okresie-dostosowania","status":"publish","type":"ustawa","link":"https:\/\/jetline.pl\/en\/ustawa-krajobrazowa\/lodz-uchwala-krajobrazowa-nieobowiazujaca-po-okresie-dostosowania\/","title":{"rendered":"\u0141\u00f3d\u017a \u2013 uchwa\u0142a krajobrazowa (nie)obowi\u0105zuj\u0105ca po okresie dostosowania"},"content":{"rendered":"<p>Jak wygl\u0105da uchwa\u0142a krajobrazowa w \u0141odzi?<\/p>\n<p>\u0141\u00f3d\u017a jako pierwsze miasto wojew\u00f3dzkie uchwali\u0142a (16 listopada 2016 roku) kodeks reklamowy. Ma uchwa\u0142\u0119, ale jej nie egzekwuje.<\/p>\n<p>Podstawowe postanowienia \u0142\u00f3dzkiej uchwa\u0142y krajobrazowej:<\/p>\n<ul>\n<li>strefy \u2013 3;<\/li>\n<li>maksymalny format reklamy wolnostoj\u0105cej \u2013 18m<sup>2<\/sup>;<\/li>\n<li>reklama na elewacji podczas remont\u00f3w \u2013 maksymalnie 30% powierzchni, pozosta\u0142\u0105 cz\u0119\u015b\u0107 musi stanowi\u0107 odtworzenie elewacji, reklama mo\u017ce by\u0107 eksponowana nie d\u0142u\u017cej ni\u017c przez 8 miesi\u0119cy;<\/li>\n<li>reklama na elewacji \u2013 tylko w II strefie na \u015bcianach szczytowych, nie wi\u0119cej ni\u017c na 25% elewacji;<\/li>\n<li>szyldy \u2013 liczba i wielko\u015b\u0107 szyld\u00f3w s\u0105 bardzo ograniczone i zmieniaj\u0105 si\u0119 w zale\u017cno\u015bci od strefy, przeznaczenia obiektu, jego wysoko\u015bci, preferowan\u0105 form\u0105 szyld\u00f3w s\u0105 litery przestrzenne;<\/li>\n<li>zakazy \u2013 umieszczanie reklam na banerach, reklam wolnostoj\u0105cych bez sta\u0142ego zamocowania w gruncie oraz reklamy mobilnej;<\/li>\n<li>reklama cyfrowa \u2013 mocno ograniczona;<\/li>\n<li>murale \u2013 zakazane;<\/li>\n<li>okresy dostosowania \u2013 od 3 do 5 lat w zale\u017cno\u015bci od strefy;<\/li>\n<li>warunki dostosowania \u2013 nieokre\u015blone;<\/li>\n<li>prawa nabyte \u2013 nieuwzgl\u0119dnione;<\/li>\n<li>aktualizacja uchwa\u0142y \u2013 1.<\/li>\n<\/ul>\n<p>Uchwa\u0142a wprowadza\u0142a nier\u00f3wne traktowanie podmiot\u00f3w,\u00a0 w wielu kwestiach przekracza\u0142a upowa\u017cnienie ustawowe i dodatkowo zawiera\u0142a inne b\u0142\u0119dy. Na tej podstawie \u00a011 sierpnia 2017 roku WSA w \u0141odzi stwierdzi\u0142 niewa\u017cno\u015b\u0107 uchwa\u0142y w ca\u0142o\u015bci. W\u015br\u00f3d zarzut\u00f3w najistotniejszy merytorycznie by\u0142 ten, \u017ce uchwa\u0142a krajobrazowa \u0141odzi nie wskazuje warunk\u00f3w dostosowania istniej\u0105cych tablic i urz\u0105dze\u0144 reklamowych do zapis\u00f3w uchwa\u0142y oraz, \u017ce na nowo reguluje kwestie uregulowane w ustawie o drogach publicznych.<\/p>\n<p>W po\u0142owie pa\u017adziernika 2017 roku \u0141\u00f3d\u017a z\u0142o\u017cy\u0142a skarg\u0119 kasacyjn\u0105 do Naczelnego S\u0105du Administracyjnego (NSA). Po dw\u00f3ch latach oczekiwania, w pa\u017adzierniku 2019 roku NSA rozpatrzy\u0142 skarg\u0119 i odes\u0142a\u0142 spraw\u0119 do ponownego rozpoznania do WSA. W styczniu 2020 roku WSA zawiesi\u0142 rozpatrzenie sprawy do czasu rozstrzygni\u0119cia przez Trybuna\u0142 Konstytucyjny kwestii zgodno\u015bci ustawy z Konstytucj\u0105. Nale\u017cy zatem spodziewa\u0107 si\u0119 w najbli\u017cszym czasie odwieszenia sprawy w s\u0105dzie.<\/p>\n<h3>Nowy projekt uchwa\u0142y - sprzeczny z wyrokiem TK<\/h3>\n<p>Mimo zako\u0144czenia okres\u00f3w dostosowania we wszystkich strefach (12 marca 2022 roku zako\u0144czy\u0142 si\u0119 ostatni okres dostosowania), miasto nie nak\u0142ada kar na w\u0142a\u015bcicieli no\u015bnik\u00f3w reklamowych. B\u0119d\u0105c w niejasnej sytuacji prawnej, stwierdzono, \u017ce lepiej edukowa\u0107, a nie kara\u0107. W lutym 2018 roku \u0141\u00f3d\u017a og\u0142osi\u0142a, \u017ce przyst\u0119puje do prac nad nowym kodeksem reklamowym. Obecnie obowi\u0105zuj\u0105ca uchwa\u0142a mia\u0142a zosta\u0107 uchylona, a w jej miejsce mia\u0142o zosta\u0107 ustanowione nowe prawo dotycz\u0105ce reklam. 7 marca 2018 roku uchwalono uchwa\u0142\u0119 intencyjn\u0105. W maju 2019 roku odby\u0142y si\u0119 konsultacje dotycz\u0105ce za\u0142o\u017ce\u0144 nowego projektu. Mimo, \u017ce projekt jest gotowy, do jego publikacji i wy\u0142o\u017cenia nie dosz\u0142o. Po og\u0142oszeniu wyroku Trybuna\u0142u miasto wstrzyma\u0142o prace legislacyjne. Wiadomo, \u017ce nowy projekt zawiera zapisy sprzeczne z wyrokiem TK.<\/p>\n<p>Sytuacja w \u0141odzi jest specyficzna: uchwa\u0142a krajobrazowa obowi\u0105zuje, ale nikt nie egzekwuje jej przepis\u00f3w, a prace nad now\u0105 uchwa\u0142\u0105 przez 5 lat posun\u0119\u0142y si\u0119 do przodu niewiele. Tym niemniej, mo\u017cna w \u0141odzi zaobserwowa\u0107 spadek liczby reklam, a nowe inwestycje cz\u0119sto dostosowuje si\u0119 do zapis\u00f3w uchwa\u0142y.<\/p>\n<p>Dodajmy, i\u017c od pocz\u0105tku 2016 r. w \u0141odzi obowi\u0105zywa\u0142a uchwa\u0142a o parku kulturowym ulicy Piotrkowskiej. Regulowa\u0142a ona kwestie reklam w centrum miasta. Jednak we wrze\u015bniu 2020 r. WSA w \u0141odzi stwierdzi\u0142 jej niewa\u017cno\u015b\u0107 w ca\u0142o\u015bci. Prace nad now\u0105 uchwa\u0142\u0105 o parku kulturowym trwaj\u0105, jednak projekt nie jest jeszcze dost\u0119pny publicznie.<\/p>\n<p>Urz\u0105d Miasta udost\u0119pni\u0142 stron\u0119, na kt\u00f3rej w przejrzysty spos\u00f3b mo\u017cna zapozna\u0107 si\u0119 z aktualn\u0105 uchwa\u0142\u0105:\u00a0<a href=\"https:\/\/uml.lodz.pl\/dla-biznesu\/kodeks-reklamowy\/\">https:\/\/uml.lodz.pl\/dla-biznesu\/kodeks-reklamowy\/\u00a0<\/a><\/p>\n<p>Pe\u0142ny tekst uchwa\u0142y krajobrazowej znajduje si\u0119 pod adresem:\u00a0<a href=\"https:\/\/bip.uml.lodz.pl\/files\/bip\/public\/user_upload\/uchwalal_-30112017104058.pdf\">https:\/\/bip.uml.lodz.pl\/files\/bip\/public\/user_upload\/uchwalal_-30112017104058.pdf<\/a><\/p>\n<p>&nbsp;<\/p>\n<p>Inne teksty o uchwa\u0142ach krajobrazowych:<\/p>\n<p><a href=\"https:\/\/jetline.pl\/aktualnosci\/uchwaly-krajobrazowe-lodz\">Uchwa\u0142a krajobrazowa w \u0141odzi - Jet Line<\/a><\/p>\n","protected":false},"author":16,"featured_media":1676,"template":"","ustawa_cat":[559],"class_list":["post-1781","ustawa","type-ustawa","status-publish","has-post-thumbnail","hentry","ustawa_cat-lodz"],"acf":[],"yoast_head":"<!-- This site is optimized with the Yoast SEO plugin v27.5 - https:\/\/yoast.com\/product\/yoast-seo-wordpress\/ -->\n<title>\u0141\u00f3d\u017a \u2013 uchwa\u0142a krajobrazowa (nie)obowi\u0105zuj\u0105ca<\/title>\n<meta name=\"description\" content=\"Sytuacja w \u0141odzi jest specyficzna: uchwa\u0142a krajobrazowa obowi\u0105zuje, ale nikt nie egzekwuje jej przepis\u00f3w, a prace nad now\u0105...\" \/>\n<meta name=\"robots\" content=\"index, follow, max-snippet:-1, max-image-preview:large, max-video-preview:-1\" \/>\n<link rel=\"canonical\" href=\"https:\/\/jetline.pl\/en\/ustawa-krajobrazowa\/lodz-uchwala-krajobrazowa-nieobowiazujaca-po-okresie-dostosowania\/\" \/>\n<meta property=\"og:locale\" content=\"en_US\" \/>\n<meta property=\"og:type\" content=\"article\" \/>\n<meta property=\"og:title\" content=\"\u0141\u00f3d\u017a \u2013 uchwa\u0142a krajobrazowa (nie)obowi\u0105zuj\u0105ca\" \/>\n<meta property=\"og:description\" content=\"Sytuacja w \u0141odzi jest specyficzna: uchwa\u0142a krajobrazowa obowi\u0105zuje, ale nikt nie egzekwuje jej przepis\u00f3w, a prace nad now\u0105...\" \/>\n<meta property=\"og:url\" content=\"https:\/\/jetline.pl\/en\/ustawa-krajobrazowa\/lodz-uchwala-krajobrazowa-nieobowiazujaca-po-okresie-dostosowania\/\" \/>\n<meta property=\"og:site_name\" content=\"Jet Line\" \/>\n<meta property=\"article:modified_time\" content=\"2024-09-10T07:54:08+00:00\" \/>\n<meta property=\"og:image\" content=\"https:\/\/jetline.pl\/wp-content\/uploads\/2024\/09\/AdobeStock_243198181-scaled-1.jpeg\" \/>\n\t<meta property=\"og:image:width\" content=\"2560\" \/>\n\t<meta property=\"og:image:height\" content=\"1707\" \/>\n\t<meta property=\"og:image:type\" content=\"image\/jpeg\" \/>\n<meta name=\"twitter:card\" content=\"summary_large_image\" \/>\n<meta name=\"twitter:label1\" content=\"Est. reading time\" \/>\n\t<meta name=\"twitter:data1\" content=\"4 minutes\" \/>\n<script type=\"application\/ld+json\" class=\"yoast-schema-graph\">{\"@context\":\"https:\\\/\\\/schema.org\",\"@graph\":[{\"@type\":\"WebPage\",\"@id\":\"https:\\\/\\\/jetline.pl\\\/en\\\/ustawa-krajobrazowa\\\/lodz-uchwala-krajobrazowa-nieobowiazujaca-po-okresie-dostosowania\\\/\",\"url\":\"https:\\\/\\\/jetline.pl\\\/en\\\/ustawa-krajobrazowa\\\/lodz-uchwala-krajobrazowa-nieobowiazujaca-po-okresie-dostosowania\\\/\",\"name\":\"\u0141\u00f3d\u017a \u2013 uchwa\u0142a krajobrazowa (nie)obowi\u0105zuj\u0105ca\",\"isPartOf\":{\"@id\":\"https:\\\/\\\/jetline.pl\\\/en\\\/#website\"},\"primaryImageOfPage\":{\"@id\":\"https:\\\/\\\/jetline.pl\\\/en\\\/ustawa-krajobrazowa\\\/lodz-uchwala-krajobrazowa-nieobowiazujaca-po-okresie-dostosowania\\\/#primaryimage\"},\"image\":{\"@id\":\"https:\\\/\\\/jetline.pl\\\/en\\\/ustawa-krajobrazowa\\\/lodz-uchwala-krajobrazowa-nieobowiazujaca-po-okresie-dostosowania\\\/#primaryimage\"},\"thumbnailUrl\":\"https:\\\/\\\/jetline.pl\\\/wp-content\\\/uploads\\\/2024\\\/09\\\/AdobeStock_243198181-scaled-1.jpeg\",\"datePublished\":\"2024-03-11T07:39:18+00:00\",\"dateModified\":\"2024-09-10T07:54:08+00:00\",\"description\":\"Sytuacja w \u0141odzi jest specyficzna: uchwa\u0142a krajobrazowa obowi\u0105zuje, ale nikt nie egzekwuje jej przepis\u00f3w, a prace nad now\u0105...\",\"breadcrumb\":{\"@id\":\"https:\\\/\\\/jetline.pl\\\/en\\\/ustawa-krajobrazowa\\\/lodz-uchwala-krajobrazowa-nieobowiazujaca-po-okresie-dostosowania\\\/#breadcrumb\"},\"inLanguage\":\"en-US\",\"potentialAction\":[{\"@type\":\"ReadAction\",\"target\":[\"https:\\\/\\\/jetline.pl\\\/en\\\/ustawa-krajobrazowa\\\/lodz-uchwala-krajobrazowa-nieobowiazujaca-po-okresie-dostosowania\\\/\"]}]},{\"@type\":\"ImageObject\",\"inLanguage\":\"en-US\",\"@id\":\"https:\\\/\\\/jetline.pl\\\/en\\\/ustawa-krajobrazowa\\\/lodz-uchwala-krajobrazowa-nieobowiazujaca-po-okresie-dostosowania\\\/#primaryimage\",\"url\":\"https:\\\/\\\/jetline.pl\\\/wp-content\\\/uploads\\\/2024\\\/09\\\/AdobeStock_243198181-scaled-1.jpeg\",\"contentUrl\":\"https:\\\/\\\/jetline.pl\\\/wp-content\\\/uploads\\\/2024\\\/09\\\/AdobeStock_243198181-scaled-1.jpeg\",\"width\":2560,\"height\":1707},{\"@type\":\"BreadcrumbList\",\"@id\":\"https:\\\/\\\/jetline.pl\\\/en\\\/ustawa-krajobrazowa\\\/lodz-uchwala-krajobrazowa-nieobowiazujaca-po-okresie-dostosowania\\\/#breadcrumb\",\"itemListElement\":[{\"@type\":\"ListItem\",\"position\":1,\"name\":\"Strona g\u0142\u00f3wna\",\"item\":\"https:\\\/\\\/jetline.pl\\\/en\\\/\"},{\"@type\":\"ListItem\",\"position\":2,\"name\":\"Ustawa krajobrazowa\",\"item\":\"https:\\\/\\\/jetline.pl\\\/en\\\/ustawa-krajobrazowa\\\/\"},{\"@type\":\"ListItem\",\"position\":3,\"name\":\"\u0141\u00f3d\u017a \u2013 uchwa\u0142a krajobrazowa (nie)obowi\u0105zuj\u0105ca po okresie dostosowania\"}]},{\"@type\":\"WebSite\",\"@id\":\"https:\\\/\\\/jetline.pl\\\/en\\\/#website\",\"url\":\"https:\\\/\\\/jetline.pl\\\/en\\\/\",\"name\":\"Jet Line\",\"description\":\"Tworzymy przestrze\u0144 do komunikacji\",\"publisher\":{\"@id\":\"https:\\\/\\\/jetline.pl\\\/en\\\/#organization\"},\"potentialAction\":[{\"@type\":\"SearchAction\",\"target\":{\"@type\":\"EntryPoint\",\"urlTemplate\":\"https:\\\/\\\/jetline.pl\\\/en\\\/?s={search_term_string}\"},\"query-input\":{\"@type\":\"PropertyValueSpecification\",\"valueRequired\":true,\"valueName\":\"search_term_string\"}}],\"inLanguage\":\"en-US\"},{\"@type\":\"Organization\",\"@id\":\"https:\\\/\\\/jetline.pl\\\/en\\\/#organization\",\"name\":\"Jet Line\",\"url\":\"https:\\\/\\\/jetline.pl\\\/en\\\/\",\"logo\":{\"@type\":\"ImageObject\",\"inLanguage\":\"en-US\",\"@id\":\"https:\\\/\\\/jetline.pl\\\/en\\\/#\\\/schema\\\/logo\\\/image\\\/\",\"url\":\"https:\\\/\\\/jetline.pl\\\/wp-content\\\/uploads\\\/2024\\\/09\\\/logo_poziom_logo_poziom_czerwone-1.png\",\"contentUrl\":\"https:\\\/\\\/jetline.pl\\\/wp-content\\\/uploads\\\/2024\\\/09\\\/logo_poziom_logo_poziom_czerwone-1.png\",\"width\":4946,\"height\":2016,\"caption\":\"Jet Line\"},\"image\":{\"@id\":\"https:\\\/\\\/jetline.pl\\\/en\\\/#\\\/schema\\\/logo\\\/image\\\/\"}}]}<\/script>\n<!-- \/ Yoast SEO plugin. -->","yoast_head_json":{"title":"\u0141\u00f3d\u017a \u2013 uchwa\u0142a krajobrazowa (nie)obowi\u0105zuj\u0105ca","description":"Sytuacja w \u0141odzi jest specyficzna: uchwa\u0142a krajobrazowa obowi\u0105zuje, ale nikt nie egzekwuje jej przepis\u00f3w, a prace nad now\u0105...","robots":{"index":"index","follow":"follow","max-snippet":"max-snippet:-1","max-image-preview":"max-image-preview:large","max-video-preview":"max-video-preview:-1"},"canonical":"https:\/\/jetline.pl\/en\/ustawa-krajobrazowa\/lodz-uchwala-krajobrazowa-nieobowiazujaca-po-okresie-dostosowania\/","og_locale":"en_US","og_type":"article","og_title":"\u0141\u00f3d\u017a \u2013 uchwa\u0142a krajobrazowa (nie)obowi\u0105zuj\u0105ca","og_description":"Sytuacja w \u0141odzi jest specyficzna: uchwa\u0142a krajobrazowa obowi\u0105zuje, ale nikt nie egzekwuje jej przepis\u00f3w, a prace nad now\u0105...","og_url":"https:\/\/jetline.pl\/en\/ustawa-krajobrazowa\/lodz-uchwala-krajobrazowa-nieobowiazujaca-po-okresie-dostosowania\/","og_site_name":"Jet Line","article_modified_time":"2024-09-10T07:54:08+00:00","og_image":[{"width":2560,"height":1707,"url":"https:\/\/jetline.pl\/wp-content\/uploads\/2024\/09\/AdobeStock_243198181-scaled-1.jpeg","type":"image\/jpeg"}],"twitter_card":"summary_large_image","twitter_misc":{"Est. reading time":"4 minutes"},"schema":{"@context":"https:\/\/schema.org","@graph":[{"@type":"WebPage","@id":"https:\/\/jetline.pl\/en\/ustawa-krajobrazowa\/lodz-uchwala-krajobrazowa-nieobowiazujaca-po-okresie-dostosowania\/","url":"https:\/\/jetline.pl\/en\/ustawa-krajobrazowa\/lodz-uchwala-krajobrazowa-nieobowiazujaca-po-okresie-dostosowania\/","name":"\u0141\u00f3d\u017a \u2013 uchwa\u0142a krajobrazowa (nie)obowi\u0105zuj\u0105ca","isPartOf":{"@id":"https:\/\/jetline.pl\/en\/#website"},"primaryImageOfPage":{"@id":"https:\/\/jetline.pl\/en\/ustawa-krajobrazowa\/lodz-uchwala-krajobrazowa-nieobowiazujaca-po-okresie-dostosowania\/#primaryimage"},"image":{"@id":"https:\/\/jetline.pl\/en\/ustawa-krajobrazowa\/lodz-uchwala-krajobrazowa-nieobowiazujaca-po-okresie-dostosowania\/#primaryimage"},"thumbnailUrl":"https:\/\/jetline.pl\/wp-content\/uploads\/2024\/09\/AdobeStock_243198181-scaled-1.jpeg","datePublished":"2024-03-11T07:39:18+00:00","dateModified":"2024-09-10T07:54:08+00:00","description":"Sytuacja w \u0141odzi jest specyficzna: uchwa\u0142a krajobrazowa obowi\u0105zuje, ale nikt nie egzekwuje jej przepis\u00f3w, a prace nad now\u0105...","breadcrumb":{"@id":"https:\/\/jetline.pl\/en\/ustawa-krajobrazowa\/lodz-uchwala-krajobrazowa-nieobowiazujaca-po-okresie-dostosowania\/#breadcrumb"},"inLanguage":"en-US","potentialAction":[{"@type":"ReadAction","target":["https:\/\/jetline.pl\/en\/ustawa-krajobrazowa\/lodz-uchwala-krajobrazowa-nieobowiazujaca-po-okresie-dostosowania\/"]}]},{"@type":"ImageObject","inLanguage":"en-US","@id":"https:\/\/jetline.pl\/en\/ustawa-krajobrazowa\/lodz-uchwala-krajobrazowa-nieobowiazujaca-po-okresie-dostosowania\/#primaryimage","url":"https:\/\/jetline.pl\/wp-content\/uploads\/2024\/09\/AdobeStock_243198181-scaled-1.jpeg","contentUrl":"https:\/\/jetline.pl\/wp-content\/uploads\/2024\/09\/AdobeStock_243198181-scaled-1.jpeg","width":2560,"height":1707},{"@type":"BreadcrumbList","@id":"https:\/\/jetline.pl\/en\/ustawa-krajobrazowa\/lodz-uchwala-krajobrazowa-nieobowiazujaca-po-okresie-dostosowania\/#breadcrumb","itemListElement":[{"@type":"ListItem","position":1,"name":"Strona g\u0142\u00f3wna","item":"https:\/\/jetline.pl\/en\/"},{"@type":"ListItem","position":2,"name":"Ustawa krajobrazowa","item":"https:\/\/jetline.pl\/en\/ustawa-krajobrazowa\/"},{"@type":"ListItem","position":3,"name":"\u0141\u00f3d\u017a \u2013 uchwa\u0142a krajobrazowa (nie)obowi\u0105zuj\u0105ca po okresie dostosowania"}]},{"@type":"WebSite","@id":"https:\/\/jetline.pl\/en\/#website","url":"https:\/\/jetline.pl\/en\/","name":"Jet Line","description":"Tworzymy przestrze\u0144 do komunikacji","publisher":{"@id":"https:\/\/jetline.pl\/en\/#organization"},"potentialAction":[{"@type":"SearchAction","target":{"@type":"EntryPoint","urlTemplate":"https:\/\/jetline.pl\/en\/?s={search_term_string}"},"query-input":{"@type":"PropertyValueSpecification","valueRequired":true,"valueName":"search_term_string"}}],"inLanguage":"en-US"},{"@type":"Organization","@id":"https:\/\/jetline.pl\/en\/#organization","name":"Jet Line","url":"https:\/\/jetline.pl\/en\/","logo":{"@type":"ImageObject","inLanguage":"en-US","@id":"https:\/\/jetline.pl\/en\/#\/schema\/logo\/image\/","url":"https:\/\/jetline.pl\/wp-content\/uploads\/2024\/09\/logo_poziom_logo_poziom_czerwone-1.png","contentUrl":"https:\/\/jetline.pl\/wp-content\/uploads\/2024\/09\/logo_poziom_logo_poziom_czerwone-1.png","width":4946,"height":2016,"caption":"Jet Line"},"image":{"@id":"https:\/\/jetline.pl\/en\/#\/schema\/logo\/image\/"}}]}},"_links":{"self":[{"href":"https:\/\/jetline.pl\/en\/wp-json\/wp\/v2\/ustawa\/1781","targetHints":{"allow":["GET"]}}],"collection":[{"href":"https:\/\/jetline.pl\/en\/wp-json\/wp\/v2\/ustawa"}],"about":[{"href":"https:\/\/jetline.pl\/en\/wp-json\/wp\/v2\/types\/ustawa"}],"author":[{"embeddable":true,"href":"https:\/\/jetline.pl\/en\/wp-json\/wp\/v2\/users\/16"}],"wp:featuredmedia":[{"embeddable":true,"href":"https:\/\/jetline.pl\/en\/wp-json\/wp\/v2\/media\/1676"}],"wp:attachment":[{"href":"https:\/\/jetline.pl\/en\/wp-json\/wp\/v2\/media?parent=1781"}],"wp:term":[{"taxonomy":"ustawa_cat","embeddable":true,"href":"https:\/\/jetline.pl\/en\/wp-json\/wp\/v2\/ustawa_cat?post=1781"}],"curies":[{"name":"wp","href":"https:\/\/api.w.org\/{rel}","templated":true}]}}