{"id":1782,"date":"2024-03-11T08:29:31","date_gmt":"2024-03-11T07:29:31","guid":{"rendered":"https:\/\/jetline.presb.pl\/ustawa-krajobrazowa\/warszawa-uchwala-krajobrazowa-uchylona-w-calosci\/"},"modified":"2025-02-28T10:53:05","modified_gmt":"2025-02-28T09:53:05","slug":"warszawa-uchwala-krajobrazowa-uchylona-w-calosci","status":"publish","type":"ustawa","link":"https:\/\/jetline.pl\/en\/ustawa-krajobrazowa\/warszawa-uchwala-krajobrazowa-uchylona-w-calosci\/","title":{"rendered":"Warszawa \u2013 uchwa\u0142a krajobrazowa uchylona w ca\u0142o\u015bci"},"content":{"rendered":"<p>Warszawska uchwa\u0142a krajobrazowa zosta\u0142a ustanowiona na sesji Rady Miasta 16 stycznia 2020 roku.\u00a0 Miesi\u0105c p\u00f3\u017aniej Wojewoda Mazowiecki, opublikowa\u0142 rozstrzygni\u0119cie nadzorcze i stwierdzi\u0142 niewa\u017cno\u015b\u0107 ca\u0142ej uchwa\u0142y. Powodem takiej decyzji nie by\u0142a niech\u0119\u0107 Wojewody do porz\u0105dkowania przestrzeni publicznej, ale niezgodno\u015b\u0107 przepis\u00f3w uchwa\u0142y z prawem.<\/p>\n<p>&nbsp;<\/p>\n<p>Miasto z\u0142o\u017cy\u0142o skarg\u0119 na rozstrzygni\u0119cie Wojewody. 8 grudnia 2020 roku odby\u0142a si\u0119 rozprawa przed WSA w Warszawie. S\u0105d oddali\u0142 skarg\u0119, przyznaj\u0105c cz\u0119\u015bciow\u0105 racj\u0119 argumentom wojewody i utrzymuj\u0105c uniewa\u017cnienie uchwa\u0142y w mocy. Wojewoda z\u0142o\u017cy\u0142 skarg\u0119 kasacyjn\u0105 do NSA, kt\u00f3re podtrzyma\u0142o wyrok WSA.<\/p>\n<p>&nbsp;<\/p>\n<p>W uzasadnieniu NSA stwierdzi\u0142:<\/p>\n<p>&nbsp;<\/p>\n<ul>\n<li>uchwa\u0142a nie mo\u017ce okre\u015bla\u0107 liczby dopuszczonych na danej nieruchomo\u015bci no\u015bnik\u00f3w reklamowych nieb\u0119d\u0105cych szyldami,<\/li>\n<li>nie mo\u017ce dotyczy\u0107 s\u0142upk\u00f3w wygradzaj\u0105cych oraz ogrodze\u0144, b\u0119d\u0105cych elementami bezpiecze\u0144stwa ruchu drogowego,<\/li>\n<li>oraz nie mo\u017ce dotyczy\u0107 tablic urz\u0119dowych.<\/li>\n<\/ul>\n<p>&nbsp;<\/p>\n<p>Jednocze\u015bnie uzna\u0142 argumenty miasta stwierdzaj\u0105c, \u017ce uchwa\u0142a mo\u017ce regulowa\u0107:<\/p>\n<p>&nbsp;<\/p>\n<ul>\n<li>gabaryty i a\u017curowo\u015b\u0107 szyld\u00f3w, nawet je\u015bli ogranicza to gam\u0119 materia\u0142\u00f3w, z kt\u00f3rych mo\u017cna je wykona\u0107,<\/li>\n<li>tablice informuj\u0105ce o finansowaniu inwestycji publicznych ze \u015brodk\u00f3w zewn\u0119trznych,<\/li>\n<li>szyldy b\u0119d\u0105ce muralami.<\/li>\n<\/ul>\n<h3><\/h3>\n<h3>Brak nowej uchwa\u0142y intencyjnej<\/h3>\n<p>Warszawa nie uchwali\u0142a nowej uchwa\u0142y intencyjnej, mimo zalecenia NSA przedstawionego podczas og\u0142aszania wyroku. Prace nad now\u0105 uchwa\u0142\u0105 rozpocz\u0119\u0142y si\u0119 pod koniec 2021 roku. 24 lutego 2023 roku projekt warszawskiej uchwa\u0142y krajobrazowej wy\u0142o\u017cono do publicznego wgl\u0105du. Zgodnie z przewidywaniami nie wprowadzono oczywi\u015bcie istotnej zmiany.<\/p>\n<p>&nbsp;<\/p>\n<p>Poni\u017cej przedstawiam g\u0142\u00f3wne za\u0142o\u017cenia projektu w Warszawie:<\/p>\n<p>&nbsp;<\/p>\n<ul>\n<li>strefy \u2013 3, dodatkowo uchwa\u0142a wyodr\u0119bnia ci\u0105gi komunikacyjne;<\/li>\n<li>maksymalny format reklamy wolnostoj\u0105cej \u2013 18m<sup>2<\/sup>;<\/li>\n<li>reklama na elewacji podczas remont\u00f3w \u2013 mo\u017cna j\u0105 eksponowa\u0107 na niewielkiej cz\u0119\u015bci powierzchni siatki os\u0142onowej, maksymalnie przez 9 miesi\u0119cy, raz na 5 lat;<\/li>\n<li>reklama na elewacji \u2013 preferowane s\u0105 murale;<\/li>\n<li>szyldy \u2013 liczba i wielko\u015b\u0107 szyld\u00f3w s\u0105 ograniczone. Preferowan\u0105 form\u0105 szyld\u00f3w s\u0105 litery przestrzenne;<\/li>\n<li>reklama cyfrowa \u2013 w du\u017cym stopniu ograniczona mo\u017cliwo\u015bciami technicznymi;<\/li>\n<li>okres dostosowania \u2013 3 lata dla szyld\u00f3w, dla pozosta\u0142ych no\u015bnik\u00f3w 2 lata;<\/li>\n<li>warunki dostosowania \u2013 cz\u0119\u015bciowo okre\u015blone;<\/li>\n<li>prawa nabyte \u2013 nieuwzgl\u0119dnione.<\/li>\n<\/ul>\n<p>&nbsp;<\/p>\n<p>Po wyroku Trybuna\u0142u wiadomo, \u017ce uchwa\u0142a w tej formie nie trafi pod g\u0142osowanie. Oczywi\u015bcie konieczne b\u0119d\u0105 zmiany, du\u017cy wp\u0142yw na kszta\u0142t nowej uchwa\u0142y b\u0119d\u0105 mia\u0142y kolejne wyroki s\u0105d\u00f3w i ich interpretacje.\u00a0 W rezultacie wy\u0142o\u017cenia nowego projektu mo\u017cna spodziewa\u0107 si\u0119 w tym roku.<\/p>\n<p>&nbsp;<\/p>\n<p>Ze starym projektem uchwa\u0142y mo\u017cna zapozna\u0107 si\u0119 pod adresem:\u00a0\u00a0<a href=\"https:\/\/architektura.um.warszawa.pl\/uchwala-krajobrazowa\">https:\/\/architektura.um.warszawa.pl\/uchwala-krajobrazowa<\/a><\/p>\n<p>&nbsp;<\/p>\n<p>Z wyrokiem WSA w Warszawie mo\u017cna zapozna\u0107 si\u0119 pod adresem:\u00a0 <a href=\"http:\/\/www.orzeczenia-nsa.pl\/wyrok\/iv-sa-wa-899-20\/229ec0c.html\">http:\/\/www.orzeczenia-nsa.pl\/wyrok\/iv-sa-wa-899-20\/229ec0c.html<\/a><u>\u00a0\u00a0<\/u><\/p>\n<p>&nbsp;<\/p>\n<p>Z wyrokiem NSA mo\u017cna zapozna\u0107 si\u0119 pod adresem:\u00a0 <a href=\"https:\/\/orzeczenia.nsa.gov.pl\/doc\/46E6BF7005\">https:\/\/orzeczenia.nsa.gov.pl\/doc\/46E6BF7005<\/a><\/p>\n<p>&nbsp;<\/p>\n<p>Wi\u0119cej o uchwale krajobrazowej:<\/p>\n<p><a href=\"https:\/\/jetline.pl\/aktualnosci\/uchwaly-krajobrazowe-w-warszawie\">Uchwa\u0142a krajobrazowa w Warszawie - Jet Line<\/a><\/p>\n","protected":false},"author":16,"featured_media":1678,"template":"","ustawa_cat":[7],"class_list":["post-1782","ustawa","type-ustawa","status-publish","has-post-thumbnail","hentry","ustawa_cat-warszawa"],"acf":[],"yoast_head":"<!-- This site is optimized with the Yoast SEO plugin v27.5 - https:\/\/yoast.com\/product\/yoast-seo-wordpress\/ -->\n<title>Warszawa \u2013 uchwa\u0142a krajobrazowa uchylona w ca\u0142o\u015bci<\/title>\n<meta name=\"description\" content=\"Warszawska uchwa\u0142a krajobrazowa zosta\u0142a ustanowiona na sesji Rady Miasta 16 stycznia 2020 roku.\u00a0 Miesi\u0105c p\u00f3\u017aniej Wojewoda Mazowiecki...\" \/>\n<meta name=\"robots\" content=\"index, follow, max-snippet:-1, max-image-preview:large, max-video-preview:-1\" \/>\n<link rel=\"canonical\" href=\"https:\/\/jetline.pl\/en\/ustawa-krajobrazowa\/warszawa-uchwala-krajobrazowa-uchylona-w-calosci\/\" \/>\n<meta property=\"og:locale\" content=\"en_US\" \/>\n<meta property=\"og:type\" content=\"article\" \/>\n<meta property=\"og:title\" content=\"Warszawa \u2013 uchwa\u0142a krajobrazowa uchylona w ca\u0142o\u015bci\" \/>\n<meta property=\"og:description\" content=\"Warszawska uchwa\u0142a krajobrazowa zosta\u0142a ustanowiona na sesji Rady Miasta 16 stycznia 2020 roku.\u00a0 Miesi\u0105c p\u00f3\u017aniej Wojewoda Mazowiecki...\" \/>\n<meta property=\"og:url\" content=\"https:\/\/jetline.pl\/en\/ustawa-krajobrazowa\/warszawa-uchwala-krajobrazowa-uchylona-w-calosci\/\" \/>\n<meta property=\"og:site_name\" content=\"Jet Line\" \/>\n<meta property=\"article:modified_time\" content=\"2025-02-28T09:53:05+00:00\" \/>\n<meta property=\"og:image\" content=\"https:\/\/jetline.pl\/wp-content\/uploads\/2024\/09\/AdobeStock_229651907-scaled-1.jpeg\" \/>\n\t<meta property=\"og:image:width\" content=\"2560\" \/>\n\t<meta property=\"og:image:height\" content=\"1608\" \/>\n\t<meta property=\"og:image:type\" content=\"image\/jpeg\" \/>\n<meta name=\"twitter:card\" content=\"summary_large_image\" \/>\n<meta name=\"twitter:label1\" content=\"Est. reading time\" \/>\n\t<meta name=\"twitter:data1\" content=\"3 minutes\" \/>\n<script type=\"application\/ld+json\" class=\"yoast-schema-graph\">{\"@context\":\"https:\\\/\\\/schema.org\",\"@graph\":[{\"@type\":\"WebPage\",\"@id\":\"https:\\\/\\\/jetline.pl\\\/en\\\/ustawa-krajobrazowa\\\/warszawa-uchwala-krajobrazowa-uchylona-w-calosci\\\/\",\"url\":\"https:\\\/\\\/jetline.pl\\\/en\\\/ustawa-krajobrazowa\\\/warszawa-uchwala-krajobrazowa-uchylona-w-calosci\\\/\",\"name\":\"Warszawa \u2013 uchwa\u0142a krajobrazowa uchylona w ca\u0142o\u015bci\",\"isPartOf\":{\"@id\":\"https:\\\/\\\/jetline.pl\\\/en\\\/#website\"},\"primaryImageOfPage\":{\"@id\":\"https:\\\/\\\/jetline.pl\\\/en\\\/ustawa-krajobrazowa\\\/warszawa-uchwala-krajobrazowa-uchylona-w-calosci\\\/#primaryimage\"},\"image\":{\"@id\":\"https:\\\/\\\/jetline.pl\\\/en\\\/ustawa-krajobrazowa\\\/warszawa-uchwala-krajobrazowa-uchylona-w-calosci\\\/#primaryimage\"},\"thumbnailUrl\":\"https:\\\/\\\/jetline.pl\\\/wp-content\\\/uploads\\\/2024\\\/09\\\/AdobeStock_229651907-scaled-1.jpeg\",\"datePublished\":\"2024-03-11T07:29:31+00:00\",\"dateModified\":\"2025-02-28T09:53:05+00:00\",\"description\":\"Warszawska uchwa\u0142a krajobrazowa zosta\u0142a ustanowiona na sesji Rady Miasta 16 stycznia 2020 roku.\u00a0 Miesi\u0105c p\u00f3\u017aniej Wojewoda Mazowiecki...\",\"breadcrumb\":{\"@id\":\"https:\\\/\\\/jetline.pl\\\/en\\\/ustawa-krajobrazowa\\\/warszawa-uchwala-krajobrazowa-uchylona-w-calosci\\\/#breadcrumb\"},\"inLanguage\":\"en-US\",\"potentialAction\":[{\"@type\":\"ReadAction\",\"target\":[\"https:\\\/\\\/jetline.pl\\\/en\\\/ustawa-krajobrazowa\\\/warszawa-uchwala-krajobrazowa-uchylona-w-calosci\\\/\"]}]},{\"@type\":\"ImageObject\",\"inLanguage\":\"en-US\",\"@id\":\"https:\\\/\\\/jetline.pl\\\/en\\\/ustawa-krajobrazowa\\\/warszawa-uchwala-krajobrazowa-uchylona-w-calosci\\\/#primaryimage\",\"url\":\"https:\\\/\\\/jetline.pl\\\/wp-content\\\/uploads\\\/2024\\\/09\\\/AdobeStock_229651907-scaled-1.jpeg\",\"contentUrl\":\"https:\\\/\\\/jetline.pl\\\/wp-content\\\/uploads\\\/2024\\\/09\\\/AdobeStock_229651907-scaled-1.jpeg\",\"width\":2560,\"height\":1608},{\"@type\":\"BreadcrumbList\",\"@id\":\"https:\\\/\\\/jetline.pl\\\/en\\\/ustawa-krajobrazowa\\\/warszawa-uchwala-krajobrazowa-uchylona-w-calosci\\\/#breadcrumb\",\"itemListElement\":[{\"@type\":\"ListItem\",\"position\":1,\"name\":\"Strona g\u0142\u00f3wna\",\"item\":\"https:\\\/\\\/jetline.pl\\\/en\\\/\"},{\"@type\":\"ListItem\",\"position\":2,\"name\":\"Ustawa krajobrazowa\",\"item\":\"https:\\\/\\\/jetline.pl\\\/en\\\/ustawa-krajobrazowa\\\/\"},{\"@type\":\"ListItem\",\"position\":3,\"name\":\"Warszawa \u2013 uchwa\u0142a krajobrazowa uchylona w ca\u0142o\u015bci\"}]},{\"@type\":\"WebSite\",\"@id\":\"https:\\\/\\\/jetline.pl\\\/en\\\/#website\",\"url\":\"https:\\\/\\\/jetline.pl\\\/en\\\/\",\"name\":\"Jet Line\",\"description\":\"Tworzymy przestrze\u0144 do komunikacji\",\"publisher\":{\"@id\":\"https:\\\/\\\/jetline.pl\\\/en\\\/#organization\"},\"potentialAction\":[{\"@type\":\"SearchAction\",\"target\":{\"@type\":\"EntryPoint\",\"urlTemplate\":\"https:\\\/\\\/jetline.pl\\\/en\\\/?s={search_term_string}\"},\"query-input\":{\"@type\":\"PropertyValueSpecification\",\"valueRequired\":true,\"valueName\":\"search_term_string\"}}],\"inLanguage\":\"en-US\"},{\"@type\":\"Organization\",\"@id\":\"https:\\\/\\\/jetline.pl\\\/en\\\/#organization\",\"name\":\"Jet Line\",\"url\":\"https:\\\/\\\/jetline.pl\\\/en\\\/\",\"logo\":{\"@type\":\"ImageObject\",\"inLanguage\":\"en-US\",\"@id\":\"https:\\\/\\\/jetline.pl\\\/en\\\/#\\\/schema\\\/logo\\\/image\\\/\",\"url\":\"https:\\\/\\\/jetline.pl\\\/wp-content\\\/uploads\\\/2024\\\/09\\\/logo_poziom_logo_poziom_czerwone-1.png\",\"contentUrl\":\"https:\\\/\\\/jetline.pl\\\/wp-content\\\/uploads\\\/2024\\\/09\\\/logo_poziom_logo_poziom_czerwone-1.png\",\"width\":4946,\"height\":2016,\"caption\":\"Jet Line\"},\"image\":{\"@id\":\"https:\\\/\\\/jetline.pl\\\/en\\\/#\\\/schema\\\/logo\\\/image\\\/\"}}]}<\/script>\n<!-- \/ Yoast SEO plugin. -->","yoast_head_json":{"title":"Warszawa \u2013 uchwa\u0142a krajobrazowa uchylona w ca\u0142o\u015bci","description":"Warszawska uchwa\u0142a krajobrazowa zosta\u0142a ustanowiona na sesji Rady Miasta 16 stycznia 2020 roku.\u00a0 Miesi\u0105c p\u00f3\u017aniej Wojewoda Mazowiecki...","robots":{"index":"index","follow":"follow","max-snippet":"max-snippet:-1","max-image-preview":"max-image-preview:large","max-video-preview":"max-video-preview:-1"},"canonical":"https:\/\/jetline.pl\/en\/ustawa-krajobrazowa\/warszawa-uchwala-krajobrazowa-uchylona-w-calosci\/","og_locale":"en_US","og_type":"article","og_title":"Warszawa \u2013 uchwa\u0142a krajobrazowa uchylona w ca\u0142o\u015bci","og_description":"Warszawska uchwa\u0142a krajobrazowa zosta\u0142a ustanowiona na sesji Rady Miasta 16 stycznia 2020 roku.\u00a0 Miesi\u0105c p\u00f3\u017aniej Wojewoda Mazowiecki...","og_url":"https:\/\/jetline.pl\/en\/ustawa-krajobrazowa\/warszawa-uchwala-krajobrazowa-uchylona-w-calosci\/","og_site_name":"Jet Line","article_modified_time":"2025-02-28T09:53:05+00:00","og_image":[{"width":2560,"height":1608,"url":"https:\/\/jetline.pl\/wp-content\/uploads\/2024\/09\/AdobeStock_229651907-scaled-1.jpeg","type":"image\/jpeg"}],"twitter_card":"summary_large_image","twitter_misc":{"Est. reading time":"3 minutes"},"schema":{"@context":"https:\/\/schema.org","@graph":[{"@type":"WebPage","@id":"https:\/\/jetline.pl\/en\/ustawa-krajobrazowa\/warszawa-uchwala-krajobrazowa-uchylona-w-calosci\/","url":"https:\/\/jetline.pl\/en\/ustawa-krajobrazowa\/warszawa-uchwala-krajobrazowa-uchylona-w-calosci\/","name":"Warszawa \u2013 uchwa\u0142a krajobrazowa uchylona w ca\u0142o\u015bci","isPartOf":{"@id":"https:\/\/jetline.pl\/en\/#website"},"primaryImageOfPage":{"@id":"https:\/\/jetline.pl\/en\/ustawa-krajobrazowa\/warszawa-uchwala-krajobrazowa-uchylona-w-calosci\/#primaryimage"},"image":{"@id":"https:\/\/jetline.pl\/en\/ustawa-krajobrazowa\/warszawa-uchwala-krajobrazowa-uchylona-w-calosci\/#primaryimage"},"thumbnailUrl":"https:\/\/jetline.pl\/wp-content\/uploads\/2024\/09\/AdobeStock_229651907-scaled-1.jpeg","datePublished":"2024-03-11T07:29:31+00:00","dateModified":"2025-02-28T09:53:05+00:00","description":"Warszawska uchwa\u0142a krajobrazowa zosta\u0142a ustanowiona na sesji Rady Miasta 16 stycznia 2020 roku.\u00a0 Miesi\u0105c p\u00f3\u017aniej Wojewoda Mazowiecki...","breadcrumb":{"@id":"https:\/\/jetline.pl\/en\/ustawa-krajobrazowa\/warszawa-uchwala-krajobrazowa-uchylona-w-calosci\/#breadcrumb"},"inLanguage":"en-US","potentialAction":[{"@type":"ReadAction","target":["https:\/\/jetline.pl\/en\/ustawa-krajobrazowa\/warszawa-uchwala-krajobrazowa-uchylona-w-calosci\/"]}]},{"@type":"ImageObject","inLanguage":"en-US","@id":"https:\/\/jetline.pl\/en\/ustawa-krajobrazowa\/warszawa-uchwala-krajobrazowa-uchylona-w-calosci\/#primaryimage","url":"https:\/\/jetline.pl\/wp-content\/uploads\/2024\/09\/AdobeStock_229651907-scaled-1.jpeg","contentUrl":"https:\/\/jetline.pl\/wp-content\/uploads\/2024\/09\/AdobeStock_229651907-scaled-1.jpeg","width":2560,"height":1608},{"@type":"BreadcrumbList","@id":"https:\/\/jetline.pl\/en\/ustawa-krajobrazowa\/warszawa-uchwala-krajobrazowa-uchylona-w-calosci\/#breadcrumb","itemListElement":[{"@type":"ListItem","position":1,"name":"Strona g\u0142\u00f3wna","item":"https:\/\/jetline.pl\/en\/"},{"@type":"ListItem","position":2,"name":"Ustawa krajobrazowa","item":"https:\/\/jetline.pl\/en\/ustawa-krajobrazowa\/"},{"@type":"ListItem","position":3,"name":"Warszawa \u2013 uchwa\u0142a krajobrazowa uchylona w ca\u0142o\u015bci"}]},{"@type":"WebSite","@id":"https:\/\/jetline.pl\/en\/#website","url":"https:\/\/jetline.pl\/en\/","name":"Jet Line","description":"Tworzymy przestrze\u0144 do komunikacji","publisher":{"@id":"https:\/\/jetline.pl\/en\/#organization"},"potentialAction":[{"@type":"SearchAction","target":{"@type":"EntryPoint","urlTemplate":"https:\/\/jetline.pl\/en\/?s={search_term_string}"},"query-input":{"@type":"PropertyValueSpecification","valueRequired":true,"valueName":"search_term_string"}}],"inLanguage":"en-US"},{"@type":"Organization","@id":"https:\/\/jetline.pl\/en\/#organization","name":"Jet Line","url":"https:\/\/jetline.pl\/en\/","logo":{"@type":"ImageObject","inLanguage":"en-US","@id":"https:\/\/jetline.pl\/en\/#\/schema\/logo\/image\/","url":"https:\/\/jetline.pl\/wp-content\/uploads\/2024\/09\/logo_poziom_logo_poziom_czerwone-1.png","contentUrl":"https:\/\/jetline.pl\/wp-content\/uploads\/2024\/09\/logo_poziom_logo_poziom_czerwone-1.png","width":4946,"height":2016,"caption":"Jet Line"},"image":{"@id":"https:\/\/jetline.pl\/en\/#\/schema\/logo\/image\/"}}]}},"_links":{"self":[{"href":"https:\/\/jetline.pl\/en\/wp-json\/wp\/v2\/ustawa\/1782","targetHints":{"allow":["GET"]}}],"collection":[{"href":"https:\/\/jetline.pl\/en\/wp-json\/wp\/v2\/ustawa"}],"about":[{"href":"https:\/\/jetline.pl\/en\/wp-json\/wp\/v2\/types\/ustawa"}],"author":[{"embeddable":true,"href":"https:\/\/jetline.pl\/en\/wp-json\/wp\/v2\/users\/16"}],"wp:featuredmedia":[{"embeddable":true,"href":"https:\/\/jetline.pl\/en\/wp-json\/wp\/v2\/media\/1678"}],"wp:attachment":[{"href":"https:\/\/jetline.pl\/en\/wp-json\/wp\/v2\/media?parent=1782"}],"wp:term":[{"taxonomy":"ustawa_cat","embeddable":true,"href":"https:\/\/jetline.pl\/en\/wp-json\/wp\/v2\/ustawa_cat?post=1782"}],"curies":[{"name":"wp","href":"https:\/\/api.w.org\/{rel}","templated":true}]}}