{"id":1784,"date":"2024-03-11T08:28:50","date_gmt":"2024-03-11T07:28:50","guid":{"rendered":"https:\/\/jetline.presb.pl\/ustawa-krajobrazowa\/krakow-uchwala-krajobrazowa-obowiazujaca-po-okresie-dostosowania\/"},"modified":"2024-09-16T14:01:49","modified_gmt":"2024-09-16T12:01:49","slug":"krakow-uchwala-krajobrazowa-obowiazujaca-po-okresie-dostosowania","status":"publish","type":"ustawa","link":"https:\/\/jetline.pl\/en\/ustawa-krajobrazowa\/krakow-uchwala-krajobrazowa-obowiazujaca-po-okresie-dostosowania\/","title":{"rendered":"Krak\u00f3w \u2013 uchwa\u0142a krajobrazowa obowi\u0105zuj\u0105ca po okresie dostosowania"},"content":{"rendered":"<p>Jak wygl\u0105da uchwa\u0142a krajobrazowa w Krakowie?<\/p>\n<p>Prace nad uchwa\u0142\u0105 w Krakowie rozpocz\u0119\u0142y si\u0119 w pa\u017adzierniku 2015 roku. Przez ten czas wy\u0142o\u017cono 3 projekty. 26 lutego 2020 roku Rada Miasta Krakowa zdecydowan\u0105 wi\u0119kszo\u015bci\u0105 g\u0142os\u00f3w przyj\u0119\u0142a uchwa\u0142\u0119 krajobrazow\u0105. Uchwa\u0142\u0119 opublikowano 9 marca 2020 roku w \u00a0Dzienniku Urz\u0119dowym Wojew\u00f3dztwa Ma\u0142opolskiego i zacz\u0119\u0142a obowi\u0105zywa\u0107 1 lipca 2020 roku.<\/p>\n<h3><strong>G\u0142\u00f3wne regulacje wygl\u0105daj\u0105 nast\u0119puj\u0105co:<\/strong><\/h3>\n<ul>\n<li>strefy \u2013 5; dodatkowo uchwa\u0142a okre\u015bla inne warunki dla ci\u0105g\u00f3w komunikacyjnych i teren\u00f3w sklep\u00f3w wielkopowierzchniowych i stacji benzynowych;<\/li>\n<li>maksymalny format reklamy wolnostoj\u0105cej \u2013 18m<sup>2<\/sup>;<\/li>\n<li>reklama na elewacji podczas remont\u00f3w, kt\u00f3ra jest dopuszczona tylko w niekt\u00f3rych strefach. Ekspozycja reklamy mo\u017ce stanowi\u0107 do 50% powierzchni banneru. Reklama mo\u017ce by\u0107 eksponowana maksymalnie przez 12 miesi\u0119cy raz na 7 lat;<\/li>\n<li>szyldy \u2013 liczba i wielko\u015b\u0107 szyld\u00f3w s\u0105 bardzo ograniczone i zmieniaj\u0105 si\u0119 w zale\u017cno\u015bci od strefy, wysoko\u015bci i przeznaczenia obiektu, miejsca umieszczenia. Preferowan\u0105 form\u0105 szyld\u00f3w s\u0105 litery przestrzenne;<\/li>\n<li>reklama cyfrowa \u2013 praktycznie zakazana, za wyj\u0105tkiem no\u015bnik\u00f3w CLP \u00a0i ekranu o powierzchni ponad 5 tys. m. Ekran zamontowano na Tauron Arena w Krakowie, gdzie w rezultacie reklama jest mo\u017cliwa w czasie imprez;<\/li>\n<li>murale \u2013 znacz\u0105co ograniczone;<\/li>\n<li>okresy dostosowania \u2013 2 lata;<\/li>\n<li>warunki dostosowania \u2013 cz\u0119\u015bciowo okre\u015blone;<\/li>\n<li>prawa nabyte \u2013 nieuwzgl\u0119dnione.<\/li>\n<\/ul>\n<p>Okres dostosowania dla reklam, kt\u00f3re istnia\u0142y przed wprowadzeniem uchwa\u0142y krajobrazowej min\u0105\u0142 1 lipca 2022 roku. 30 wrze\u015bnia 2020 roku na sesji Rady Miasta Krakowa, odby\u0142o si\u0119 pierwsze czytanie projektu uchwa\u0142y, kt\u00f3re dotyczy\u0142o przede wszystkim wprowadzenia op\u0142aty reklamowej. W efekcie uchwa\u0142a nie znalaz\u0142a poparcia u radnych.<\/p>\n<p>1 grudnia 2022 roku Prezydent Miasta Krakowa wyda\u0142 zarz\u0105dzenie powo\u0142uj\u0105ce zesp\u00f3\u0142 zadaniowy ds. zmian w uchwale krajobrazowej. W uzasadnieniu mo\u017cemy przeczyta\u0107, i\u017c zesp\u00f3l powsta\u0142 \u201eW trosce o jako\u015b\u0107 przestrzeni i krajobrazu miasta Krakowa, chc\u0105c zapewni\u0107 skuteczno\u015b\u0107 egzekwowania przepis\u00f3w uchwa\u0142y (\u2026), oraz maj\u0105c na wzgl\u0119dzie potrzeb\u0119 przeanalizowania zasadno\u015bci wprowadzenia zmian w tej uchwale, w zakresie przepis\u00f3w, kt\u00f3rych stosowanie budzi w\u0105tpliwo\u015bci interpretacyjne, jak r\u00f3wnie\u017c ewentualnej potrzeby uzupe\u0142nienia uchwa\u0142y krajobrazowej o nowe przepisy, kt\u00f3rych potrzeba ujawni\u0142a si\u0119 w zwi\u0105zku z jej stosowaniem\u2026\u201d.<\/p>\n<h3><strong>Zesp\u00f3\u0142 uleg\u0142 rozwi\u0105zaniu w po\u0142owie 2023 roku, po przedstawieniu ko\u0144cowego efektu pracy:<\/strong><\/h3>\n<p>- listy zg\u0142aszanych uwag ze wskazaniem rekomendacji pozytywnej lub negatywnej,<\/p>\n<p>- listy propozycji zmian przepis\u00f3w<\/p>\n<p>- nowego projektu uchwa\u0142y krajobrazowej<\/p>\n<p>Projekt nie przedstawiono publicznie, z nieoficjalnych informacji wiadomo, \u017ce zmiany s\u0105 kosmetyczne i dotycz\u0105 g\u0142\u00f3wnie szyld\u00f3w.<\/p>\n<p>W wyniku prac zespo\u0142u, problem\u00f3w zwi\u0105zanych z zapisami uchwa\u0142y oraz dyskusj\u0105 w radzie - 11 pa\u017adziernika 2023 roku na sesji Rady Miasta Krakowa podj\u0119to now\u0105 uchwa\u0142\u0119 intencyjn\u0105, zobowi\u0105zuj\u0105c\u0105 prezydenta miasta do napisania nowej uchwa\u0142y krajobrazowej.<\/p>\n<p>Nale\u017cy r\u00f3wnie\u017c wspomnie\u0107, \u017ce w Krakowie s\u0105 trzy parki kulturowe: Stare Miasto (od 2010 roku), Nowa Huta (od 2019 roku) oraz\u00a0Kazimierz ze Stradomiem (od 2022 roku). Trwaj\u0105 te\u017c prace nad utworzeniem parku kulturowego Stare Podg\u00f3rze z Krzemionkami oraz nowelizacj\u0105 uchwa\u0142y o parku kulturowym Nowa Huta.<\/p>\n<p>Wszystkie dokumenty dotycz\u0105ce uchwa\u0142y znajduj\u0105 si\u0119 na stronie BIP:\u00a0 <a href=\"https:\/\/www.bip.krakow.pl\/?bip_id=1&amp;mmi=22515\">https:\/\/www.bip.krakow.pl\/?bip_id=1&amp;mmi=22515<\/a><\/p>\n<p>Wi\u0119cej o uchwa\u0142ach krajobrazowych:<\/p>\n<p><a href=\"https:\/\/jetline.pl\/aktualnosci\/uchwaly-krajobrazowe-w-krakowie\">Uchwa\u0142a krajobrazowa w Krakowie - Jet Line<\/a><\/p>\n","protected":false},"author":16,"featured_media":1682,"template":"","ustawa_cat":[561],"class_list":["post-1784","ustawa","type-ustawa","status-publish","has-post-thumbnail","hentry","ustawa_cat-krakow"],"acf":[],"yoast_head":"<!-- This site is optimized with the Yoast SEO plugin v27.5 - https:\/\/yoast.com\/product\/yoast-seo-wordpress\/ -->\n<title>Uchwa\u0142a krajobrazowa - Krak\u00f3w<\/title>\n<meta name=\"description\" content=\"Jak wygl\u0105da uchwa\u0142a krajobrazowa w Krakowie?Prace nad uchwa\u0142\u0105 w Krakowie rozpocz\u0119\u0142y si\u0119 w pa\u017adzierniku 2015 roku.\" \/>\n<meta name=\"robots\" content=\"index, follow, max-snippet:-1, max-image-preview:large, max-video-preview:-1\" \/>\n<link rel=\"canonical\" href=\"https:\/\/jetline.pl\/en\/ustawa-krajobrazowa\/krakow-uchwala-krajobrazowa-obowiazujaca-po-okresie-dostosowania\/\" \/>\n<meta property=\"og:locale\" content=\"en_US\" \/>\n<meta property=\"og:type\" content=\"article\" \/>\n<meta property=\"og:title\" content=\"Uchwa\u0142a krajobrazowa - Krak\u00f3w\" \/>\n<meta property=\"og:description\" content=\"Jak wygl\u0105da uchwa\u0142a krajobrazowa w Krakowie?Prace nad uchwa\u0142\u0105 w Krakowie rozpocz\u0119\u0142y si\u0119 w pa\u017adzierniku 2015 roku.\" \/>\n<meta property=\"og:url\" content=\"https:\/\/jetline.pl\/en\/ustawa-krajobrazowa\/krakow-uchwala-krajobrazowa-obowiazujaca-po-okresie-dostosowania\/\" \/>\n<meta property=\"og:site_name\" content=\"Jet Line\" \/>\n<meta property=\"article:modified_time\" content=\"2024-09-16T12:01:49+00:00\" \/>\n<meta property=\"og:image\" content=\"https:\/\/jetline.pl\/wp-content\/uploads\/2024\/09\/AdobeStock_494683764-scaled-1.jpeg\" \/>\n\t<meta property=\"og:image:width\" content=\"2560\" \/>\n\t<meta property=\"og:image:height\" content=\"1440\" \/>\n\t<meta property=\"og:image:type\" content=\"image\/jpeg\" \/>\n<meta name=\"twitter:card\" content=\"summary_large_image\" \/>\n<meta name=\"twitter:label1\" content=\"Est. reading time\" \/>\n\t<meta name=\"twitter:data1\" content=\"3 minutes\" \/>\n<script type=\"application\/ld+json\" class=\"yoast-schema-graph\">{\"@context\":\"https:\\\/\\\/schema.org\",\"@graph\":[{\"@type\":\"WebPage\",\"@id\":\"https:\\\/\\\/jetline.pl\\\/en\\\/ustawa-krajobrazowa\\\/krakow-uchwala-krajobrazowa-obowiazujaca-po-okresie-dostosowania\\\/\",\"url\":\"https:\\\/\\\/jetline.pl\\\/en\\\/ustawa-krajobrazowa\\\/krakow-uchwala-krajobrazowa-obowiazujaca-po-okresie-dostosowania\\\/\",\"name\":\"Uchwa\u0142a krajobrazowa - Krak\u00f3w\",\"isPartOf\":{\"@id\":\"https:\\\/\\\/jetline.pl\\\/en\\\/#website\"},\"primaryImageOfPage\":{\"@id\":\"https:\\\/\\\/jetline.pl\\\/en\\\/ustawa-krajobrazowa\\\/krakow-uchwala-krajobrazowa-obowiazujaca-po-okresie-dostosowania\\\/#primaryimage\"},\"image\":{\"@id\":\"https:\\\/\\\/jetline.pl\\\/en\\\/ustawa-krajobrazowa\\\/krakow-uchwala-krajobrazowa-obowiazujaca-po-okresie-dostosowania\\\/#primaryimage\"},\"thumbnailUrl\":\"https:\\\/\\\/jetline.pl\\\/wp-content\\\/uploads\\\/2024\\\/09\\\/AdobeStock_494683764-scaled-1.jpeg\",\"datePublished\":\"2024-03-11T07:28:50+00:00\",\"dateModified\":\"2024-09-16T12:01:49+00:00\",\"description\":\"Jak wygl\u0105da uchwa\u0142a krajobrazowa w Krakowie?Prace nad uchwa\u0142\u0105 w Krakowie rozpocz\u0119\u0142y si\u0119 w pa\u017adzierniku 2015 roku.\",\"breadcrumb\":{\"@id\":\"https:\\\/\\\/jetline.pl\\\/en\\\/ustawa-krajobrazowa\\\/krakow-uchwala-krajobrazowa-obowiazujaca-po-okresie-dostosowania\\\/#breadcrumb\"},\"inLanguage\":\"en-US\",\"potentialAction\":[{\"@type\":\"ReadAction\",\"target\":[\"https:\\\/\\\/jetline.pl\\\/en\\\/ustawa-krajobrazowa\\\/krakow-uchwala-krajobrazowa-obowiazujaca-po-okresie-dostosowania\\\/\"]}]},{\"@type\":\"ImageObject\",\"inLanguage\":\"en-US\",\"@id\":\"https:\\\/\\\/jetline.pl\\\/en\\\/ustawa-krajobrazowa\\\/krakow-uchwala-krajobrazowa-obowiazujaca-po-okresie-dostosowania\\\/#primaryimage\",\"url\":\"https:\\\/\\\/jetline.pl\\\/wp-content\\\/uploads\\\/2024\\\/09\\\/AdobeStock_494683764-scaled-1.jpeg\",\"contentUrl\":\"https:\\\/\\\/jetline.pl\\\/wp-content\\\/uploads\\\/2024\\\/09\\\/AdobeStock_494683764-scaled-1.jpeg\",\"width\":2560,\"height\":1440},{\"@type\":\"BreadcrumbList\",\"@id\":\"https:\\\/\\\/jetline.pl\\\/en\\\/ustawa-krajobrazowa\\\/krakow-uchwala-krajobrazowa-obowiazujaca-po-okresie-dostosowania\\\/#breadcrumb\",\"itemListElement\":[{\"@type\":\"ListItem\",\"position\":1,\"name\":\"Strona g\u0142\u00f3wna\",\"item\":\"https:\\\/\\\/jetline.pl\\\/en\\\/\"},{\"@type\":\"ListItem\",\"position\":2,\"name\":\"Ustawa krajobrazowa\",\"item\":\"https:\\\/\\\/jetline.pl\\\/en\\\/ustawa-krajobrazowa\\\/\"},{\"@type\":\"ListItem\",\"position\":3,\"name\":\"Krak\u00f3w \u2013 uchwa\u0142a krajobrazowa obowi\u0105zuj\u0105ca po okresie dostosowania\"}]},{\"@type\":\"WebSite\",\"@id\":\"https:\\\/\\\/jetline.pl\\\/en\\\/#website\",\"url\":\"https:\\\/\\\/jetline.pl\\\/en\\\/\",\"name\":\"Jet Line\",\"description\":\"Tworzymy przestrze\u0144 do komunikacji\",\"publisher\":{\"@id\":\"https:\\\/\\\/jetline.pl\\\/en\\\/#organization\"},\"potentialAction\":[{\"@type\":\"SearchAction\",\"target\":{\"@type\":\"EntryPoint\",\"urlTemplate\":\"https:\\\/\\\/jetline.pl\\\/en\\\/?s={search_term_string}\"},\"query-input\":{\"@type\":\"PropertyValueSpecification\",\"valueRequired\":true,\"valueName\":\"search_term_string\"}}],\"inLanguage\":\"en-US\"},{\"@type\":\"Organization\",\"@id\":\"https:\\\/\\\/jetline.pl\\\/en\\\/#organization\",\"name\":\"Jet Line\",\"url\":\"https:\\\/\\\/jetline.pl\\\/en\\\/\",\"logo\":{\"@type\":\"ImageObject\",\"inLanguage\":\"en-US\",\"@id\":\"https:\\\/\\\/jetline.pl\\\/en\\\/#\\\/schema\\\/logo\\\/image\\\/\",\"url\":\"https:\\\/\\\/jetline.pl\\\/wp-content\\\/uploads\\\/2024\\\/09\\\/logo_poziom_logo_poziom_czerwone-1.png\",\"contentUrl\":\"https:\\\/\\\/jetline.pl\\\/wp-content\\\/uploads\\\/2024\\\/09\\\/logo_poziom_logo_poziom_czerwone-1.png\",\"width\":4946,\"height\":2016,\"caption\":\"Jet Line\"},\"image\":{\"@id\":\"https:\\\/\\\/jetline.pl\\\/en\\\/#\\\/schema\\\/logo\\\/image\\\/\"}}]}<\/script>\n<!-- \/ Yoast SEO plugin. -->","yoast_head_json":{"title":"Uchwa\u0142a krajobrazowa - Krak\u00f3w","description":"Jak wygl\u0105da uchwa\u0142a krajobrazowa w Krakowie?Prace nad uchwa\u0142\u0105 w Krakowie rozpocz\u0119\u0142y si\u0119 w pa\u017adzierniku 2015 roku.","robots":{"index":"index","follow":"follow","max-snippet":"max-snippet:-1","max-image-preview":"max-image-preview:large","max-video-preview":"max-video-preview:-1"},"canonical":"https:\/\/jetline.pl\/en\/ustawa-krajobrazowa\/krakow-uchwala-krajobrazowa-obowiazujaca-po-okresie-dostosowania\/","og_locale":"en_US","og_type":"article","og_title":"Uchwa\u0142a krajobrazowa - Krak\u00f3w","og_description":"Jak wygl\u0105da uchwa\u0142a krajobrazowa w Krakowie?Prace nad uchwa\u0142\u0105 w Krakowie rozpocz\u0119\u0142y si\u0119 w pa\u017adzierniku 2015 roku.","og_url":"https:\/\/jetline.pl\/en\/ustawa-krajobrazowa\/krakow-uchwala-krajobrazowa-obowiazujaca-po-okresie-dostosowania\/","og_site_name":"Jet Line","article_modified_time":"2024-09-16T12:01:49+00:00","og_image":[{"width":2560,"height":1440,"url":"https:\/\/jetline.pl\/wp-content\/uploads\/2024\/09\/AdobeStock_494683764-scaled-1.jpeg","type":"image\/jpeg"}],"twitter_card":"summary_large_image","twitter_misc":{"Est. reading time":"3 minutes"},"schema":{"@context":"https:\/\/schema.org","@graph":[{"@type":"WebPage","@id":"https:\/\/jetline.pl\/en\/ustawa-krajobrazowa\/krakow-uchwala-krajobrazowa-obowiazujaca-po-okresie-dostosowania\/","url":"https:\/\/jetline.pl\/en\/ustawa-krajobrazowa\/krakow-uchwala-krajobrazowa-obowiazujaca-po-okresie-dostosowania\/","name":"Uchwa\u0142a krajobrazowa - Krak\u00f3w","isPartOf":{"@id":"https:\/\/jetline.pl\/en\/#website"},"primaryImageOfPage":{"@id":"https:\/\/jetline.pl\/en\/ustawa-krajobrazowa\/krakow-uchwala-krajobrazowa-obowiazujaca-po-okresie-dostosowania\/#primaryimage"},"image":{"@id":"https:\/\/jetline.pl\/en\/ustawa-krajobrazowa\/krakow-uchwala-krajobrazowa-obowiazujaca-po-okresie-dostosowania\/#primaryimage"},"thumbnailUrl":"https:\/\/jetline.pl\/wp-content\/uploads\/2024\/09\/AdobeStock_494683764-scaled-1.jpeg","datePublished":"2024-03-11T07:28:50+00:00","dateModified":"2024-09-16T12:01:49+00:00","description":"Jak wygl\u0105da uchwa\u0142a krajobrazowa w Krakowie?Prace nad uchwa\u0142\u0105 w Krakowie rozpocz\u0119\u0142y si\u0119 w pa\u017adzierniku 2015 roku.","breadcrumb":{"@id":"https:\/\/jetline.pl\/en\/ustawa-krajobrazowa\/krakow-uchwala-krajobrazowa-obowiazujaca-po-okresie-dostosowania\/#breadcrumb"},"inLanguage":"en-US","potentialAction":[{"@type":"ReadAction","target":["https:\/\/jetline.pl\/en\/ustawa-krajobrazowa\/krakow-uchwala-krajobrazowa-obowiazujaca-po-okresie-dostosowania\/"]}]},{"@type":"ImageObject","inLanguage":"en-US","@id":"https:\/\/jetline.pl\/en\/ustawa-krajobrazowa\/krakow-uchwala-krajobrazowa-obowiazujaca-po-okresie-dostosowania\/#primaryimage","url":"https:\/\/jetline.pl\/wp-content\/uploads\/2024\/09\/AdobeStock_494683764-scaled-1.jpeg","contentUrl":"https:\/\/jetline.pl\/wp-content\/uploads\/2024\/09\/AdobeStock_494683764-scaled-1.jpeg","width":2560,"height":1440},{"@type":"BreadcrumbList","@id":"https:\/\/jetline.pl\/en\/ustawa-krajobrazowa\/krakow-uchwala-krajobrazowa-obowiazujaca-po-okresie-dostosowania\/#breadcrumb","itemListElement":[{"@type":"ListItem","position":1,"name":"Strona g\u0142\u00f3wna","item":"https:\/\/jetline.pl\/en\/"},{"@type":"ListItem","position":2,"name":"Ustawa krajobrazowa","item":"https:\/\/jetline.pl\/en\/ustawa-krajobrazowa\/"},{"@type":"ListItem","position":3,"name":"Krak\u00f3w \u2013 uchwa\u0142a krajobrazowa obowi\u0105zuj\u0105ca po okresie dostosowania"}]},{"@type":"WebSite","@id":"https:\/\/jetline.pl\/en\/#website","url":"https:\/\/jetline.pl\/en\/","name":"Jet Line","description":"Tworzymy przestrze\u0144 do komunikacji","publisher":{"@id":"https:\/\/jetline.pl\/en\/#organization"},"potentialAction":[{"@type":"SearchAction","target":{"@type":"EntryPoint","urlTemplate":"https:\/\/jetline.pl\/en\/?s={search_term_string}"},"query-input":{"@type":"PropertyValueSpecification","valueRequired":true,"valueName":"search_term_string"}}],"inLanguage":"en-US"},{"@type":"Organization","@id":"https:\/\/jetline.pl\/en\/#organization","name":"Jet Line","url":"https:\/\/jetline.pl\/en\/","logo":{"@type":"ImageObject","inLanguage":"en-US","@id":"https:\/\/jetline.pl\/en\/#\/schema\/logo\/image\/","url":"https:\/\/jetline.pl\/wp-content\/uploads\/2024\/09\/logo_poziom_logo_poziom_czerwone-1.png","contentUrl":"https:\/\/jetline.pl\/wp-content\/uploads\/2024\/09\/logo_poziom_logo_poziom_czerwone-1.png","width":4946,"height":2016,"caption":"Jet Line"},"image":{"@id":"https:\/\/jetline.pl\/en\/#\/schema\/logo\/image\/"}}]}},"_links":{"self":[{"href":"https:\/\/jetline.pl\/en\/wp-json\/wp\/v2\/ustawa\/1784","targetHints":{"allow":["GET"]}}],"collection":[{"href":"https:\/\/jetline.pl\/en\/wp-json\/wp\/v2\/ustawa"}],"about":[{"href":"https:\/\/jetline.pl\/en\/wp-json\/wp\/v2\/types\/ustawa"}],"author":[{"embeddable":true,"href":"https:\/\/jetline.pl\/en\/wp-json\/wp\/v2\/users\/16"}],"wp:featuredmedia":[{"embeddable":true,"href":"https:\/\/jetline.pl\/en\/wp-json\/wp\/v2\/media\/1682"}],"wp:attachment":[{"href":"https:\/\/jetline.pl\/en\/wp-json\/wp\/v2\/media?parent=1784"}],"wp:term":[{"taxonomy":"ustawa_cat","embeddable":true,"href":"https:\/\/jetline.pl\/en\/wp-json\/wp\/v2\/ustawa_cat?post=1784"}],"curies":[{"name":"wp","href":"https:\/\/api.w.org\/{rel}","templated":true}]}}