{"id":1785,"date":"2024-03-11T08:27:16","date_gmt":"2024-03-11T07:27:16","guid":{"rendered":"https:\/\/jetline.presb.pl\/ustawa-krajobrazowa\/poznan-uchwala-krajobrazowa-czesciowo-uchylona\/"},"modified":"2024-09-16T16:02:57","modified_gmt":"2024-09-16T14:02:57","slug":"poznan-uchwala-krajobrazowa-czesciowo-uchylona","status":"publish","type":"ustawa","link":"https:\/\/jetline.pl\/en\/ustawa-krajobrazowa\/poznan-uchwala-krajobrazowa-czesciowo-uchylona\/","title":{"rendered":"Pozna\u0144 \u2013 uchwa\u0142a krajobrazowa cz\u0119\u015bciowo uchylona"},"content":{"rendered":"<p>Jak wygl\u0105da uchwa\u0142a krajobrazowa w Poznaniu?<\/p>\n<p>Uchwa\u0142\u0119 intencyjn\u0105, Pozna\u0144 przyj\u0105\u0142 najp\u00f3\u017aniej ze wszystkich miast G8 \u2013 w marcu 2017 roku. Prace nad projektem trwa\u0142y od pocz\u0105tku 2017 roku. Od maja 2019 r. mo\u017cna by\u0142o zapozna\u0107 si\u0119 z projektem uchwa\u0142y. W lutym 2021 roku, odby\u0142o si\u0119 pierwsze wy\u0142o\u017cenie projektu. W pa\u017adzierniku drugie, a we wrze\u015bniu 2022 roku - trzecie.<\/p>\n<p>24 stycznia 2023 roku, na Sesji Rady Miasta Poznania zosta\u0142a przeg\u0142osowana uchwa\u0142a krajobrazowa.<\/p>\n<p>27 lutego 2023 roku. Wojewoda Wielkopolski wyda\u0142 rozstrzygni\u0119cie nadzorcze, uniewa\u017cniaj\u0105ce w ca\u0142o\u015bci pozna\u0144sk\u0105 uchwa\u0142\u0119 krajobrazow\u0105. W rezultacie wojewoda zwr\u00f3ci\u0142 mi\u0119dzy innymi uwag\u0119 na trzy b\u0142\u0119dy formalne:<\/p>\n<p>\u2013 nieprzekazanie radzie miasta nieuwzgl\u0119dnionych przez prezydenta uwag, dotycz\u0105cych mi\u0119dzy innymi murali;<\/p>\n<p>\u2013 niejednoznaczne zapisy dotycz\u0105ce dostosowania reklam do zapis\u00f3w uchwa\u0142y;<\/p>\n<p>\u2013 przekroczenie ustawowych kompetencji w kwestii regulacji nielegalnych reklam.<\/p>\n<p>Miasto nie zaskar\u017cy\u0142o rozstrzygni\u0119cia nadzorczego wojewody. Do projektu wprowadzono poprawki, dostosowuj\u0105ce dokument do wytycznych zawartych w rozstrzygni\u0119ciu nadzorczym. W kwietniu projekt wy\u0142o\u017cono do publicznego wgl\u0105du. Mo\u017cna by\u0142o oczywi\u015bcie sk\u0142ada\u0107 do niego uwagi, z kt\u00f3rych \u017cadna istotna nie zosta\u0142a uwzgl\u0119dniona. 11 lipca 2023 roku na sesji Rady Miasta Poznania po raz kolejny uchwalono uchwa\u0142\u0119 krajobrazow\u0105. W projekcie znalaz\u0142a si\u0119 jednak jeszcze jedna bardzo istotna zmiana. Skr\u00f3cono do jednego roku, \u00a05-cio letni okres, w kt\u00f3rym b\u0119dzie nale\u017ca\u0142o dostosowa\u0107 no\u015bniki istniej\u0105ce w dniu wej\u015bcia w \u017cycie uchwa\u0142y (dostosowanie prawie w ka\u017cdym przypadku polega na demonta\u017cu). Ograniczono r\u00f3wnie\u017c mo\u017cliwo\u015b\u0107 stosowania no\u015bnik\u00f3w cyfrowych.<\/p>\n<p>Pozna\u0144ski dokument jest napisany przejrzy\u015bcie, zrozumiale.<\/p>\n<h3>W skr\u00f3cie zapisy uchwa\u0142y krajobrazowej przedstawiaj\u0105 si\u0119 nast\u0119puj\u0105co:<\/h3>\n<ul>\n<li>strefy \u2013 s\u0105 4: staromiejska, centrum i historyczne dzielnice, zurbanizowana, przyrodnicza;<\/li>\n<li>maksymalny format reklamy wolnostoj\u0105cej \u2013 18m<sup>2<\/sup>;<\/li>\n<li>reklama na elewacji podczas remont\u00f3w \u2013 mo\u017ce by\u0107 eksponowana maksymalnie na 50% powierzchni siatki ochronnej przez 1 rok, ale ponownie mo\u017cna j\u0105 umie\u015bci\u0107 po up\u0142ywie 5 lat;<\/li>\n<li>reklama na elewacji \u2013 tylko niewielkie formy; na \u015bcianach \u015blepych\u00a0w obszarze zurbanizowanym do 36 m<sup>2<\/sup>;<\/li>\n<li>szyldy \u2013 liczba, wielko\u015b\u0107 zale\u017cy od typu no\u015bnika i strefy;<\/li>\n<li>reklama cyfrowa \u2013 jest niedoprecyzowana;<\/li>\n<li>murale \u2013 od 5% do 50% powierzchni elewacji w zale\u017cno\u015bci od strefy;<\/li>\n<li>okresy dostosowania \u2013 1 rok;<\/li>\n<li>warunki dostosowania \u2013 okre\u015blono cz\u0119\u015bciowo wy\u0142\u0105czaj\u0105c z nich wiaty przystankowe;<\/li>\n<li>prawa nabyte \u2013 cz\u0119\u015bciowo uwzgl\u0119dnione.<\/li>\n<\/ul>\n<h3>Specyficzne podej\u015bcie do reklam<\/h3>\n<p>Kilka firm zaskar\u017cy\u0142o uchwa\u0142\u0119, 25 stycznia 2024 roku. WSA w Poznaniu, uchyli\u0142 wszystkie zapisy dostosowuj\u0105ce. O konsekwencjach tego wyroku pisa\u0142em we wst\u0119pie. Obecnie strony czekaj\u0105 na uprawomocnienie wyroku. Po tym czasie dowiemy si\u0119, czy kto\u015b z\u0142o\u017cy\u0142 skarg\u0119 kasacyjn\u0105 do NSA. Przed Poznaniem \u00a0jeszcze 3 inne sprawy w WSA, dotycz\u0105ce uchwa\u0142y, jednak ich terminy nie zosta\u0142y jeszcze wyznaczone.<\/p>\n<p>Nale\u017cy wskaza\u0107 specyficzne podej\u015bcie do kwestii reklam przez miasto. W 2018 roku Pozna\u0144\u00a0przekaza\u0142 s\u0142upy reklamowe pod zarz\u0105d sp\u00f3\u0142ki miejskiej - Mi\u0119dzynarodowych Targ\u00f3w Pozna\u0144skich (MTP). W lipcu 2019 roku zako\u0144czy\u0142 si\u0119 przekazywania MTP r\u00f3wnie\u017c wiat przystankowych. Oznacza to przede wszystkim, \u017ce miasto Pozna\u0144 \u00a0jest w\u0142a\u015bcicielem firmy outdoorowej, kt\u00f3ra zarz\u0105dza jednymi z najciekawszych lokalizacji w mie\u015bcie. Buduje te\u017c sie\u0107 no\u015bnik\u00f3w backlight 18m<sup>2\u00a0<\/sup>. T\u0119 spraw\u0119 zdecydowa\u0142 si\u0119 zbada\u0107 NIK (Najwy\u017csza Izba Kontroli). W listopadzie 2022 roku w wyst\u0105pieniu pokontrolnym, NIK negatywnie oceni\u0142 realizacj\u0119 zada\u0144 dotycz\u0105cych zarz\u0105dzania reklam\u0105 w przestrzeni miejskiej Poznania w latach 2018-22. Miasto odnios\u0142o si\u0119 do uwag. W maju 2023 roku ukaza\u0142 si\u0119 ko\u0144cowy raport NIK: <a href=\"https:\/\/www.nik.gov.pl\/kontrole\/S\/22\/004\/LPO\/\">https:\/\/www.nik.gov.pl\/kontrole\/S\/22\/004\/LPO\/<\/a><\/p>\n<p>Wydzia\u0142 Urbanistyki i Architektury udost\u0119pnia stron\u0119 z informacjami o uchwale i rozstrzygni\u0119ciu nadzorczym:\u00a0<a href=\"https:\/\/www.poznan.pl\/krajobrazowa\/\">https:\/\/www.poznan.pl\/krajobrazowa\/<\/a><\/p>\n<p>Od lutego 2018 r. Pozna\u0144 ma park kulturowy, kt\u00f3ry obejmuje g\u0142\u00f3wnie obszar Starego Miasta:\u00a0<a href=\"https:\/\/www.poznan.pl\/mim\/main\/o-parku-kulturowym,p,39836,39839.html\">https:\/\/www.poznan.pl\/mim\/main\/o-parku-kulturowym,p,39836,39839.html<\/a><\/p>\n<p>Wi\u0119cej o uchwale krajobrazowej:<\/p>\n<p><a href=\"https:\/\/jetline.pl\/aktualnosci\/uchwaly-krajobrazowe-w-poznaniu\">Uchwa\u0142a krajobrazowa w Poznaniu - Jet Line<\/a><\/p>\n<p><a href=\"https:\/\/jetline.pl\/aktualnosci\/krajobraz-po-bitwie-poznan-biedronka\">Krajobraz po bitwie Pozna\u0144 \u2013 Biedronka - Jet Line<\/a><\/p>\n","protected":false},"author":16,"featured_media":1684,"template":"","ustawa_cat":[6],"class_list":["post-1785","ustawa","type-ustawa","status-publish","has-post-thumbnail","hentry","ustawa_cat-poznan"],"acf":[],"yoast_head":"<!-- This site is optimized with the Yoast SEO plugin v27.5 - https:\/\/yoast.com\/product\/yoast-seo-wordpress\/ -->\n<title>Pozna\u0144 \u2013 uchwa\u0142a krajobrazowa cz\u0119\u015bciowo uchylona<\/title>\n<meta name=\"description\" content=\"Jak wygl\u0105da uchwa\u0142a krajobrazowa w Poznaniu? Uchwa\u0142\u0119 intencyjn\u0105, Pozna\u0144 przyj\u0105\u0142 najp\u00f3\u017aniej ze wszystkich miast G8 \u2013 w marcu 2017 roku.\" \/>\n<meta name=\"robots\" content=\"index, follow, max-snippet:-1, max-image-preview:large, max-video-preview:-1\" \/>\n<link rel=\"canonical\" href=\"https:\/\/jetline.pl\/en\/ustawa-krajobrazowa\/poznan-uchwala-krajobrazowa-czesciowo-uchylona\/\" \/>\n<meta property=\"og:locale\" content=\"en_US\" \/>\n<meta property=\"og:type\" content=\"article\" \/>\n<meta property=\"og:title\" content=\"Pozna\u0144 \u2013 uchwa\u0142a krajobrazowa cz\u0119\u015bciowo uchylona\" \/>\n<meta property=\"og:description\" content=\"Jak wygl\u0105da uchwa\u0142a krajobrazowa w Poznaniu? Uchwa\u0142\u0119 intencyjn\u0105, Pozna\u0144 przyj\u0105\u0142 najp\u00f3\u017aniej ze wszystkich miast G8 \u2013 w marcu 2017 roku.\" \/>\n<meta property=\"og:url\" content=\"https:\/\/jetline.pl\/en\/ustawa-krajobrazowa\/poznan-uchwala-krajobrazowa-czesciowo-uchylona\/\" \/>\n<meta property=\"og:site_name\" content=\"Jet Line\" \/>\n<meta property=\"article:modified_time\" content=\"2024-09-16T14:02:57+00:00\" \/>\n<meta property=\"og:image\" content=\"https:\/\/jetline.pl\/wp-content\/uploads\/2024\/09\/AdobeStock_516355857-scaled-1.jpeg\" \/>\n\t<meta property=\"og:image:width\" content=\"2560\" \/>\n\t<meta property=\"og:image:height\" content=\"1707\" \/>\n\t<meta property=\"og:image:type\" content=\"image\/jpeg\" \/>\n<meta name=\"twitter:card\" content=\"summary_large_image\" \/>\n<meta name=\"twitter:label1\" content=\"Est. reading time\" \/>\n\t<meta name=\"twitter:data1\" content=\"4 minutes\" \/>\n<script type=\"application\/ld+json\" class=\"yoast-schema-graph\">{\"@context\":\"https:\\\/\\\/schema.org\",\"@graph\":[{\"@type\":\"WebPage\",\"@id\":\"https:\\\/\\\/jetline.pl\\\/en\\\/ustawa-krajobrazowa\\\/poznan-uchwala-krajobrazowa-czesciowo-uchylona\\\/\",\"url\":\"https:\\\/\\\/jetline.pl\\\/en\\\/ustawa-krajobrazowa\\\/poznan-uchwala-krajobrazowa-czesciowo-uchylona\\\/\",\"name\":\"Pozna\u0144 \u2013 uchwa\u0142a krajobrazowa cz\u0119\u015bciowo uchylona\",\"isPartOf\":{\"@id\":\"https:\\\/\\\/jetline.pl\\\/en\\\/#website\"},\"primaryImageOfPage\":{\"@id\":\"https:\\\/\\\/jetline.pl\\\/en\\\/ustawa-krajobrazowa\\\/poznan-uchwala-krajobrazowa-czesciowo-uchylona\\\/#primaryimage\"},\"image\":{\"@id\":\"https:\\\/\\\/jetline.pl\\\/en\\\/ustawa-krajobrazowa\\\/poznan-uchwala-krajobrazowa-czesciowo-uchylona\\\/#primaryimage\"},\"thumbnailUrl\":\"https:\\\/\\\/jetline.pl\\\/wp-content\\\/uploads\\\/2024\\\/09\\\/AdobeStock_516355857-scaled-1.jpeg\",\"datePublished\":\"2024-03-11T07:27:16+00:00\",\"dateModified\":\"2024-09-16T14:02:57+00:00\",\"description\":\"Jak wygl\u0105da uchwa\u0142a krajobrazowa w Poznaniu? Uchwa\u0142\u0119 intencyjn\u0105, Pozna\u0144 przyj\u0105\u0142 najp\u00f3\u017aniej ze wszystkich miast G8 \u2013 w marcu 2017 roku.\",\"breadcrumb\":{\"@id\":\"https:\\\/\\\/jetline.pl\\\/en\\\/ustawa-krajobrazowa\\\/poznan-uchwala-krajobrazowa-czesciowo-uchylona\\\/#breadcrumb\"},\"inLanguage\":\"en-US\",\"potentialAction\":[{\"@type\":\"ReadAction\",\"target\":[\"https:\\\/\\\/jetline.pl\\\/en\\\/ustawa-krajobrazowa\\\/poznan-uchwala-krajobrazowa-czesciowo-uchylona\\\/\"]}]},{\"@type\":\"ImageObject\",\"inLanguage\":\"en-US\",\"@id\":\"https:\\\/\\\/jetline.pl\\\/en\\\/ustawa-krajobrazowa\\\/poznan-uchwala-krajobrazowa-czesciowo-uchylona\\\/#primaryimage\",\"url\":\"https:\\\/\\\/jetline.pl\\\/wp-content\\\/uploads\\\/2024\\\/09\\\/AdobeStock_516355857-scaled-1.jpeg\",\"contentUrl\":\"https:\\\/\\\/jetline.pl\\\/wp-content\\\/uploads\\\/2024\\\/09\\\/AdobeStock_516355857-scaled-1.jpeg\",\"width\":2560,\"height\":1707},{\"@type\":\"BreadcrumbList\",\"@id\":\"https:\\\/\\\/jetline.pl\\\/en\\\/ustawa-krajobrazowa\\\/poznan-uchwala-krajobrazowa-czesciowo-uchylona\\\/#breadcrumb\",\"itemListElement\":[{\"@type\":\"ListItem\",\"position\":1,\"name\":\"Strona g\u0142\u00f3wna\",\"item\":\"https:\\\/\\\/jetline.pl\\\/en\\\/\"},{\"@type\":\"ListItem\",\"position\":2,\"name\":\"Ustawa krajobrazowa\",\"item\":\"https:\\\/\\\/jetline.pl\\\/en\\\/ustawa-krajobrazowa\\\/\"},{\"@type\":\"ListItem\",\"position\":3,\"name\":\"Pozna\u0144 \u2013 uchwa\u0142a krajobrazowa cz\u0119\u015bciowo uchylona\"}]},{\"@type\":\"WebSite\",\"@id\":\"https:\\\/\\\/jetline.pl\\\/en\\\/#website\",\"url\":\"https:\\\/\\\/jetline.pl\\\/en\\\/\",\"name\":\"Jet Line\",\"description\":\"Tworzymy przestrze\u0144 do komunikacji\",\"publisher\":{\"@id\":\"https:\\\/\\\/jetline.pl\\\/en\\\/#organization\"},\"potentialAction\":[{\"@type\":\"SearchAction\",\"target\":{\"@type\":\"EntryPoint\",\"urlTemplate\":\"https:\\\/\\\/jetline.pl\\\/en\\\/?s={search_term_string}\"},\"query-input\":{\"@type\":\"PropertyValueSpecification\",\"valueRequired\":true,\"valueName\":\"search_term_string\"}}],\"inLanguage\":\"en-US\"},{\"@type\":\"Organization\",\"@id\":\"https:\\\/\\\/jetline.pl\\\/en\\\/#organization\",\"name\":\"Jet Line\",\"url\":\"https:\\\/\\\/jetline.pl\\\/en\\\/\",\"logo\":{\"@type\":\"ImageObject\",\"inLanguage\":\"en-US\",\"@id\":\"https:\\\/\\\/jetline.pl\\\/en\\\/#\\\/schema\\\/logo\\\/image\\\/\",\"url\":\"https:\\\/\\\/jetline.pl\\\/wp-content\\\/uploads\\\/2024\\\/09\\\/logo_poziom_logo_poziom_czerwone-1.png\",\"contentUrl\":\"https:\\\/\\\/jetline.pl\\\/wp-content\\\/uploads\\\/2024\\\/09\\\/logo_poziom_logo_poziom_czerwone-1.png\",\"width\":4946,\"height\":2016,\"caption\":\"Jet Line\"},\"image\":{\"@id\":\"https:\\\/\\\/jetline.pl\\\/en\\\/#\\\/schema\\\/logo\\\/image\\\/\"}}]}<\/script>\n<!-- \/ Yoast SEO plugin. -->","yoast_head_json":{"title":"Pozna\u0144 \u2013 uchwa\u0142a krajobrazowa cz\u0119\u015bciowo uchylona","description":"Jak wygl\u0105da uchwa\u0142a krajobrazowa w Poznaniu? Uchwa\u0142\u0119 intencyjn\u0105, Pozna\u0144 przyj\u0105\u0142 najp\u00f3\u017aniej ze wszystkich miast G8 \u2013 w marcu 2017 roku.","robots":{"index":"index","follow":"follow","max-snippet":"max-snippet:-1","max-image-preview":"max-image-preview:large","max-video-preview":"max-video-preview:-1"},"canonical":"https:\/\/jetline.pl\/en\/ustawa-krajobrazowa\/poznan-uchwala-krajobrazowa-czesciowo-uchylona\/","og_locale":"en_US","og_type":"article","og_title":"Pozna\u0144 \u2013 uchwa\u0142a krajobrazowa cz\u0119\u015bciowo uchylona","og_description":"Jak wygl\u0105da uchwa\u0142a krajobrazowa w Poznaniu? Uchwa\u0142\u0119 intencyjn\u0105, Pozna\u0144 przyj\u0105\u0142 najp\u00f3\u017aniej ze wszystkich miast G8 \u2013 w marcu 2017 roku.","og_url":"https:\/\/jetline.pl\/en\/ustawa-krajobrazowa\/poznan-uchwala-krajobrazowa-czesciowo-uchylona\/","og_site_name":"Jet Line","article_modified_time":"2024-09-16T14:02:57+00:00","og_image":[{"width":2560,"height":1707,"url":"https:\/\/jetline.pl\/wp-content\/uploads\/2024\/09\/AdobeStock_516355857-scaled-1.jpeg","type":"image\/jpeg"}],"twitter_card":"summary_large_image","twitter_misc":{"Est. reading time":"4 minutes"},"schema":{"@context":"https:\/\/schema.org","@graph":[{"@type":"WebPage","@id":"https:\/\/jetline.pl\/en\/ustawa-krajobrazowa\/poznan-uchwala-krajobrazowa-czesciowo-uchylona\/","url":"https:\/\/jetline.pl\/en\/ustawa-krajobrazowa\/poznan-uchwala-krajobrazowa-czesciowo-uchylona\/","name":"Pozna\u0144 \u2013 uchwa\u0142a krajobrazowa cz\u0119\u015bciowo uchylona","isPartOf":{"@id":"https:\/\/jetline.pl\/en\/#website"},"primaryImageOfPage":{"@id":"https:\/\/jetline.pl\/en\/ustawa-krajobrazowa\/poznan-uchwala-krajobrazowa-czesciowo-uchylona\/#primaryimage"},"image":{"@id":"https:\/\/jetline.pl\/en\/ustawa-krajobrazowa\/poznan-uchwala-krajobrazowa-czesciowo-uchylona\/#primaryimage"},"thumbnailUrl":"https:\/\/jetline.pl\/wp-content\/uploads\/2024\/09\/AdobeStock_516355857-scaled-1.jpeg","datePublished":"2024-03-11T07:27:16+00:00","dateModified":"2024-09-16T14:02:57+00:00","description":"Jak wygl\u0105da uchwa\u0142a krajobrazowa w Poznaniu? Uchwa\u0142\u0119 intencyjn\u0105, Pozna\u0144 przyj\u0105\u0142 najp\u00f3\u017aniej ze wszystkich miast G8 \u2013 w marcu 2017 roku.","breadcrumb":{"@id":"https:\/\/jetline.pl\/en\/ustawa-krajobrazowa\/poznan-uchwala-krajobrazowa-czesciowo-uchylona\/#breadcrumb"},"inLanguage":"en-US","potentialAction":[{"@type":"ReadAction","target":["https:\/\/jetline.pl\/en\/ustawa-krajobrazowa\/poznan-uchwala-krajobrazowa-czesciowo-uchylona\/"]}]},{"@type":"ImageObject","inLanguage":"en-US","@id":"https:\/\/jetline.pl\/en\/ustawa-krajobrazowa\/poznan-uchwala-krajobrazowa-czesciowo-uchylona\/#primaryimage","url":"https:\/\/jetline.pl\/wp-content\/uploads\/2024\/09\/AdobeStock_516355857-scaled-1.jpeg","contentUrl":"https:\/\/jetline.pl\/wp-content\/uploads\/2024\/09\/AdobeStock_516355857-scaled-1.jpeg","width":2560,"height":1707},{"@type":"BreadcrumbList","@id":"https:\/\/jetline.pl\/en\/ustawa-krajobrazowa\/poznan-uchwala-krajobrazowa-czesciowo-uchylona\/#breadcrumb","itemListElement":[{"@type":"ListItem","position":1,"name":"Strona g\u0142\u00f3wna","item":"https:\/\/jetline.pl\/en\/"},{"@type":"ListItem","position":2,"name":"Ustawa krajobrazowa","item":"https:\/\/jetline.pl\/en\/ustawa-krajobrazowa\/"},{"@type":"ListItem","position":3,"name":"Pozna\u0144 \u2013 uchwa\u0142a krajobrazowa cz\u0119\u015bciowo uchylona"}]},{"@type":"WebSite","@id":"https:\/\/jetline.pl\/en\/#website","url":"https:\/\/jetline.pl\/en\/","name":"Jet Line","description":"Tworzymy przestrze\u0144 do komunikacji","publisher":{"@id":"https:\/\/jetline.pl\/en\/#organization"},"potentialAction":[{"@type":"SearchAction","target":{"@type":"EntryPoint","urlTemplate":"https:\/\/jetline.pl\/en\/?s={search_term_string}"},"query-input":{"@type":"PropertyValueSpecification","valueRequired":true,"valueName":"search_term_string"}}],"inLanguage":"en-US"},{"@type":"Organization","@id":"https:\/\/jetline.pl\/en\/#organization","name":"Jet Line","url":"https:\/\/jetline.pl\/en\/","logo":{"@type":"ImageObject","inLanguage":"en-US","@id":"https:\/\/jetline.pl\/en\/#\/schema\/logo\/image\/","url":"https:\/\/jetline.pl\/wp-content\/uploads\/2024\/09\/logo_poziom_logo_poziom_czerwone-1.png","contentUrl":"https:\/\/jetline.pl\/wp-content\/uploads\/2024\/09\/logo_poziom_logo_poziom_czerwone-1.png","width":4946,"height":2016,"caption":"Jet Line"},"image":{"@id":"https:\/\/jetline.pl\/en\/#\/schema\/logo\/image\/"}}]}},"_links":{"self":[{"href":"https:\/\/jetline.pl\/en\/wp-json\/wp\/v2\/ustawa\/1785","targetHints":{"allow":["GET"]}}],"collection":[{"href":"https:\/\/jetline.pl\/en\/wp-json\/wp\/v2\/ustawa"}],"about":[{"href":"https:\/\/jetline.pl\/en\/wp-json\/wp\/v2\/types\/ustawa"}],"author":[{"embeddable":true,"href":"https:\/\/jetline.pl\/en\/wp-json\/wp\/v2\/users\/16"}],"wp:featuredmedia":[{"embeddable":true,"href":"https:\/\/jetline.pl\/en\/wp-json\/wp\/v2\/media\/1684"}],"wp:attachment":[{"href":"https:\/\/jetline.pl\/en\/wp-json\/wp\/v2\/media?parent=1785"}],"wp:term":[{"taxonomy":"ustawa_cat","embeddable":true,"href":"https:\/\/jetline.pl\/en\/wp-json\/wp\/v2\/ustawa_cat?post=1785"}],"curies":[{"name":"wp","href":"https:\/\/api.w.org\/{rel}","templated":true}]}}