{"id":1786,"date":"2024-03-11T08:26:42","date_gmt":"2024-03-11T07:26:42","guid":{"rendered":"https:\/\/jetline.presb.pl\/ustawa-krajobrazowa\/szczecin-wstrzymane-prace-nad-uchwala-krajobrazowa\/"},"modified":"2025-02-28T10:43:59","modified_gmt":"2025-02-28T09:43:59","slug":"szczecin-wstrzymane-prace-nad-uchwala-krajobrazowa","status":"publish","type":"ustawa","link":"https:\/\/jetline.pl\/en\/ustawa-krajobrazowa\/szczecin-wstrzymane-prace-nad-uchwala-krajobrazowa\/","title":{"rendered":"Szczecin \u2013 wstrzymane prace nad uchwa\u0142\u0105 krajobrazow\u0105"},"content":{"rendered":"<h4>Jak wygl\u0105da uchwa\u0142a krajobrazowa w Szczecinie?<\/h4>\n<p>&nbsp;<\/p>\n<p>Przyst\u0105pienie do prac nad uchwa\u0142\u0105 w Szczecinie poprzedzi\u0142a szczeg\u00f3\u0142owa inwentaryzacja. W rezultacie pokaza\u0142a ona, \u017ce jedynie 19% reklam w mie\u015bcie jest ustawionych legalnie. Szczecin, jako jedyne miasto w G8, skonstruowa\u0142 sw\u00f3j kodeks na bazie istniej\u0105cych plan\u00f3w miejscowych (pozosta\u0142e miasta wprowadzaj\u0105c uchwa\u0142y reklamowe zmieni\u0105 miejscowe plany zagospodarowania przestrzennego).<br \/>\nW efekcie taka konstrukcja dokumentu podzieli\u0142a miasto na tyle stref, ile zosta\u0142o uchwalonych plan\u00f3w miejscowych plus jedna strefa, w kt\u00f3rej brak by\u0142o planu miejscowego. By\u0142 to najbardziej skomplikowany i najobszerniejszy projekt uchwa\u0142y (gdyby wydrukowa\u0107 ca\u0142o\u015b\u0107 otrzymaliby\u015bmy ponad 1000 stron). Jednak je\u017celi wybierali\u015bmy konkretn\u0105 lokalizacj\u0119, uchwa\u0142a dla tego miejsca by\u0142a bardzo czytelna i skondensowana, zazwyczaj mie\u015bci\u0142a si\u0119 na jednej stronie A4.<\/p>\n<p>&nbsp;<\/p>\n<p>Jednocze\u015bnie by\u0142 to pierwszy projekt, kt\u00f3ry uwzgl\u0119dnia\u0142 prawa nabyte.<\/p>\n<p>&nbsp;<\/p>\n<p>Projekt wy\u0142o\u017cono w 2017 roku. Zebrano uwagi, przes\u0142ano radzie miasta do g\u0142osowania i na tym si\u0119 sko\u0144czy\u0142o. Projekt skrytykowano przez cz\u0119\u015b\u0107 radnych i nie trafi\u0142 pod g\u0142osowanie. Nie podaj\u0119 jego szczeg\u00f3\u0142\u00f3w, gdy\u017c maj\u0105 one jedynie warto\u015b\u0107 archiwaln\u0105. Zainteresowanych odsy\u0142am do strony miasta, gdzie znajduj\u0105 si\u0119 informacje o tym projekcie: <a href=\"https:\/\/krajobraz.szczecin.pl\/chapter_139009.asp\">https:\/\/krajobraz.szczecin.pl\/chapter_139009.asp<\/a><\/p>\n<p>&nbsp;<\/p>\n","protected":false},"author":16,"featured_media":1686,"template":"","ustawa_cat":[562],"class_list":["post-1786","ustawa","type-ustawa","status-publish","has-post-thumbnail","hentry","ustawa_cat-szczecin"],"acf":[],"yoast_head":"<!-- This site is optimized with the Yoast SEO plugin v27.5 - https:\/\/yoast.com\/product\/yoast-seo-wordpress\/ -->\n<title>Szczecin - uchwa\u0142a krajobrazowa<\/title>\n<meta name=\"description\" content=\"Jak wygl\u0105da uchwa\u0142a krajobrazowa w Szczecinie? Przyst\u0105pienie do prac nad uchwa\u0142\u0105 w Szczecinie poprzedzi\u0142a szczeg\u00f3\u0142owa inwentaryzacja.\" \/>\n<meta name=\"robots\" content=\"index, follow, max-snippet:-1, max-image-preview:large, max-video-preview:-1\" \/>\n<link rel=\"canonical\" href=\"https:\/\/jetline.pl\/en\/ustawa-krajobrazowa\/szczecin-wstrzymane-prace-nad-uchwala-krajobrazowa\/\" \/>\n<meta property=\"og:locale\" content=\"en_US\" \/>\n<meta property=\"og:type\" content=\"article\" \/>\n<meta property=\"og:title\" content=\"Szczecin - uchwa\u0142a krajobrazowa\" \/>\n<meta property=\"og:description\" content=\"Jak wygl\u0105da uchwa\u0142a krajobrazowa w Szczecinie? Przyst\u0105pienie do prac nad uchwa\u0142\u0105 w Szczecinie poprzedzi\u0142a szczeg\u00f3\u0142owa inwentaryzacja.\" \/>\n<meta property=\"og:url\" content=\"https:\/\/jetline.pl\/en\/ustawa-krajobrazowa\/szczecin-wstrzymane-prace-nad-uchwala-krajobrazowa\/\" \/>\n<meta property=\"og:site_name\" content=\"Jet Line\" \/>\n<meta property=\"article:modified_time\" content=\"2025-02-28T09:43:59+00:00\" \/>\n<meta property=\"og:image\" content=\"https:\/\/jetline.pl\/wp-content\/uploads\/2024\/09\/AdobeStock_75706577-scaled-1.jpeg\" \/>\n\t<meta property=\"og:image:width\" content=\"2560\" \/>\n\t<meta property=\"og:image:height\" content=\"1707\" \/>\n\t<meta property=\"og:image:type\" content=\"image\/jpeg\" \/>\n<meta name=\"twitter:card\" content=\"summary_large_image\" \/>\n<meta name=\"twitter:label1\" content=\"Est. reading time\" \/>\n\t<meta name=\"twitter:data1\" content=\"2 minutes\" \/>\n<script type=\"application\/ld+json\" class=\"yoast-schema-graph\">{\"@context\":\"https:\\\/\\\/schema.org\",\"@graph\":[{\"@type\":\"WebPage\",\"@id\":\"https:\\\/\\\/jetline.pl\\\/en\\\/ustawa-krajobrazowa\\\/szczecin-wstrzymane-prace-nad-uchwala-krajobrazowa\\\/\",\"url\":\"https:\\\/\\\/jetline.pl\\\/en\\\/ustawa-krajobrazowa\\\/szczecin-wstrzymane-prace-nad-uchwala-krajobrazowa\\\/\",\"name\":\"Szczecin - uchwa\u0142a krajobrazowa\",\"isPartOf\":{\"@id\":\"https:\\\/\\\/jetline.pl\\\/en\\\/#website\"},\"primaryImageOfPage\":{\"@id\":\"https:\\\/\\\/jetline.pl\\\/en\\\/ustawa-krajobrazowa\\\/szczecin-wstrzymane-prace-nad-uchwala-krajobrazowa\\\/#primaryimage\"},\"image\":{\"@id\":\"https:\\\/\\\/jetline.pl\\\/en\\\/ustawa-krajobrazowa\\\/szczecin-wstrzymane-prace-nad-uchwala-krajobrazowa\\\/#primaryimage\"},\"thumbnailUrl\":\"https:\\\/\\\/jetline.pl\\\/wp-content\\\/uploads\\\/2024\\\/09\\\/AdobeStock_75706577-scaled-1.jpeg\",\"datePublished\":\"2024-03-11T07:26:42+00:00\",\"dateModified\":\"2025-02-28T09:43:59+00:00\",\"description\":\"Jak wygl\u0105da uchwa\u0142a krajobrazowa w Szczecinie? Przyst\u0105pienie do prac nad uchwa\u0142\u0105 w Szczecinie poprzedzi\u0142a szczeg\u00f3\u0142owa inwentaryzacja.\",\"breadcrumb\":{\"@id\":\"https:\\\/\\\/jetline.pl\\\/en\\\/ustawa-krajobrazowa\\\/szczecin-wstrzymane-prace-nad-uchwala-krajobrazowa\\\/#breadcrumb\"},\"inLanguage\":\"en-US\",\"potentialAction\":[{\"@type\":\"ReadAction\",\"target\":[\"https:\\\/\\\/jetline.pl\\\/en\\\/ustawa-krajobrazowa\\\/szczecin-wstrzymane-prace-nad-uchwala-krajobrazowa\\\/\"]}]},{\"@type\":\"ImageObject\",\"inLanguage\":\"en-US\",\"@id\":\"https:\\\/\\\/jetline.pl\\\/en\\\/ustawa-krajobrazowa\\\/szczecin-wstrzymane-prace-nad-uchwala-krajobrazowa\\\/#primaryimage\",\"url\":\"https:\\\/\\\/jetline.pl\\\/wp-content\\\/uploads\\\/2024\\\/09\\\/AdobeStock_75706577-scaled-1.jpeg\",\"contentUrl\":\"https:\\\/\\\/jetline.pl\\\/wp-content\\\/uploads\\\/2024\\\/09\\\/AdobeStock_75706577-scaled-1.jpeg\",\"width\":2560,\"height\":1707},{\"@type\":\"BreadcrumbList\",\"@id\":\"https:\\\/\\\/jetline.pl\\\/en\\\/ustawa-krajobrazowa\\\/szczecin-wstrzymane-prace-nad-uchwala-krajobrazowa\\\/#breadcrumb\",\"itemListElement\":[{\"@type\":\"ListItem\",\"position\":1,\"name\":\"Strona g\u0142\u00f3wna\",\"item\":\"https:\\\/\\\/jetline.pl\\\/en\\\/\"},{\"@type\":\"ListItem\",\"position\":2,\"name\":\"Ustawa krajobrazowa\",\"item\":\"https:\\\/\\\/jetline.pl\\\/en\\\/ustawa-krajobrazowa\\\/\"},{\"@type\":\"ListItem\",\"position\":3,\"name\":\"Szczecin \u2013 wstrzymane prace nad uchwa\u0142\u0105 krajobrazow\u0105\"}]},{\"@type\":\"WebSite\",\"@id\":\"https:\\\/\\\/jetline.pl\\\/en\\\/#website\",\"url\":\"https:\\\/\\\/jetline.pl\\\/en\\\/\",\"name\":\"Jet Line\",\"description\":\"Tworzymy przestrze\u0144 do komunikacji\",\"publisher\":{\"@id\":\"https:\\\/\\\/jetline.pl\\\/en\\\/#organization\"},\"potentialAction\":[{\"@type\":\"SearchAction\",\"target\":{\"@type\":\"EntryPoint\",\"urlTemplate\":\"https:\\\/\\\/jetline.pl\\\/en\\\/?s={search_term_string}\"},\"query-input\":{\"@type\":\"PropertyValueSpecification\",\"valueRequired\":true,\"valueName\":\"search_term_string\"}}],\"inLanguage\":\"en-US\"},{\"@type\":\"Organization\",\"@id\":\"https:\\\/\\\/jetline.pl\\\/en\\\/#organization\",\"name\":\"Jet Line\",\"url\":\"https:\\\/\\\/jetline.pl\\\/en\\\/\",\"logo\":{\"@type\":\"ImageObject\",\"inLanguage\":\"en-US\",\"@id\":\"https:\\\/\\\/jetline.pl\\\/en\\\/#\\\/schema\\\/logo\\\/image\\\/\",\"url\":\"https:\\\/\\\/jetline.pl\\\/wp-content\\\/uploads\\\/2024\\\/09\\\/logo_poziom_logo_poziom_czerwone-1.png\",\"contentUrl\":\"https:\\\/\\\/jetline.pl\\\/wp-content\\\/uploads\\\/2024\\\/09\\\/logo_poziom_logo_poziom_czerwone-1.png\",\"width\":4946,\"height\":2016,\"caption\":\"Jet Line\"},\"image\":{\"@id\":\"https:\\\/\\\/jetline.pl\\\/en\\\/#\\\/schema\\\/logo\\\/image\\\/\"}}]}<\/script>\n<!-- \/ Yoast SEO plugin. -->","yoast_head_json":{"title":"Szczecin - uchwa\u0142a krajobrazowa","description":"Jak wygl\u0105da uchwa\u0142a krajobrazowa w Szczecinie? Przyst\u0105pienie do prac nad uchwa\u0142\u0105 w Szczecinie poprzedzi\u0142a szczeg\u00f3\u0142owa inwentaryzacja.","robots":{"index":"index","follow":"follow","max-snippet":"max-snippet:-1","max-image-preview":"max-image-preview:large","max-video-preview":"max-video-preview:-1"},"canonical":"https:\/\/jetline.pl\/en\/ustawa-krajobrazowa\/szczecin-wstrzymane-prace-nad-uchwala-krajobrazowa\/","og_locale":"en_US","og_type":"article","og_title":"Szczecin - uchwa\u0142a krajobrazowa","og_description":"Jak wygl\u0105da uchwa\u0142a krajobrazowa w Szczecinie? Przyst\u0105pienie do prac nad uchwa\u0142\u0105 w Szczecinie poprzedzi\u0142a szczeg\u00f3\u0142owa inwentaryzacja.","og_url":"https:\/\/jetline.pl\/en\/ustawa-krajobrazowa\/szczecin-wstrzymane-prace-nad-uchwala-krajobrazowa\/","og_site_name":"Jet Line","article_modified_time":"2025-02-28T09:43:59+00:00","og_image":[{"width":2560,"height":1707,"url":"https:\/\/jetline.pl\/wp-content\/uploads\/2024\/09\/AdobeStock_75706577-scaled-1.jpeg","type":"image\/jpeg"}],"twitter_card":"summary_large_image","twitter_misc":{"Est. reading time":"2 minutes"},"schema":{"@context":"https:\/\/schema.org","@graph":[{"@type":"WebPage","@id":"https:\/\/jetline.pl\/en\/ustawa-krajobrazowa\/szczecin-wstrzymane-prace-nad-uchwala-krajobrazowa\/","url":"https:\/\/jetline.pl\/en\/ustawa-krajobrazowa\/szczecin-wstrzymane-prace-nad-uchwala-krajobrazowa\/","name":"Szczecin - uchwa\u0142a krajobrazowa","isPartOf":{"@id":"https:\/\/jetline.pl\/en\/#website"},"primaryImageOfPage":{"@id":"https:\/\/jetline.pl\/en\/ustawa-krajobrazowa\/szczecin-wstrzymane-prace-nad-uchwala-krajobrazowa\/#primaryimage"},"image":{"@id":"https:\/\/jetline.pl\/en\/ustawa-krajobrazowa\/szczecin-wstrzymane-prace-nad-uchwala-krajobrazowa\/#primaryimage"},"thumbnailUrl":"https:\/\/jetline.pl\/wp-content\/uploads\/2024\/09\/AdobeStock_75706577-scaled-1.jpeg","datePublished":"2024-03-11T07:26:42+00:00","dateModified":"2025-02-28T09:43:59+00:00","description":"Jak wygl\u0105da uchwa\u0142a krajobrazowa w Szczecinie? Przyst\u0105pienie do prac nad uchwa\u0142\u0105 w Szczecinie poprzedzi\u0142a szczeg\u00f3\u0142owa inwentaryzacja.","breadcrumb":{"@id":"https:\/\/jetline.pl\/en\/ustawa-krajobrazowa\/szczecin-wstrzymane-prace-nad-uchwala-krajobrazowa\/#breadcrumb"},"inLanguage":"en-US","potentialAction":[{"@type":"ReadAction","target":["https:\/\/jetline.pl\/en\/ustawa-krajobrazowa\/szczecin-wstrzymane-prace-nad-uchwala-krajobrazowa\/"]}]},{"@type":"ImageObject","inLanguage":"en-US","@id":"https:\/\/jetline.pl\/en\/ustawa-krajobrazowa\/szczecin-wstrzymane-prace-nad-uchwala-krajobrazowa\/#primaryimage","url":"https:\/\/jetline.pl\/wp-content\/uploads\/2024\/09\/AdobeStock_75706577-scaled-1.jpeg","contentUrl":"https:\/\/jetline.pl\/wp-content\/uploads\/2024\/09\/AdobeStock_75706577-scaled-1.jpeg","width":2560,"height":1707},{"@type":"BreadcrumbList","@id":"https:\/\/jetline.pl\/en\/ustawa-krajobrazowa\/szczecin-wstrzymane-prace-nad-uchwala-krajobrazowa\/#breadcrumb","itemListElement":[{"@type":"ListItem","position":1,"name":"Strona g\u0142\u00f3wna","item":"https:\/\/jetline.pl\/en\/"},{"@type":"ListItem","position":2,"name":"Ustawa krajobrazowa","item":"https:\/\/jetline.pl\/en\/ustawa-krajobrazowa\/"},{"@type":"ListItem","position":3,"name":"Szczecin \u2013 wstrzymane prace nad uchwa\u0142\u0105 krajobrazow\u0105"}]},{"@type":"WebSite","@id":"https:\/\/jetline.pl\/en\/#website","url":"https:\/\/jetline.pl\/en\/","name":"Jet Line","description":"Tworzymy przestrze\u0144 do komunikacji","publisher":{"@id":"https:\/\/jetline.pl\/en\/#organization"},"potentialAction":[{"@type":"SearchAction","target":{"@type":"EntryPoint","urlTemplate":"https:\/\/jetline.pl\/en\/?s={search_term_string}"},"query-input":{"@type":"PropertyValueSpecification","valueRequired":true,"valueName":"search_term_string"}}],"inLanguage":"en-US"},{"@type":"Organization","@id":"https:\/\/jetline.pl\/en\/#organization","name":"Jet Line","url":"https:\/\/jetline.pl\/en\/","logo":{"@type":"ImageObject","inLanguage":"en-US","@id":"https:\/\/jetline.pl\/en\/#\/schema\/logo\/image\/","url":"https:\/\/jetline.pl\/wp-content\/uploads\/2024\/09\/logo_poziom_logo_poziom_czerwone-1.png","contentUrl":"https:\/\/jetline.pl\/wp-content\/uploads\/2024\/09\/logo_poziom_logo_poziom_czerwone-1.png","width":4946,"height":2016,"caption":"Jet Line"},"image":{"@id":"https:\/\/jetline.pl\/en\/#\/schema\/logo\/image\/"}}]}},"_links":{"self":[{"href":"https:\/\/jetline.pl\/en\/wp-json\/wp\/v2\/ustawa\/1786","targetHints":{"allow":["GET"]}}],"collection":[{"href":"https:\/\/jetline.pl\/en\/wp-json\/wp\/v2\/ustawa"}],"about":[{"href":"https:\/\/jetline.pl\/en\/wp-json\/wp\/v2\/types\/ustawa"}],"author":[{"embeddable":true,"href":"https:\/\/jetline.pl\/en\/wp-json\/wp\/v2\/users\/16"}],"wp:featuredmedia":[{"embeddable":true,"href":"https:\/\/jetline.pl\/en\/wp-json\/wp\/v2\/media\/1686"}],"wp:attachment":[{"href":"https:\/\/jetline.pl\/en\/wp-json\/wp\/v2\/media?parent=1786"}],"wp:term":[{"taxonomy":"ustawa_cat","embeddable":true,"href":"https:\/\/jetline.pl\/en\/wp-json\/wp\/v2\/ustawa_cat?post=1786"}],"curies":[{"name":"wp","href":"https:\/\/api.w.org\/{rel}","templated":true}]}}