{"id":19670,"date":"2025-09-24T16:30:50","date_gmt":"2025-09-24T14:30:50","guid":{"rendered":"https:\/\/jetline.pl\/?post_type=ustawa&#038;p=19670"},"modified":"2025-09-26T10:19:21","modified_gmt":"2025-09-26T08:19:21","slug":"uchwala-krajobrazowa-warszawa-2025","status":"publish","type":"ustawa","link":"https:\/\/jetline.pl\/en\/ustawa-krajobrazowa\/uchwala-krajobrazowa-warszawa-2025\/","title":{"rendered":"\u0141adne, nie\u0142adne"},"content":{"rendered":"<h4 data-start=\"289\" data-end=\"352\">Warszawskie M\u0142ociny \u2013 osiedle, kt\u00f3re budzi pytania o \u0142ad<\/h4>\n<p>Na warszawskich M\u0142ocinach u zbiegu ulic Kolumbijskiej i Zgrupowania AK \u201eKampinos\u201d powstaje osiedle mieszkaniowe. Patrz\u0105c na budynki ustawione tak blisko siebie, \u017ce mo\u017cna zagl\u0105da\u0107 w s\u0105siednie okna i sprawdza\u0107, co kto akurat ma na obiad my\u015bla\u0142em, \u017ce to jaka\u015b samowola budowlana. Ale nie \u2013 jest tablica budowlana. Inwestycja to \u201ebudowa zespo\u0142u budynk\u00f3w zabudowy us\u0142ugowej z towarzysz\u0105c\u0105 zabudow\u0105 mieszkaniow\u0105\u201d \u2013 a m\u00f3wi\u0105c po prostu, jest to inwestycja 53 mieszka\u0144 z kilkoma niewielkimi lokalami us\u0142ugowymi, zlokalizowana pomi\u0119dzy najwi\u0119kszym w\u0119z\u0142em komunikacyjnym na Bielanach a parkingiem Makro. Na tablicy s\u0105 oczywi\u015bcie numery pozwole\u0144 na budow\u0119 wydanych przez Prezydenta m. st. Warszawy. A skoro prezydent podpisa\u0142, to znaczy zaakceptowa\u0142, \u017ce inwestycja b\u0119dzie wpisywa\u0142a si\u0119 harmonijnie w przestrze\u0144 publiczn\u0105, a jej u\u017cytkownicy b\u0119d\u0105 mieli zapewnione wszelkie standardy. Czyli, \u017ce wszystko jest \u0142adnie.<\/p>\n<p><img loading=\"lazy\" decoding=\"async\" class=\"alignnone wp-image-19675 size-full\" src=\"https:\/\/jetline.pl\/wp-content\/uploads\/2025\/09\/20250903_150902.jpg\" alt=\"uchwa\u0142a krajobrazowa Warszawa 2025\" width=\"4032\" height=\"1816\" \/><\/p>\n<h4>Wawel i Krak\u00f3w XIX wieku \u2013 gdy urz\u0119dnicy uznali, \u017ce \u201enie jest \u0142adny\u201d<\/h4>\n<p>Przenie\u015bmy si\u0119 na chwil\u0119 do Krakowa. Kiedy jako ma\u0142y ch\u0142opak poszed\u0142em z ojcem na Wawel us\u0142ysza\u0142em histori\u0119 jego dewastacji na pocz\u0105tku XIX w. przez Austriak\u00f3w, kt\u00f3rzy zbudowali tu szpital wojskowy i potem przez Niemc\u00f3w w czasie II wojny \u015bwiatowej, kt\u00f3rzy zas\u0142onili Zamek Kr\u00f3lewski w\u0142asnym budynkiem administracyjnym i zmienili uk\u0142ad mur\u00f3w obronnych. To rzeczywi\u015bcie prawda, jednak, o czym rzadko si\u0119 m\u00f3wi, nie byli sami. Ot\u00f3\u017c mieli trzeciego wsp\u00f3lnika \u2013 polskich urz\u0119dnik\u00f3w miejskich. Przypomnijmy t\u0119 histori\u0119.<\/p>\n<p>&nbsp;<\/p>\n<p>Po upadku insurekcji ko\u015bciuszkowskiej Austriacy przej\u0119li zaniedbany Wawel. Zaplanowali wyburzenie katedry oraz zamku i na ich miejscu wybudowanie nowoczesnej twierdzy \u2013 jednak na planach si\u0119 sko\u0144czy\u0142o. W roku 1807 powsta\u0142o Ksi\u0119stwo Warszawskie, w\u0142adz\u0119 w Krakowie zacz\u0119li znowu sprawowa\u0107 Polacy. Po kongresie wiede\u0144skim w roku 1815 powsta\u0142o Wolne Miasto Krak\u00f3w z w\u0142asn\u0105 konstytucj\u0105, zarz\u0105dzane przez dwunastoosobowy senat, z\u0142o\u017cony wy\u0142\u0105cznie z Polak\u00f3w.<\/p>\n<p>&nbsp;<\/p>\n<p>I by\u0142 to jeden z najgorszych okres\u00f3w dla Wawelu, stworzono bowiem plan jego upi\u0119kszenia. Swoista estetyzacja mia\u0142a polega\u0107 na wyburzeniach. Rozebrano 14 budowli znajduj\u0105cych si\u0119 na Wawelu, w tym Dom Kr\u00f3lewien, Rabsztyn, domy burgrabi\u00f3w. Sam zamek zamieniono na przytu\u0142ek i wi\u0119zienie. Dlatego dzi\u015b wchodz\u0105c na Wawel widzimy, \u017ce 2\/3 terenu to pusty plac\u2026 Kres dewastacji po\u0142o\u017cyli Austriacy zajmuj\u0105c Krak\u00f3w w 1846 roku.<\/p>\n<p>&nbsp;<\/p>\n<p>Dodajmy, \u017ce Senat Wolnego Miasta Krakowa estetyzowa\u0142 nie tylko wzg\u00f3rze wawelskie. Jego rz\u0105d\u00f3w nie przetrwa\u0142 ratusz i wi\u0119kszo\u015b\u0107 mur\u00f3w obronnych. Pami\u0119tajmy oczywi\u015bcie, \u017ce w 1. po\u0142owie XIX w. nie istnia\u0142o poj\u0119cie ochrony zabytk\u00f3w w dzisiejszym rozumieniu, jednak faktem pozostaje, \u017ce urz\u0119dnicy miejscy uznali: Wawel nie jest \u0142adny.<\/p>\n<p>&nbsp;<\/p>\n<p><img loading=\"lazy\" decoding=\"async\" class=\"alignnone wp-image-19671 size-full\" src=\"https:\/\/jetline.pl\/wp-content\/uploads\/2025\/09\/Wawel_end_16th_cent-600x510-1.jpg\" alt=\"uchwa\u0142a krajobrazowa Warszawa 2025 Wawel\" width=\"600\" height=\"510\" \/><\/p>\n<h4>Najbrzydszy budynek stolicy? Przyk\u0142ad z placu Narutowicza<\/h4>\n<p>Wr\u00f3\u0107my na warszawskie podw\u00f3rko. W roku 2013 nieopodal ko\u015bcio\u0142a \u015bw. Jakuba przy placu Narutowicza na Ochocie powsta\u0142 dom pogrzebowy, kt\u00f3ry potocznie zosta\u0142 okre\u015blony jako najbrzydszy budynek w stolicy. Tak opisa\u0142 go varsavianista Jaros\u0142aw Zieli\u0144ski w wypowiedzi dla Gazety Wyborczej: \u201eKicz w rustykalnej postsowieckiej wersji. Postawienie go obok tak pi\u0119knego budynku, jakim jest ko\u015bci\u00f3\u0142 \u015bw. Jakuba , to jak danie w pysk. Razi\u0142by nawet, jakby na elewacji przyczepi\u0107 tr\u00f3jk\u0105cik i k\u00f3\u0142ko\u201d. Kiepski projekt mo\u017ce zdarzy\u0107 si\u0119 ka\u017cdemu, jednak tu jednym z projektant\u00f3w by\u0142 naczelnik wydzia\u0142u estetyki w Warszawie. Czyli projektant uzna\u0142, \u017ce budynek jest \u0142adny. Szkoda mo\u017ce, \u017ce w swoim zdaniu by\u0142 raczej odosobniony.<\/p>\n<p>&nbsp;<\/p>\n<p><img loading=\"lazy\" decoding=\"async\" class=\"alignnone wp-image-19673 size-full\" src=\"https:\/\/jetline.pl\/wp-content\/uploads\/2025\/09\/IMG-20250923-WA0025.jpg\" alt=\"uchwa\u0142a krajobrazowa Warszawa 2025\" width=\"894\" height=\"1493\" \/><\/p>\n<h4>Subiektywne decyzje urz\u0119dnik\u00f3w a przestrze\u0144 publiczna<\/h4>\n<p>Powy\u017csze przyk\u0142ady to tak naprawd\u0119 subiektywne decyzje urz\u0119dnik\u00f3w, co jest dopuszczone w przestrzeni publicznej, a co nie. W wielu przypadkach trudno to zrozumie\u0107.<\/p>\n<p>&nbsp;<\/p>\n<p>Przychodz\u0105 mi na my\u015bl uchwa\u0142y krajobrazowe, w kt\u00f3rych pojawia si\u0119 sporo poj\u0119\u0107 wzgl\u0119dnych i uznaniowych. Co\u015b jest estetyczne a co\u015b nie. Jaki\u015b materia\u0142 jest uznany za estetyczny, inny nie. Ten konkretny kolor jest estetyczny, ale ju\u017c jego ja\u015bniejszy odcie\u0144 - estetyczny nie b\u0119dzie.<\/p>\n<p>&nbsp;<\/p>\n<p>Tak, to trudne zadania: wyt\u0142umaczy\u0107, dlaczego np. jedne gminy dopuszczaj\u0105 reklam\u0119 cyfrow\u0105, a inne jej zakazuj\u0105, dlaczego w jednych gminach w\u0142a\u015bciciel lokalu mo\u017ce decydowa\u0107 jak wygl\u0105da jego witryna, a w innych nie oraz kto i na jakiej podstawie decyduje, co jest \u0142adne, a co nie jest.<\/p>\n<p>&nbsp;<\/p>\n","protected":false},"author":16,"featured_media":19675,"template":"","ustawa_cat":[7],"class_list":["post-19670","ustawa","type-ustawa","status-publish","has-post-thumbnail","hentry","ustawa_cat-warszawa"],"acf":[],"yoast_head":"<!-- This site is optimized with the Yoast SEO plugin v27.5 - https:\/\/yoast.com\/product\/yoast-seo-wordpress\/ -->\n<title>Uchwa\u0142a krajobrazowa Warszawa 2025. \u0141adne, nie\u0142adne.<\/title>\n<meta name=\"description\" content=\"Kto decyduje, co w Warszawie jest \u0142adne? Od osiedla na M\u0142ocinach po uchwa\u0142\u0119 krajobrazow\u0105 2025 \u2013 o estetyce w przestrzeni publicznej.\" \/>\n<meta name=\"robots\" content=\"index, follow, max-snippet:-1, max-image-preview:large, max-video-preview:-1\" \/>\n<link rel=\"canonical\" href=\"https:\/\/jetline.pl\/en\/ustawa-krajobrazowa\/uchwala-krajobrazowa-warszawa-2025\/\" \/>\n<meta property=\"og:locale\" content=\"en_US\" \/>\n<meta property=\"og:type\" content=\"article\" \/>\n<meta property=\"og:title\" content=\"Uchwa\u0142a krajobrazowa Warszawa 2025. \u0141adne, nie\u0142adne.\" \/>\n<meta property=\"og:description\" content=\"Kto decyduje, co w Warszawie jest \u0142adne? Od osiedla na M\u0142ocinach po uchwa\u0142\u0119 krajobrazow\u0105 2025 \u2013 o estetyce w przestrzeni publicznej.\" \/>\n<meta property=\"og:url\" content=\"https:\/\/jetline.pl\/en\/ustawa-krajobrazowa\/uchwala-krajobrazowa-warszawa-2025\/\" \/>\n<meta property=\"og:site_name\" content=\"Jet Line\" \/>\n<meta property=\"article:modified_time\" content=\"2025-09-26T08:19:21+00:00\" \/>\n<meta property=\"og:image\" content=\"https:\/\/jetline.pl\/wp-content\/uploads\/2024\/06\/1200x630.jpg\" \/>\n\t<meta property=\"og:image:width\" content=\"1200\" \/>\n\t<meta property=\"og:image:height\" content=\"630\" \/>\n\t<meta property=\"og:image:type\" content=\"image\/jpeg\" \/>\n<meta name=\"twitter:card\" content=\"summary_large_image\" \/>\n<meta name=\"twitter:label1\" content=\"Est. reading time\" \/>\n\t<meta name=\"twitter:data1\" content=\"5 minutes\" \/>\n<script type=\"application\/ld+json\" class=\"yoast-schema-graph\">{\"@context\":\"https:\\\/\\\/schema.org\",\"@graph\":[{\"@type\":\"WebPage\",\"@id\":\"https:\\\/\\\/jetline.pl\\\/en\\\/ustawa-krajobrazowa\\\/uchwala-krajobrazowa-warszawa-2025\\\/\",\"url\":\"https:\\\/\\\/jetline.pl\\\/en\\\/ustawa-krajobrazowa\\\/uchwala-krajobrazowa-warszawa-2025\\\/\",\"name\":\"Uchwa\u0142a krajobrazowa Warszawa 2025. \u0141adne, nie\u0142adne.\",\"isPartOf\":{\"@id\":\"https:\\\/\\\/jetline.pl\\\/en\\\/#website\"},\"primaryImageOfPage\":{\"@id\":\"https:\\\/\\\/jetline.pl\\\/en\\\/ustawa-krajobrazowa\\\/uchwala-krajobrazowa-warszawa-2025\\\/#primaryimage\"},\"image\":{\"@id\":\"https:\\\/\\\/jetline.pl\\\/en\\\/ustawa-krajobrazowa\\\/uchwala-krajobrazowa-warszawa-2025\\\/#primaryimage\"},\"thumbnailUrl\":\"https:\\\/\\\/jetline.pl\\\/wp-content\\\/uploads\\\/2025\\\/09\\\/20250903_150902.jpg\",\"datePublished\":\"2025-09-24T14:30:50+00:00\",\"dateModified\":\"2025-09-26T08:19:21+00:00\",\"description\":\"Kto decyduje, co w Warszawie jest \u0142adne? Od osiedla na M\u0142ocinach po uchwa\u0142\u0119 krajobrazow\u0105 2025 \u2013 o estetyce w przestrzeni publicznej.\",\"breadcrumb\":{\"@id\":\"https:\\\/\\\/jetline.pl\\\/en\\\/ustawa-krajobrazowa\\\/uchwala-krajobrazowa-warszawa-2025\\\/#breadcrumb\"},\"inLanguage\":\"en-US\",\"potentialAction\":[{\"@type\":\"ReadAction\",\"target\":[\"https:\\\/\\\/jetline.pl\\\/en\\\/ustawa-krajobrazowa\\\/uchwala-krajobrazowa-warszawa-2025\\\/\"]}]},{\"@type\":\"ImageObject\",\"inLanguage\":\"en-US\",\"@id\":\"https:\\\/\\\/jetline.pl\\\/en\\\/ustawa-krajobrazowa\\\/uchwala-krajobrazowa-warszawa-2025\\\/#primaryimage\",\"url\":\"https:\\\/\\\/jetline.pl\\\/wp-content\\\/uploads\\\/2025\\\/09\\\/20250903_150902.jpg\",\"contentUrl\":\"https:\\\/\\\/jetline.pl\\\/wp-content\\\/uploads\\\/2025\\\/09\\\/20250903_150902.jpg\",\"width\":4032,\"height\":1816,\"caption\":\"uchwa\u0142a krajobrazowa Warszawa 2025\"},{\"@type\":\"BreadcrumbList\",\"@id\":\"https:\\\/\\\/jetline.pl\\\/en\\\/ustawa-krajobrazowa\\\/uchwala-krajobrazowa-warszawa-2025\\\/#breadcrumb\",\"itemListElement\":[{\"@type\":\"ListItem\",\"position\":1,\"name\":\"Strona g\u0142\u00f3wna\",\"item\":\"https:\\\/\\\/jetline.pl\\\/en\\\/\"},{\"@type\":\"ListItem\",\"position\":2,\"name\":\"Ustawa krajobrazowa\",\"item\":\"https:\\\/\\\/jetline.pl\\\/en\\\/ustawa-krajobrazowa\\\/\"},{\"@type\":\"ListItem\",\"position\":3,\"name\":\"\u0141adne, nie\u0142adne\"}]},{\"@type\":\"WebSite\",\"@id\":\"https:\\\/\\\/jetline.pl\\\/en\\\/#website\",\"url\":\"https:\\\/\\\/jetline.pl\\\/en\\\/\",\"name\":\"Jet Line\",\"description\":\"Tworzymy przestrze\u0144 do komunikacji\",\"publisher\":{\"@id\":\"https:\\\/\\\/jetline.pl\\\/en\\\/#organization\"},\"potentialAction\":[{\"@type\":\"SearchAction\",\"target\":{\"@type\":\"EntryPoint\",\"urlTemplate\":\"https:\\\/\\\/jetline.pl\\\/en\\\/?s={search_term_string}\"},\"query-input\":{\"@type\":\"PropertyValueSpecification\",\"valueRequired\":true,\"valueName\":\"search_term_string\"}}],\"inLanguage\":\"en-US\"},{\"@type\":\"Organization\",\"@id\":\"https:\\\/\\\/jetline.pl\\\/en\\\/#organization\",\"name\":\"Jet Line\",\"url\":\"https:\\\/\\\/jetline.pl\\\/en\\\/\",\"logo\":{\"@type\":\"ImageObject\",\"inLanguage\":\"en-US\",\"@id\":\"https:\\\/\\\/jetline.pl\\\/en\\\/#\\\/schema\\\/logo\\\/image\\\/\",\"url\":\"https:\\\/\\\/jetline.pl\\\/wp-content\\\/uploads\\\/2024\\\/09\\\/logo_poziom_logo_poziom_czerwone-1.png\",\"contentUrl\":\"https:\\\/\\\/jetline.pl\\\/wp-content\\\/uploads\\\/2024\\\/09\\\/logo_poziom_logo_poziom_czerwone-1.png\",\"width\":4946,\"height\":2016,\"caption\":\"Jet Line\"},\"image\":{\"@id\":\"https:\\\/\\\/jetline.pl\\\/en\\\/#\\\/schema\\\/logo\\\/image\\\/\"}}]}<\/script>\n<!-- \/ Yoast SEO plugin. -->","yoast_head_json":{"title":"Uchwa\u0142a krajobrazowa Warszawa 2025. \u0141adne, nie\u0142adne.","description":"Kto decyduje, co w Warszawie jest \u0142adne? Od osiedla na M\u0142ocinach po uchwa\u0142\u0119 krajobrazow\u0105 2025 \u2013 o estetyce w przestrzeni publicznej.","robots":{"index":"index","follow":"follow","max-snippet":"max-snippet:-1","max-image-preview":"max-image-preview:large","max-video-preview":"max-video-preview:-1"},"canonical":"https:\/\/jetline.pl\/en\/ustawa-krajobrazowa\/uchwala-krajobrazowa-warszawa-2025\/","og_locale":"en_US","og_type":"article","og_title":"Uchwa\u0142a krajobrazowa Warszawa 2025. \u0141adne, nie\u0142adne.","og_description":"Kto decyduje, co w Warszawie jest \u0142adne? Od osiedla na M\u0142ocinach po uchwa\u0142\u0119 krajobrazow\u0105 2025 \u2013 o estetyce w przestrzeni publicznej.","og_url":"https:\/\/jetline.pl\/en\/ustawa-krajobrazowa\/uchwala-krajobrazowa-warszawa-2025\/","og_site_name":"Jet Line","article_modified_time":"2025-09-26T08:19:21+00:00","og_image":[{"width":1200,"height":630,"url":"https:\/\/jetline.pl\/wp-content\/uploads\/2024\/06\/1200x630.jpg","type":"image\/jpeg"}],"twitter_card":"summary_large_image","twitter_misc":{"Est. reading time":"5 minutes"},"schema":{"@context":"https:\/\/schema.org","@graph":[{"@type":"WebPage","@id":"https:\/\/jetline.pl\/en\/ustawa-krajobrazowa\/uchwala-krajobrazowa-warszawa-2025\/","url":"https:\/\/jetline.pl\/en\/ustawa-krajobrazowa\/uchwala-krajobrazowa-warszawa-2025\/","name":"Uchwa\u0142a krajobrazowa Warszawa 2025. \u0141adne, nie\u0142adne.","isPartOf":{"@id":"https:\/\/jetline.pl\/en\/#website"},"primaryImageOfPage":{"@id":"https:\/\/jetline.pl\/en\/ustawa-krajobrazowa\/uchwala-krajobrazowa-warszawa-2025\/#primaryimage"},"image":{"@id":"https:\/\/jetline.pl\/en\/ustawa-krajobrazowa\/uchwala-krajobrazowa-warszawa-2025\/#primaryimage"},"thumbnailUrl":"https:\/\/jetline.pl\/wp-content\/uploads\/2025\/09\/20250903_150902.jpg","datePublished":"2025-09-24T14:30:50+00:00","dateModified":"2025-09-26T08:19:21+00:00","description":"Kto decyduje, co w Warszawie jest \u0142adne? Od osiedla na M\u0142ocinach po uchwa\u0142\u0119 krajobrazow\u0105 2025 \u2013 o estetyce w przestrzeni publicznej.","breadcrumb":{"@id":"https:\/\/jetline.pl\/en\/ustawa-krajobrazowa\/uchwala-krajobrazowa-warszawa-2025\/#breadcrumb"},"inLanguage":"en-US","potentialAction":[{"@type":"ReadAction","target":["https:\/\/jetline.pl\/en\/ustawa-krajobrazowa\/uchwala-krajobrazowa-warszawa-2025\/"]}]},{"@type":"ImageObject","inLanguage":"en-US","@id":"https:\/\/jetline.pl\/en\/ustawa-krajobrazowa\/uchwala-krajobrazowa-warszawa-2025\/#primaryimage","url":"https:\/\/jetline.pl\/wp-content\/uploads\/2025\/09\/20250903_150902.jpg","contentUrl":"https:\/\/jetline.pl\/wp-content\/uploads\/2025\/09\/20250903_150902.jpg","width":4032,"height":1816,"caption":"uchwa\u0142a krajobrazowa Warszawa 2025"},{"@type":"BreadcrumbList","@id":"https:\/\/jetline.pl\/en\/ustawa-krajobrazowa\/uchwala-krajobrazowa-warszawa-2025\/#breadcrumb","itemListElement":[{"@type":"ListItem","position":1,"name":"Strona g\u0142\u00f3wna","item":"https:\/\/jetline.pl\/en\/"},{"@type":"ListItem","position":2,"name":"Ustawa krajobrazowa","item":"https:\/\/jetline.pl\/en\/ustawa-krajobrazowa\/"},{"@type":"ListItem","position":3,"name":"\u0141adne, nie\u0142adne"}]},{"@type":"WebSite","@id":"https:\/\/jetline.pl\/en\/#website","url":"https:\/\/jetline.pl\/en\/","name":"Jet Line","description":"Tworzymy przestrze\u0144 do komunikacji","publisher":{"@id":"https:\/\/jetline.pl\/en\/#organization"},"potentialAction":[{"@type":"SearchAction","target":{"@type":"EntryPoint","urlTemplate":"https:\/\/jetline.pl\/en\/?s={search_term_string}"},"query-input":{"@type":"PropertyValueSpecification","valueRequired":true,"valueName":"search_term_string"}}],"inLanguage":"en-US"},{"@type":"Organization","@id":"https:\/\/jetline.pl\/en\/#organization","name":"Jet Line","url":"https:\/\/jetline.pl\/en\/","logo":{"@type":"ImageObject","inLanguage":"en-US","@id":"https:\/\/jetline.pl\/en\/#\/schema\/logo\/image\/","url":"https:\/\/jetline.pl\/wp-content\/uploads\/2024\/09\/logo_poziom_logo_poziom_czerwone-1.png","contentUrl":"https:\/\/jetline.pl\/wp-content\/uploads\/2024\/09\/logo_poziom_logo_poziom_czerwone-1.png","width":4946,"height":2016,"caption":"Jet Line"},"image":{"@id":"https:\/\/jetline.pl\/en\/#\/schema\/logo\/image\/"}}]}},"_links":{"self":[{"href":"https:\/\/jetline.pl\/en\/wp-json\/wp\/v2\/ustawa\/19670","targetHints":{"allow":["GET"]}}],"collection":[{"href":"https:\/\/jetline.pl\/en\/wp-json\/wp\/v2\/ustawa"}],"about":[{"href":"https:\/\/jetline.pl\/en\/wp-json\/wp\/v2\/types\/ustawa"}],"author":[{"embeddable":true,"href":"https:\/\/jetline.pl\/en\/wp-json\/wp\/v2\/users\/16"}],"wp:featuredmedia":[{"embeddable":true,"href":"https:\/\/jetline.pl\/en\/wp-json\/wp\/v2\/media\/19675"}],"wp:attachment":[{"href":"https:\/\/jetline.pl\/en\/wp-json\/wp\/v2\/media?parent=19670"}],"wp:term":[{"taxonomy":"ustawa_cat","embeddable":true,"href":"https:\/\/jetline.pl\/en\/wp-json\/wp\/v2\/ustawa_cat?post=19670"}],"curies":[{"name":"wp","href":"https:\/\/api.w.org\/{rel}","templated":true}]}}